{"version":"1.0","provider_name":"Av. Deniz Can K\u0131z\u0131l","provider_url":"https:\/\/denizcankizil.tr\/en","author_name":"Av. Deniz Can K\u0131z\u0131l","author_url":"https:\/\/denizcankizil.tr\/en\/author\/denizcankizil\/","title":"Serik'te emekli personele vefa","type":"rich","width":600,"height":338,"html":"<blockquote class=\"wp-embedded-content\" data-secret=\"lMt1lFBzVP\"><a href=\"https:\/\/denizcankizil.tr\/en\/haberler\/antalya\/serikte-emekli-personele-vefa\/\">Serik&#8217;te emekli personele vefa<\/a><\/blockquote><iframe sandbox=\"allow-scripts\" security=\"restricted\" src=\"https:\/\/denizcankizil.tr\/en\/haberler\/antalya\/serikte-emekli-personele-vefa\/embed\/#?secret=lMt1lFBzVP\" width=\"600\" height=\"338\" title=\"&#8220;Serik&#8217;te emekli personele vefa&#8221; &#8212; Av. Deniz Can K\u0131z\u0131l\" data-secret=\"lMt1lFBzVP\" frameborder=\"0\" marginwidth=\"0\" marginheight=\"0\" scrolling=\"no\" class=\"wp-embedded-content\"><\/iframe><script>\n\/*! This file is auto-generated *\/\n!function(d,l){\"use strict\";l.querySelector&&d.addEventListener&&\"undefined\"!=typeof URL&&(d.wp=d.wp||{},d.wp.receiveEmbedMessage||(d.wp.receiveEmbedMessage=function(e){var t=e.data;if((t||t.secret||t.message||t.value)&&!\/[^a-zA-Z0-9]\/.test(t.secret)){for(var s,r,n,a=l.querySelectorAll('iframe[data-secret=\"'+t.secret+'\"]'),o=l.querySelectorAll('blockquote[data-secret=\"'+t.secret+'\"]'),c=new RegExp(\"^https?:$\",\"i\"),i=0;i<o.length;i++)o[i].style.display=\"none\";for(i=0;i<a.length;i++)s=a[i],e.source===s.contentWindow&&(s.removeAttribute(\"style\"),\"height\"===t.message?(1e3<(r=parseInt(t.value,10))?r=1e3:~~r<200&&(r=200),s.height=r):\"link\"===t.message&&(r=new URL(s.getAttribute(\"src\")),n=new URL(t.value),c.test(n.protocol))&&n.host===r.host&&l.activeElement===s&&(d.top.location.href=t.value))}},d.addEventListener(\"message\",d.wp.receiveEmbedMessage,!1),l.addEventListener(\"DOMContentLoaded\",function(){for(var e,t,s=l.querySelectorAll(\"iframe.wp-embedded-content\"),r=0;r<s.length;r++)(t=(e=s[r]).getAttribute(\"data-secret\"))||(t=Math.random().toString(36).substring(2,12),e.src+=\"#?secret=\"+t,e.setAttribute(\"data-secret\",t)),e.contentWindow.postMessage({message:\"ready\",secret:t},\"*\")},!1)))}(window,document);\n\/\/# sourceURL=https:\/\/denizcankizil.tr\/wp-includes\/js\/wp-embed.min.js\n<\/script>","thumbnail_url":"https:\/\/denizcankizil.tr\/wp-content\/uploads\/2025\/03\/5251-01-zv0pkr.jpeg","thumbnail_width":1280,"thumbnail_height":720,"description":"Programda konu\u015fan Ba\u015fkan Kumbul, emekli personele g\u00f6sterdikleri emek ve \u00f6zverili \u00e7al\u0131\u015fmalar i\u00e7in te\u015fekk\u00fcr etti. Ba\u015fkan Kumbul, &#8220;Bu program uzun y\u0131llar emek verdi\u011finiz bu kuruma ait oldu\u011funuzu hissettirme amac\u0131n\u0131 ta\u015f\u0131yor. Emeklilik hayat\u0131n\u0131z\u0131n, huzurlu, mutlu ve sa\u011fl\u0131kl\u0131 ge\u00e7mesini temenni ediyorum. Bundan sonraki s\u00fcre\u00e7te de belediyemizle ilgili her konuda kap\u0131m\u0131z\u0131n size a\u00e7\u0131k oldu\u011funu bir kez daha belirtmek isterim&#8221; dedi. Ba\u015fkan Kumbul, programa kat\u0131lanlarla sohbet edip te\u015fekk\u00fcr plaketi verdi. Program sonunda hat\u0131ra foto\u011fraf\u0131 \u00e7ekildi. Kaynak: www.kanalv.com.tr Haber Sitesinden Al\u0131nm\u0131\u015ft\u0131r."}