{"version":"1.0","provider_name":"Av. Deniz Can K\u0131z\u0131l","provider_url":"https:\/\/denizcankizil.tr\/en","author_name":"Av. Deniz Can K\u0131z\u0131l","author_url":"https:\/\/denizcankizil.tr\/en\/author\/denizcankizil\/","title":"Sa\u011fl\u0131k \u00e7al\u0131\u015fanlar\u0131na karanfil","type":"rich","width":600,"height":338,"html":"<blockquote class=\"wp-embedded-content\" data-secret=\"YJmeI4KhFh\"><a href=\"https:\/\/denizcankizil.tr\/en\/haberler\/antalya\/saglik-calisanlarina-karanfil\/\">Sa\u011fl\u0131k \u00e7al\u0131\u015fanlar\u0131na karanfil<\/a><\/blockquote><iframe sandbox=\"allow-scripts\" security=\"restricted\" src=\"https:\/\/denizcankizil.tr\/en\/haberler\/antalya\/saglik-calisanlarina-karanfil\/embed\/#?secret=YJmeI4KhFh\" width=\"600\" height=\"338\" title=\"&#8220;Sa\u011fl\u0131k \u00e7al\u0131\u015fanlar\u0131na karanfil&#8221; &#8212; Av. Deniz Can K\u0131z\u0131l\" data-secret=\"YJmeI4KhFh\" frameborder=\"0\" marginwidth=\"0\" marginheight=\"0\" scrolling=\"no\" class=\"wp-embedded-content\"><\/iframe><script>\n\/*! This file is auto-generated *\/\n!function(d,l){\"use strict\";l.querySelector&&d.addEventListener&&\"undefined\"!=typeof URL&&(d.wp=d.wp||{},d.wp.receiveEmbedMessage||(d.wp.receiveEmbedMessage=function(e){var t=e.data;if((t||t.secret||t.message||t.value)&&!\/[^a-zA-Z0-9]\/.test(t.secret)){for(var s,r,n,a=l.querySelectorAll('iframe[data-secret=\"'+t.secret+'\"]'),o=l.querySelectorAll('blockquote[data-secret=\"'+t.secret+'\"]'),c=new RegExp(\"^https?:$\",\"i\"),i=0;i<o.length;i++)o[i].style.display=\"none\";for(i=0;i<a.length;i++)s=a[i],e.source===s.contentWindow&&(s.removeAttribute(\"style\"),\"height\"===t.message?(1e3<(r=parseInt(t.value,10))?r=1e3:~~r<200&&(r=200),s.height=r):\"link\"===t.message&&(r=new URL(s.getAttribute(\"src\")),n=new URL(t.value),c.test(n.protocol))&&n.host===r.host&&l.activeElement===s&&(d.top.location.href=t.value))}},d.addEventListener(\"message\",d.wp.receiveEmbedMessage,!1),l.addEventListener(\"DOMContentLoaded\",function(){for(var e,t,s=l.querySelectorAll(\"iframe.wp-embedded-content\"),r=0;r<s.length;r++)(t=(e=s[r]).getAttribute(\"data-secret\"))||(t=Math.random().toString(36).substring(2,12),e.src+=\"#?secret=\"+t,e.setAttribute(\"data-secret\",t)),e.contentWindow.postMessage({message:\"ready\",secret:t},\"*\")},!1)))}(window,document);\n\/\/# sourceURL=https:\/\/denizcankizil.tr\/wp-includes\/js\/wp-embed.min.js\n<\/script>","description":"14 Mart T\u0131p Bayram\u0131 t\u00fcm yurtta oldu\u011fu gibi Kemer&#8217;de de \u00e7e\u015fitli etkinliklerle kutlan\u0131yor. Kemer Belediye Ba\u015fkan\u0131 Necati Topalo\u011flu, 14 Mart T\u0131p Bayram\u0131 dolay\u0131s\u0131yla Kemer&#8217;de bulunan sa\u011fl\u0131k kurulu\u015flar\u0131n\u0131 ziyaret etti. Kemer Belediye Ba\u015fkan Yard\u0131mc\u0131s\u0131 Semih Top ve Kemer Belediyesi Sa\u011fl\u0131k \u0130\u015fleri M\u00fcd\u00fcr\u00fc \u00d6zden Say\u0131nda\u015f ile birlikte sa\u011fl\u0131k \u00e7al\u0131\u015fanlar\u0131na karanfil da\u011f\u0131tan Ba\u015fkan Topalo\u011flu, sa\u011fl\u0131k \u00e7al\u0131\u015fanlar\u0131n\u0131n T\u0131p Bayram\u0131&#8217;n\u0131 kutlad\u0131. Ba\u015fkan Topalo\u011flu, Ba\u015fkan Yard\u0131mc\u0131s\u0131 Semih Top ile hastaneye muayene i\u00e7in gelen vatanda\u015flarla da sohbet ederek isteklerini dinledi. Ziyaretler sonras\u0131 bir a\u00e7\u0131klama yapan Kemer Belediye Ba\u015fkan\u0131 Topalo\u011flu, &#8220;T\u0131p Bayram\u0131 vesilesiyle hepimiz i\u00e7in \u00e7ok k\u0131ymetli olan sa\u011fl\u0131k \u00e7al\u0131\u015fanlar\u0131m\u0131z\u0131 ziyaret ettik. Beyaz meleklere beyaz karanfil takdim ettik. Allah t\u00fcm sa\u011fl\u0131k \u00e7al\u0131\u015fanlar\u0131ndan raz\u0131 olsun. Her biri iyi ki varlar ve haklar\u0131 \u00f6denmez. Bir defa daha t\u00fcm sa\u011fl\u0131k \u00e7al\u0131\u015fanlar\u0131m\u0131z\u0131n T\u0131p Bayram\u0131&#8217;n\u0131 kutluyorum&#8221; dedi. Kaynak: www.kanalv.com.tr Haber Sitesinden Al\u0131nm\u0131\u015ft\u0131r."}