{"version":"1.0","provider_name":"Av. Deniz Can K\u0131z\u0131l","provider_url":"https:\/\/denizcankizil.tr\/en","author_name":"Av. Deniz Can K\u0131z\u0131l","author_url":"https:\/\/denizcankizil.tr\/en\/author\/denizcankizil\/","title":"Rusya-Ukrayna ate\u015fkesinin turizme etkisi b\u00fcy\u00fck olacak","type":"rich","width":600,"height":338,"html":"<blockquote class=\"wp-embedded-content\" data-secret=\"8ao2RXBMuY\"><a href=\"https:\/\/denizcankizil.tr\/en\/haberler\/antalya\/rusya-ukrayna-ateskesinin-turizme-etkisi-buyuk-olacak\/\">Rusya-Ukrayna ate\u015fkesinin turizme etkisi b\u00fcy\u00fck olacak<\/a><\/blockquote><iframe sandbox=\"allow-scripts\" security=\"restricted\" src=\"https:\/\/denizcankizil.tr\/en\/haberler\/antalya\/rusya-ukrayna-ateskesinin-turizme-etkisi-buyuk-olacak\/embed\/#?secret=8ao2RXBMuY\" width=\"600\" height=\"338\" title=\"&#8220;Rusya-Ukrayna ate\u015fkesinin turizme etkisi b\u00fcy\u00fck olacak&#8221; &#8212; Av. Deniz Can K\u0131z\u0131l\" data-secret=\"8ao2RXBMuY\" frameborder=\"0\" marginwidth=\"0\" marginheight=\"0\" scrolling=\"no\" class=\"wp-embedded-content\"><\/iframe><script>\n\/*! This file is auto-generated *\/\n!function(d,l){\"use strict\";l.querySelector&&d.addEventListener&&\"undefined\"!=typeof URL&&(d.wp=d.wp||{},d.wp.receiveEmbedMessage||(d.wp.receiveEmbedMessage=function(e){var t=e.data;if((t||t.secret||t.message||t.value)&&!\/[^a-zA-Z0-9]\/.test(t.secret)){for(var s,r,n,a=l.querySelectorAll('iframe[data-secret=\"'+t.secret+'\"]'),o=l.querySelectorAll('blockquote[data-secret=\"'+t.secret+'\"]'),c=new RegExp(\"^https?:$\",\"i\"),i=0;i<o.length;i++)o[i].style.display=\"none\";for(i=0;i<a.length;i++)s=a[i],e.source===s.contentWindow&&(s.removeAttribute(\"style\"),\"height\"===t.message?(1e3<(r=parseInt(t.value,10))?r=1e3:~~r<200&&(r=200),s.height=r):\"link\"===t.message&&(r=new URL(s.getAttribute(\"src\")),n=new URL(t.value),c.test(n.protocol))&&n.host===r.host&&l.activeElement===s&&(d.top.location.href=t.value))}},d.addEventListener(\"message\",d.wp.receiveEmbedMessage,!1),l.addEventListener(\"DOMContentLoaded\",function(){for(var e,t,s=l.querySelectorAll(\"iframe.wp-embedded-content\"),r=0;r<s.length;r++)(t=(e=s[r]).getAttribute(\"data-secret\"))||(t=Math.random().toString(36).substring(2,12),e.src+=\"#?secret=\"+t,e.setAttribute(\"data-secret\",t)),e.contentWindow.postMessage({message:\"ready\",secret:t},\"*\")},!1)))}(window,document);\n\/\/# sourceURL=https:\/\/denizcankizil.tr\/wp-includes\/js\/wp-embed.min.js\n<\/script>","thumbnail_url":"https:\/\/denizcankizil.tr\/wp-content\/uploads\/2025\/03\/5259-01-l8Vrdo.jpeg","thumbnail_width":1280,"thumbnail_height":720,"description":"Antalya Ticaret ve Sanayi Odas\u0131 (ATSO)\u2019n\u0131n \u015eubat Ay\u0131 Ola\u011fan Meclis Toplant\u0131s\u0131, Meclis Ba\u015fkan\u0131 Ahmet \u00d6zt\u00fcrk\u2019\u00fcn ba\u015fkanl\u0131\u011f\u0131nda ATSO Meclis Salonu\u2019nda ger\u00e7ekle\u015ftirildi. Toplant\u0131n\u0131n a\u00e7\u0131l\u0131\u015f\u0131nda konu\u015fan Ba\u015fkan Hac\u0131s\u00fcleyman, Almanya se\u00e7imlerinin T\u00fcrkiye\u2019ye olas\u0131 etkileri, Rusya-Ukrayna sava\u015f\u0131ndaki ate\u015fkes s\u00fcrecinin turizme katk\u0131s\u0131, g\u00fcmr\u00fck ve vergi art\u0131\u015flar\u0131, kad\u0131n ve gen\u00e7 i\u015fsizlik oranlar\u0131 ile sekt\u00f6r\u00fcn talepleri hakk\u0131nda de\u011ferlendirmelerde bulundu. Ba\u015fkan Hac\u0131s\u00fcleyman, ATSO\u2019nun sanayi ve turizm alan\u0131nda y\u00fcr\u00fctt\u00fc\u011f\u00fc &#8220;Kad\u0131n Eli&#8221; projelerinin ard\u0131ndan hayata ge\u00e7irdi\u011fi &#8220;Tar\u0131mda Kad\u0131n Eli Projesi&#8221; kapsam\u0131nda 120 kad\u0131n\u0131n sertifika ald\u0131\u011f\u0131n\u0131 belirtti. Kad\u0131nlar\u0131n i\u015f g\u00fcc\u00fcne kat\u0131l\u0131m\u0131n\u0131 art\u0131rmak ve finansal eri\u015fimlerini kolayla\u015ft\u0131rmak i\u00e7in \u00e7al\u0131\u015fmalar\u0131n s\u00fcrece\u011fini vurgulayan Hac\u0131s\u00fcleyman, sekt\u00f6r\u00fcn beklenti ve \u00f6nerilerini meclis \u00fcyeleriyle payla\u015ft\u0131. &#8220;Ate\u015fkesin ard\u0131ndan ziyaret\u00e7i art\u0131\u015f\u0131 bekliyoruz&#8221; Rusya-Ukrayna sava\u015f\u0131n\u0131n sona ermesinin, \u00f6zellikle Antalya&#8217;n\u0131n turizm sekt\u00f6r\u00fc a\u00e7\u0131s\u0131ndan yeni f\u0131rsatlar olu\u015fturaca\u011f\u0131n\u0131 belirten Hac\u0131s\u00fcleyman, &#8220;Ate\u015fkesin ard\u0131ndan her iki \u00fclkeden de ciddi oranda ziyaret\u00e7i art\u0131\u015f\u0131 bekliyoruz. 2024 y\u0131l\u0131 turizm a\u00e7\u0131s\u0131ndan b\u00fcy\u00fck bir y\u0131l olabilir, ancak dikkatli de olmal\u0131y\u0131z. Sava\u015f sonras\u0131 Ukrayna&#8217;n\u0131n yeniden in\u015fa s\u00fcrecine girmesiyle, bir\u00e7ok in\u015faat firmas\u0131 i\u00e7in yeni i\u015f f\u0131rsatlar\u0131 do\u011facakt\u0131r&#8221; dedi. &#8220;Almanya\u2019daki siyasi de\u011fi\u015fim yak\u0131ndan takip edilmeli&#8221; Konu\u015fmas\u0131nda Almanya\u2019da ger\u00e7ekle\u015fen se\u00e7imlere de de\u011finen Hac\u0131s\u00fcleyman, yeni y\u00f6netimin g\u00f6\u00e7 politikalar\u0131n\u0131n T\u00fcrkiye a\u00e7\u0131s\u0131ndan \u00f6nemli etkileri olabilece\u011fini vurgulad\u0131. &#8220;Se\u00e7imlerde g\u00f6\u00e7menlere mesafeli duran bir siyasi partinin ciddi oy oran\u0131na ula\u015ft\u0131\u011f\u0131n\u0131 g\u00f6r\u00fcyoruz. Almanya&#8217;da ya\u015fayan T\u00fcrk k\u00f6kenli vatanda\u015flar\u0131m\u0131z a\u00e7\u0131s\u0131ndan bu durum yak\u0131ndan takip edilmelidir. &hellip;"}