{"version":"1.0","provider_name":"Av. Deniz Can K\u0131z\u0131l","provider_url":"https:\/\/denizcankizil.tr\/en","author_name":"Av. Deniz Can K\u0131z\u0131l","author_url":"https:\/\/denizcankizil.tr\/en","title":"Park halindeki ara\u00e7lara \u00e7arparak takla att\u0131","type":"rich","width":600,"height":338,"html":"<blockquote class=\"wp-embedded-content\" data-secret=\"S6jefJyBSh\"><a href=\"https:\/\/denizcankizil.tr\/en\/haberler\/antalya\/park-halindeki-araclara-carparak-takla-atti\/\">Park halindeki ara\u00e7lara \u00e7arparak takla att\u0131<\/a><\/blockquote><iframe sandbox=\"allow-scripts\" security=\"restricted\" src=\"https:\/\/denizcankizil.tr\/en\/haberler\/antalya\/park-halindeki-araclara-carparak-takla-atti\/embed\/#?secret=S6jefJyBSh\" width=\"600\" height=\"338\" title=\"&#8220;Park halindeki ara\u00e7lara \u00e7arparak takla att\u0131&#8221; &#8212; Av. Deniz Can K\u0131z\u0131l\" data-secret=\"S6jefJyBSh\" frameborder=\"0\" marginwidth=\"0\" marginheight=\"0\" scrolling=\"no\" class=\"wp-embedded-content\"><\/iframe><script>\n\/*! This file is auto-generated *\/\n!function(d,l){\"use strict\";l.querySelector&&d.addEventListener&&\"undefined\"!=typeof URL&&(d.wp=d.wp||{},d.wp.receiveEmbedMessage||(d.wp.receiveEmbedMessage=function(e){var t=e.data;if((t||t.secret||t.message||t.value)&&!\/[^a-zA-Z0-9]\/.test(t.secret)){for(var s,r,n,a=l.querySelectorAll('iframe[data-secret=\"'+t.secret+'\"]'),o=l.querySelectorAll('blockquote[data-secret=\"'+t.secret+'\"]'),c=new RegExp(\"^https?:$\",\"i\"),i=0;i<o.length;i++)o[i].style.display=\"none\";for(i=0;i<a.length;i++)s=a[i],e.source===s.contentWindow&&(s.removeAttribute(\"style\"),\"height\"===t.message?(1e3<(r=parseInt(t.value,10))?r=1e3:~~r<200&&(r=200),s.height=r):\"link\"===t.message&&(r=new URL(s.getAttribute(\"src\")),n=new URL(t.value),c.test(n.protocol))&&n.host===r.host&&l.activeElement===s&&(d.top.location.href=t.value))}},d.addEventListener(\"message\",d.wp.receiveEmbedMessage,!1),l.addEventListener(\"DOMContentLoaded\",function(){for(var e,t,s=l.querySelectorAll(\"iframe.wp-embedded-content\"),r=0;r<s.length;r++)(t=(e=s[r]).getAttribute(\"data-secret\"))||(t=Math.random().toString(36).substring(2,12),e.src+=\"#?secret=\"+t,e.setAttribute(\"data-secret\",t)),e.contentWindow.postMessage({message:\"ready\",secret:t},\"*\")},!1)))}(window,document);\n\/\/# sourceURL=https:\/\/denizcankizil.tr\/wp-includes\/js\/wp-embed.min.js\n<\/script>","thumbnail_url":"https:\/\/denizcankizil.tr\/wp-content\/uploads\/2024\/11\/3070-01-LvjDyb.jpeg","thumbnail_width":1280,"thumbnail_height":720,"description":"Kaza, d\u00fcn saat 15.00 s\u0131ralar\u0131nda Muratpa\u015fa il\u00e7esine ba\u011fl\u0131 Meydankava\u011f\u0131 Mahallesi Perge Bulvar\u0131 \u00fczerinde meydana geldi. T.A. adl\u0131 kad\u0131n s\u00fcr\u00fcc\u00fcn\u00fcn kulland\u0131\u011f\u0131 07 ARE 260 plakal\u0131 cip, cadde \u00fczerinde park halinde bulunan 2 otomobile \u00e7arparak takla att\u0131. \u00c7evredekiler taraf\u0131ndan cipten \u00e7\u0131kart\u0131lan T.A. ile o\u011fluna ilk m\u00fcdahale, ihbar \u00fczerine gelen sa\u011fl\u0131k ekibi taraf\u0131ndan yap\u0131ld\u0131. \u00c7evre esnaf\u0131 taraf\u0131ndan su verilen anne ve o\u011flu, tedbir ama\u00e7l\u0131 hastaneye kald\u0131r\u0131ld\u0131. Kaza an\u0131, \u00e7evredeki i\u015f yerlerinin g\u00fcvenlik kameralar\u0131na yans\u0131d\u0131. Trafik ekibinin tutanak tutmas\u0131n\u0131n ard\u0131ndan takla atan cip, yol \u00fczerinden \u00e7ekildi. Kazaya tan\u0131kl\u0131k eden Edibe Baka\u00e7, &#8220;D\u00fckkandayd\u0131m, bir araban\u0131n sesine irkildik. Araba 2 arac\u0131n arkas\u0131na \u00e7arparak, takla atm\u0131\u015f. \u00c7ok korktuk. Ara\u00e7ta anne ve \u00e7ocuk 2 ki\u015fi vard\u0131. Vatanda\u015flar\u0131n yard\u0131m\u0131yla anne ve \u00e7ocuk ara\u00e7tan \u00e7\u0131kart\u0131ld\u0131. Ambulans ald\u0131 onlar\u0131, \u00e7ok \u015f\u00fck\u00fcr ikisinin de hi\u00e7bir \u015feyi yoktu. Ayakta tedavi edildikten sonra ambulansla hastaneye g\u00f6t\u00fcr\u00fcld\u00fcler&#8221; diye konu\u015ftu. Kaynak: www.kanalv.com.tr Haber Sitesinden Al\u0131nm\u0131\u015ft\u0131r."}