{"version":"1.0","provider_name":"Av. Deniz Can K\u0131z\u0131l","provider_url":"https:\/\/denizcankizil.tr\/en","author_name":"Av. Deniz Can K\u0131z\u0131l","author_url":"https:\/\/denizcankizil.tr\/en\/author\/denizcankizil\/","title":"Muratpa\u015fa'da g\u00f6rev da\u011f\u0131l\u0131m\u0131 yap\u0131ld\u0131","type":"rich","width":600,"height":338,"html":"<blockquote class=\"wp-embedded-content\" data-secret=\"8qI9aSvlwG\"><a href=\"https:\/\/denizcankizil.tr\/en\/haberler\/antalya\/muratpasada-gorev-dagilimi-yapildi\/\">Muratpa\u015fa&#8217;da g\u00f6rev da\u011f\u0131l\u0131m\u0131 yap\u0131ld\u0131<\/a><\/blockquote><iframe sandbox=\"allow-scripts\" security=\"restricted\" src=\"https:\/\/denizcankizil.tr\/en\/haberler\/antalya\/muratpasada-gorev-dagilimi-yapildi\/embed\/#?secret=8qI9aSvlwG\" width=\"600\" height=\"338\" title=\"&#8220;Muratpa\u015fa&#8217;da g\u00f6rev da\u011f\u0131l\u0131m\u0131 yap\u0131ld\u0131&#8221; &#8212; Av. Deniz Can K\u0131z\u0131l\" data-secret=\"8qI9aSvlwG\" frameborder=\"0\" marginwidth=\"0\" marginheight=\"0\" scrolling=\"no\" class=\"wp-embedded-content\"><\/iframe><script>\n\/*! This file is auto-generated *\/\n!function(d,l){\"use strict\";l.querySelector&&d.addEventListener&&\"undefined\"!=typeof URL&&(d.wp=d.wp||{},d.wp.receiveEmbedMessage||(d.wp.receiveEmbedMessage=function(e){var t=e.data;if((t||t.secret||t.message||t.value)&&!\/[^a-zA-Z0-9]\/.test(t.secret)){for(var s,r,n,a=l.querySelectorAll('iframe[data-secret=\"'+t.secret+'\"]'),o=l.querySelectorAll('blockquote[data-secret=\"'+t.secret+'\"]'),c=new RegExp(\"^https?:$\",\"i\"),i=0;i<o.length;i++)o[i].style.display=\"none\";for(i=0;i<a.length;i++)s=a[i],e.source===s.contentWindow&&(s.removeAttribute(\"style\"),\"height\"===t.message?(1e3<(r=parseInt(t.value,10))?r=1e3:~~r<200&&(r=200),s.height=r):\"link\"===t.message&&(r=new URL(s.getAttribute(\"src\")),n=new URL(t.value),c.test(n.protocol))&&n.host===r.host&&l.activeElement===s&&(d.top.location.href=t.value))}},d.addEventListener(\"message\",d.wp.receiveEmbedMessage,!1),l.addEventListener(\"DOMContentLoaded\",function(){for(var e,t,s=l.querySelectorAll(\"iframe.wp-embedded-content\"),r=0;r<s.length;r++)(t=(e=s[r]).getAttribute(\"data-secret\"))||(t=Math.random().toString(36).substring(2,12),e.src+=\"#?secret=\"+t,e.setAttribute(\"data-secret\",t)),e.contentWindow.postMessage({message:\"ready\",secret:t},\"*\")},!1)))}(window,document);\n\/\/# sourceURL=https:\/\/denizcankizil.tr\/wp-includes\/js\/wp-embed.min.js\n<\/script>","thumbnail_url":"https:\/\/denizcankizil.tr\/wp-content\/uploads\/2025\/05\/6255-01-10L53M.jpg","thumbnail_width":1280,"thumbnail_height":720,"description":"Buz hokeyi, voleybol, basketbol, squash, g\u00fcre\u015f, futbol, y\u00fczme, kickboks, cimnastik, tenis, drone ve e-spor olmak \u00fczere 12 bran\u015fta faaliyetlerini s\u00fcrd\u00fcren Muratpa\u015fa Belediyesi Spor Kul\u00fcb\u00fc&#8217;n\u00fcn yeni y\u00f6netim kurulu belirlenen g\u00f6revleri payla\u015ft\u0131. \u00d6zcan Y\u0131lmaz, yeniden Muratpa\u015fa Belediyesi Spor Kul\u00fcb\u00fc Y\u00f6netim Kurulu Ba\u015fkanl\u0131\u011f\u0131na se\u00e7ildi. Ba\u015fkan yard\u0131mc\u0131l\u0131klar\u0131na Murat \u015eim\u015fek ve Burcu Mehtap Zaman se\u00e7ilirken, Erdal \u00d6z\u00e7ivi ise kul\u00fcp koordinat\u00f6r\u00fc oldu. 2025 y\u0131l\u0131na, Gazipa\u015fa Ya\u011fl\u0131 Pehlivan G\u00fcre\u015fleri&#8217;nde kazand\u0131\u011f\u0131 alt\u0131n kemerle giri\u015f yapan ve ard\u0131ndan 26. Geleneksel Kumluca Ya\u011fl\u0131 Pehlivan G\u00fcre\u015fleri&#8217;nde de alt\u0131n kemerin sahibi olan Ba\u015fpehlivan Orhan Okulu&#8217;nun bulundu\u011fu g\u00fcre\u015f bran\u015f\u0131n\u0131n sorumlu \u00fcyesi ise Yusuf Emrah Erdo\u011fdu ve Adnan Tezgel oldu. Ba\u015f antren\u00f6rl\u00fc\u011f\u00fcn\u00fc Kemal Y\u0131lmaz&#8217;\u0131n \u00fcstlendi\u011fi Muratpa\u015fa Belediyespor g\u00fcre\u015f tak\u0131m\u0131nda, bu sezon Orhan Okulu&#8217;nun yan\u0131 s\u0131ra Furkan Durmu\u015f Alt\u0131n ve K\u00fcr\u015fat \u015eevki Korkmaz da yer al\u0131yor. Kaynak: www.kanalv.com.tr Haber Sitesinden Al\u0131nm\u0131\u015ft\u0131r."}