{"version":"1.0","provider_name":"Av. Deniz Can K\u0131z\u0131l","provider_url":"https:\/\/denizcankizil.tr\/en","author_name":"kanalv comtr","author_url":"https:\/\/denizcankizil.tr\/en\/author\/www-kanalv-com-tr\/","title":"Minikler, l\u00f6semili \u00e7ocuklar\u0131n hayatlar\u0131na dokundu","type":"rich","width":600,"height":338,"html":"<blockquote class=\"wp-embedded-content\" data-secret=\"WvA64wureD\"><a href=\"https:\/\/denizcankizil.tr\/en\/haberler\/antalya\/minikler-losemili-cocuklarin-hayatlarina-dokundu\/\">Minikler, l\u00f6semili \u00e7ocuklar\u0131n hayatlar\u0131na dokundu<\/a><\/blockquote><iframe sandbox=\"allow-scripts\" security=\"restricted\" src=\"https:\/\/denizcankizil.tr\/en\/haberler\/antalya\/minikler-losemili-cocuklarin-hayatlarina-dokundu\/embed\/#?secret=WvA64wureD\" width=\"600\" height=\"338\" title=\"&#8220;Minikler, l\u00f6semili \u00e7ocuklar\u0131n hayatlar\u0131na dokundu&#8221; &#8212; Av. Deniz Can K\u0131z\u0131l\" data-secret=\"WvA64wureD\" frameborder=\"0\" marginwidth=\"0\" marginheight=\"0\" scrolling=\"no\" class=\"wp-embedded-content\"><\/iframe><script>\n\/*! This file is auto-generated *\/\n!function(d,l){\"use strict\";l.querySelector&&d.addEventListener&&\"undefined\"!=typeof URL&&(d.wp=d.wp||{},d.wp.receiveEmbedMessage||(d.wp.receiveEmbedMessage=function(e){var t=e.data;if((t||t.secret||t.message||t.value)&&!\/[^a-zA-Z0-9]\/.test(t.secret)){for(var s,r,n,a=l.querySelectorAll('iframe[data-secret=\"'+t.secret+'\"]'),o=l.querySelectorAll('blockquote[data-secret=\"'+t.secret+'\"]'),c=new RegExp(\"^https?:$\",\"i\"),i=0;i<o.length;i++)o[i].style.display=\"none\";for(i=0;i<a.length;i++)s=a[i],e.source===s.contentWindow&&(s.removeAttribute(\"style\"),\"height\"===t.message?(1e3<(r=parseInt(t.value,10))?r=1e3:~~r<200&&(r=200),s.height=r):\"link\"===t.message&&(r=new URL(s.getAttribute(\"src\")),n=new URL(t.value),c.test(n.protocol))&&n.host===r.host&&l.activeElement===s&&(d.top.location.href=t.value))}},d.addEventListener(\"message\",d.wp.receiveEmbedMessage,!1),l.addEventListener(\"DOMContentLoaded\",function(){for(var e,t,s=l.querySelectorAll(\"iframe.wp-embedded-content\"),r=0;r<s.length;r++)(t=(e=s[r]).getAttribute(\"data-secret\"))||(t=Math.random().toString(36).substring(2,12),e.src+=\"#?secret=\"+t,e.setAttribute(\"data-secret\",t)),e.contentWindow.postMessage({message:\"ready\",secret:t},\"*\")},!1)))}(window,document);\n\/\/# sourceURL=https:\/\/denizcankizil.tr\/wp-includes\/js\/wp-embed.min.js\n<\/script>","thumbnail_url":"https:\/\/denizcankizil.tr\/wp-content\/uploads\/2024\/11\/2988-01-6bAqV9.jpeg","thumbnail_width":1280,"thumbnail_height":720,"description":"Kepez Belediyesi, 2-8 Kas\u0131m L\u00f6semili \u00c7ocuklar Haftas\u0131\u2019nda anlaml\u0131 bir etkinli\u011fe imza att\u0131. L\u00d6SEV i\u015f birli\u011fiyle, Kepez\u2019in Nasreddin Hoca Kre\u015f ve G\u00fcnd\u00fcz Bak\u0131mevlerinin 6 \u015fubesinde farkl\u0131 g\u00fcn ve saatlerde fark\u0131ndal\u0131k etkinli\u011fi d\u00fczenlendi. Kre\u015fin minik \u00f6\u011frencileri, \u201cYa\u015fama El Ver\u201d diyerek, L\u00f6semili \u00e7ocuklar i\u00e7in d\u00fczenlenen panay\u0131r ve at\u00f6lye \u00e7al\u0131\u015fmas\u0131nda bir araya geldi. Kepez Belediye Ba\u015fkan\u0131 Mesut Kocag\u00f6z, Nasreddin Hoca Kre\u015f ve G\u00fcnd\u00fcz Bak\u0131mevlerinin, Erenk\u00f6y \u015eubesi\u2019ni ziyaret ederek, kocaman y\u00fcrekli \u00e7ocuklar\u0131n \u2018Ya\u015fama El Ver\u2019 \u00e7a\u011fr\u0131s\u0131na destek verdi. \u00c7i\u00e7ek dikim at\u00f6lyesi, anahtarl\u0131k yap\u0131m at\u00f6lyesi, ah\u015fap boyama at\u00f6lyesi, ti\u015f\u00f6rt ve bez \u00e7anta boyama at\u00f6lyesi ve tuval boyama at\u00f6lyelerini gezerek, \u00e7ocuklarla birlikte boyama yapt\u0131, \u00e7i\u00e7ek ekti. Etkinlikte bir \u00e7ocuk, Ba\u015fkan Kocag\u00f6z\u2019\u00fcn elini f\u0131r\u00e7ayla turuncuya boyad\u0131. Ba\u015fkan Kocag\u00f6z, ellerini rengarenk boyayan \u00e7ocuklarla beraber beyaz kuma\u015fa el izlerini b\u0131rakt\u0131. \u201cL\u00d6SEV bir sevgidir\u201d Kepez Belediye Ba\u015fkan\u0131 Mesut Kocag\u00f6z, \u201cL\u00f6semi hastal\u0131\u011f\u0131 hakk\u0131nda toplum bilinci olu\u015fturmak, \u00e7ocuklar\u0131m\u0131z\u0131n ya\u015fad\u0131klar\u0131 s\u0131k\u0131nt\u0131lara dikkat \u00e7ekmek, onlara olan destekleri art\u0131rmak amac\u0131yla kre\u015f \u00f6\u011frencilerimizle bu etkinli\u011fi d\u00fczenledik. \u00c7ocuklar\u0131m\u0131z\u0131n hepsi bir p\u0131rlanta. L\u00d6SEV\u2019in bir sevgi oldu\u011funu d\u00fc\u015f\u00fcn\u00fcyoruz. Elimizden ne geliyorsa yap\u0131yoruz ve yapmaya da devam edece\u011fiz\u201d dedi. Kepez Belediyesi\u2019nin Nasreddin Hoca Kre\u015f ve G\u00fcnd\u00fcz Bak\u0131mevlerinin, etkinliklerinden elde edilen gelir ise minik \u00f6\u011frenciler taraf\u0131ndan L\u00d6SEV kumbaralar\u0131na at\u0131larak, L\u00f6semili \u00e7ocuklara ba\u011f\u0131\u015fland\u0131. Fark\u0131ndal\u0131k etkinli\u011fine minik \u00f6\u011frencilerin aileleri de kat\u0131larak, \u00e7ocuklar\u0131n\u0131n iyilik hareketine &hellip;"}