{"version":"1.0","provider_name":"Av. Deniz Can K\u0131z\u0131l","provider_url":"https:\/\/denizcankizil.tr\/en","author_name":"Av. Deniz Can K\u0131z\u0131l","author_url":"https:\/\/denizcankizil.tr\/en\/author\/denizcankizil\/","title":"Manavgat\u2019ta iki motosiklet \u00e7arp\u0131\u015ft\u0131","type":"rich","width":600,"height":338,"html":"<blockquote class=\"wp-embedded-content\" data-secret=\"0LLqFO2dZ8\"><a href=\"https:\/\/denizcankizil.tr\/en\/haberler\/antalya\/manavgatta-iki-motosiklet-carpisti\/\">Manavgat\u2019ta iki motosiklet \u00e7arp\u0131\u015ft\u0131<\/a><\/blockquote><iframe sandbox=\"allow-scripts\" security=\"restricted\" src=\"https:\/\/denizcankizil.tr\/en\/haberler\/antalya\/manavgatta-iki-motosiklet-carpisti\/embed\/#?secret=0LLqFO2dZ8\" width=\"600\" height=\"338\" title=\"&#8220;Manavgat\u2019ta iki motosiklet \u00e7arp\u0131\u015ft\u0131&#8221; &#8212; Av. Deniz Can K\u0131z\u0131l\" data-secret=\"0LLqFO2dZ8\" frameborder=\"0\" marginwidth=\"0\" marginheight=\"0\" scrolling=\"no\" class=\"wp-embedded-content\"><\/iframe><script>\n\/*! This file is auto-generated *\/\n!function(d,l){\"use strict\";l.querySelector&&d.addEventListener&&\"undefined\"!=typeof URL&&(d.wp=d.wp||{},d.wp.receiveEmbedMessage||(d.wp.receiveEmbedMessage=function(e){var t=e.data;if((t||t.secret||t.message||t.value)&&!\/[^a-zA-Z0-9]\/.test(t.secret)){for(var s,r,n,a=l.querySelectorAll('iframe[data-secret=\"'+t.secret+'\"]'),o=l.querySelectorAll('blockquote[data-secret=\"'+t.secret+'\"]'),c=new RegExp(\"^https?:$\",\"i\"),i=0;i<o.length;i++)o[i].style.display=\"none\";for(i=0;i<a.length;i++)s=a[i],e.source===s.contentWindow&&(s.removeAttribute(\"style\"),\"height\"===t.message?(1e3<(r=parseInt(t.value,10))?r=1e3:~~r<200&&(r=200),s.height=r):\"link\"===t.message&&(r=new URL(s.getAttribute(\"src\")),n=new URL(t.value),c.test(n.protocol))&&n.host===r.host&&l.activeElement===s&&(d.top.location.href=t.value))}},d.addEventListener(\"message\",d.wp.receiveEmbedMessage,!1),l.addEventListener(\"DOMContentLoaded\",function(){for(var e,t,s=l.querySelectorAll(\"iframe.wp-embedded-content\"),r=0;r<s.length;r++)(t=(e=s[r]).getAttribute(\"data-secret\"))||(t=Math.random().toString(36).substring(2,12),e.src+=\"#?secret=\"+t,e.setAttribute(\"data-secret\",t)),e.contentWindow.postMessage({message:\"ready\",secret:t},\"*\")},!1)))}(window,document);\n\/\/# sourceURL=https:\/\/denizcankizil.tr\/wp-includes\/js\/wp-embed.min.js\n<\/script>","thumbnail_url":"https:\/\/denizcankizil.tr\/wp-content\/uploads\/2025\/04\/5821-01-lj4cZM.jpg","thumbnail_width":1280,"thumbnail_height":720,"description":"Kaza, Hasan Fehmi Boztepe Caddesi \u00fczerinde meydana geldi. Edinilen bilgiye g\u00f6re, \u00c7akalderesi istikametinden \u015fehir merkezi y\u00f6n\u00fcne seyir halinde olan Emirhan G.\u2019nin kulland\u0131\u011f\u0131 07 BYG 895 plakal\u0131 motosiklet, eski toptanc\u0131 haline yakla\u015ft\u0131\u011f\u0131 s\u0131rada ayn\u0131 y\u00f6nde seyreden ve yaya ge\u00e7idine d\u00f6nmeye \u00e7al\u0131\u015fan Tacettin T. idaresindeki 07 LLR 31 plakal\u0131 motosikletle \u00e7arp\u0131\u015ft\u0131. \u00c7arp\u0131\u015fman\u0131n \u015fiddetiyle her iki s\u00fcr\u00fcc\u00fc de yola savrularak yaraland\u0131. Kazay\u0131 g\u00f6renlerin ihbar\u0131 \u00fczerine olay yerine sa\u011fl\u0131k ve polis ekipleri sevk edildi. Yaral\u0131 s\u00fcr\u00fcc\u00fcler Emirhan G. ve Tacettin T., 112 Acil Sa\u011fl\u0131k ekiplerinin olay yerindeki ilk m\u00fcdahalesinin ard\u0131ndan ambulansla hastaneye kald\u0131r\u0131ld\u0131. Kazayla ilgili inceleme ba\u015flat\u0131ld\u0131. Kaynak: www.kanalv.com.tr Haber Sitesinden Al\u0131nm\u0131\u015ft\u0131r."}