{"version":"1.0","provider_name":"Av. Deniz Can K\u0131z\u0131l","provider_url":"https:\/\/denizcankizil.tr\/en","author_name":"Av. Deniz Can K\u0131z\u0131l","author_url":"https:\/\/denizcankizil.tr\/en\/author\/denizcankizil\/","title":"Makas atan ara\u00e7 kazaya sebep oldu","type":"rich","width":600,"height":338,"html":"<blockquote class=\"wp-embedded-content\" data-secret=\"zQ6pNeu00i\"><a href=\"https:\/\/denizcankizil.tr\/en\/haberler\/antalya\/makas-atan-arac-kazaya-sebep-oldu\/\">Makas atan ara\u00e7 kazaya sebep oldu<\/a><\/blockquote><iframe sandbox=\"allow-scripts\" security=\"restricted\" src=\"https:\/\/denizcankizil.tr\/en\/haberler\/antalya\/makas-atan-arac-kazaya-sebep-oldu\/embed\/#?secret=zQ6pNeu00i\" width=\"600\" height=\"338\" title=\"&#8220;Makas atan ara\u00e7 kazaya sebep oldu&#8221; &#8212; Av. Deniz Can K\u0131z\u0131l\" data-secret=\"zQ6pNeu00i\" frameborder=\"0\" marginwidth=\"0\" marginheight=\"0\" scrolling=\"no\" class=\"wp-embedded-content\"><\/iframe><script>\n\/*! This file is auto-generated *\/\n!function(d,l){\"use strict\";l.querySelector&&d.addEventListener&&\"undefined\"!=typeof URL&&(d.wp=d.wp||{},d.wp.receiveEmbedMessage||(d.wp.receiveEmbedMessage=function(e){var t=e.data;if((t||t.secret||t.message||t.value)&&!\/[^a-zA-Z0-9]\/.test(t.secret)){for(var s,r,n,a=l.querySelectorAll('iframe[data-secret=\"'+t.secret+'\"]'),o=l.querySelectorAll('blockquote[data-secret=\"'+t.secret+'\"]'),c=new RegExp(\"^https?:$\",\"i\"),i=0;i<o.length;i++)o[i].style.display=\"none\";for(i=0;i<a.length;i++)s=a[i],e.source===s.contentWindow&&(s.removeAttribute(\"style\"),\"height\"===t.message?(1e3<(r=parseInt(t.value,10))?r=1e3:~~r<200&&(r=200),s.height=r):\"link\"===t.message&&(r=new URL(s.getAttribute(\"src\")),n=new URL(t.value),c.test(n.protocol))&&n.host===r.host&&l.activeElement===s&&(d.top.location.href=t.value))}},d.addEventListener(\"message\",d.wp.receiveEmbedMessage,!1),l.addEventListener(\"DOMContentLoaded\",function(){for(var e,t,s=l.querySelectorAll(\"iframe.wp-embedded-content\"),r=0;r<s.length;r++)(t=(e=s[r]).getAttribute(\"data-secret\"))||(t=Math.random().toString(36).substring(2,12),e.src+=\"#?secret=\"+t,e.setAttribute(\"data-secret\",t)),e.contentWindow.postMessage({message:\"ready\",secret:t},\"*\")},!1)))}(window,document);\n\/\/# sourceURL=https:\/\/denizcankizil.tr\/wp-includes\/js\/wp-embed.min.js\n<\/script>","thumbnail_url":"https:\/\/denizcankizil.tr\/wp-content\/uploads\/2025\/01\/4315-01-TgBKOr.jpeg","thumbnail_width":1280,"thumbnail_height":720,"description":"Kaza, saat 13.50 s\u0131ralar\u0131nda Antalya&#8217;n\u0131n Kepez il\u00e7esi G\u00f6ksu Mahallesi Gazi Bulvar\u0131 \u00fczerinde meydana geldi. Edinilen bilgiye g\u00f6re, s\u00fcratli ve makas atarak geldi\u011fi iddia edilen Ali N. idaresindeki 07 BFE 845 plakal\u0131 Volkswagen marka otomobil, \u00f6nce Erkan Burak. A.&#8217;n\u0131n idaresindeki 48 DM 888 Volkswagen araca, ard\u0131ndan da Yusuf K.&#8217;nin kulland\u0131\u011f\u0131 07 AAH 752 plakal\u0131 Fiat marka otomobile \u00e7arpt\u0131. \u00c7arpman\u0131n etkisiyle arac\u0131n direksiyon hakimiyetini kaybeden Yusuf K., ref\u00fcjdeki bariyerleri a\u015farak kar\u015f\u0131 \u015feride ge\u00e7ti. Biri \u00e7ocuk 2 yaral\u0131 Kazan\u0131n di\u011fer s\u00fcr\u00fcc\u00fcler taraf\u0131ndan 112 Acil \u00c7a\u011fr\u0131 Merkezi&#8217;ne bildirilmesi ile olay yerine \u00e7ok say\u0131da sa\u011fl\u0131k ekibinin yan\u0131 s\u0131ra itfaiye ve polis ekipleri sevk edildi. K\u0131sa s\u00fcrede olay yerine gelen sa\u011fl\u0131k ekipleri kazay\u0131 hafif yaral\u0131 olarak atlatan Yusuf K. ve 7 ya\u015f\u0131ndaki Mustafa K.&#8217;yi ilk m\u00fcdahalelerinin ard\u0131ndan ambulansla hastaneye kald\u0131rd\u0131. Kaza nedeniyle yolun her iki y\u00f6n\u00fcnde de uzun ara\u00e7 kuyruklar\u0131 olu\u015furken, trafik ekipleri yolu a\u00e7mak i\u00e7in b\u00fcy\u00fck \u00e7aba harcad\u0131. Kar\u015f\u0131 \u015feride ge\u00e7ti Bariyerleri a\u015farak kar\u015f\u0131 \u015feride ge\u00e7en otomobil vatanda\u015flar ve trafik ekipleri taraf\u0131ndan d\u00fczeltilmesinin ard\u0131ndan \u00e7ekiciyle kald\u0131r\u0131ld\u0131. \u00d6te yandan kaza an\u0131 bir i\u015f yerinin g\u00fcvenlik kameras\u0131na saniye saniye yans\u0131d\u0131. G\u00f6r\u00fcnt\u00fclerde \u00e7arpma sonras\u0131 arac\u0131n direksiyon hakimiyetini kaybeden 07 AAH 752 plakal\u0131 otomobilin savrularak geri geri bariyerleri a\u015fmas\u0131 ve kar\u015f\u0131 y\u00f6ne ge\u00e7mesi yer ald\u0131. Kaza an\u0131nda kar\u015f\u0131 y\u00f6nden &hellip;"}