{"version":"1.0","provider_name":"Av. Deniz Can K\u0131z\u0131l","provider_url":"https:\/\/denizcankizil.tr\/en","author_name":"Av. Deniz Can K\u0131z\u0131l","author_url":"https:\/\/denizcankizil.tr\/en\/author\/denizcankizil\/","title":"L\u00f6semili \u00e7ocuklara umut oluyor","type":"rich","width":600,"height":338,"html":"<blockquote class=\"wp-embedded-content\" data-secret=\"frWYy4kCnY\"><a href=\"https:\/\/denizcankizil.tr\/en\/haberler\/antalya\/losemili-cocuklara-umut-oluyor\/\">L\u00f6semili \u00e7ocuklara umut oluyor<\/a><\/blockquote><iframe sandbox=\"allow-scripts\" security=\"restricted\" src=\"https:\/\/denizcankizil.tr\/en\/haberler\/antalya\/losemili-cocuklara-umut-oluyor\/embed\/#?secret=frWYy4kCnY\" width=\"600\" height=\"338\" title=\"&#8220;L\u00f6semili \u00e7ocuklara umut oluyor&#8221; &#8212; Av. Deniz Can K\u0131z\u0131l\" data-secret=\"frWYy4kCnY\" frameborder=\"0\" marginwidth=\"0\" marginheight=\"0\" scrolling=\"no\" class=\"wp-embedded-content\"><\/iframe><script>\n\/*! This file is auto-generated *\/\n!function(d,l){\"use strict\";l.querySelector&&d.addEventListener&&\"undefined\"!=typeof URL&&(d.wp=d.wp||{},d.wp.receiveEmbedMessage||(d.wp.receiveEmbedMessage=function(e){var t=e.data;if((t||t.secret||t.message||t.value)&&!\/[^a-zA-Z0-9]\/.test(t.secret)){for(var s,r,n,a=l.querySelectorAll('iframe[data-secret=\"'+t.secret+'\"]'),o=l.querySelectorAll('blockquote[data-secret=\"'+t.secret+'\"]'),c=new RegExp(\"^https?:$\",\"i\"),i=0;i<o.length;i++)o[i].style.display=\"none\";for(i=0;i<a.length;i++)s=a[i],e.source===s.contentWindow&&(s.removeAttribute(\"style\"),\"height\"===t.message?(1e3<(r=parseInt(t.value,10))?r=1e3:~~r<200&&(r=200),s.height=r):\"link\"===t.message&&(r=new URL(s.getAttribute(\"src\")),n=new URL(t.value),c.test(n.protocol))&&n.host===r.host&&l.activeElement===s&&(d.top.location.href=t.value))}},d.addEventListener(\"message\",d.wp.receiveEmbedMessage,!1),l.addEventListener(\"DOMContentLoaded\",function(){for(var e,t,s=l.querySelectorAll(\"iframe.wp-embedded-content\"),r=0;r<s.length;r++)(t=(e=s[r]).getAttribute(\"data-secret\"))||(t=Math.random().toString(36).substring(2,12),e.src+=\"#?secret=\"+t,e.setAttribute(\"data-secret\",t)),e.contentWindow.postMessage({message:\"ready\",secret:t},\"*\")},!1)))}(window,document);\n\/\/# sourceURL=https:\/\/denizcankizil.tr\/wp-includes\/js\/wp-embed.min.js\n<\/script>","thumbnail_url":"https:\/\/denizcankizil.tr\/wp-content\/uploads\/2025\/01\/4053-01-XWLmk8.jpeg","thumbnail_width":1280,"thumbnail_height":720,"description":"Hazal Suba\u015f\u0131, 2021 y\u0131l\u0131nda Ad\u0131yaman&#8217;da 6&#8217;nc\u0131 s\u0131n\u0131fa giderken l\u00f6semiye yakaland\u0131. Covid pandemisi nedeniyle s\u0131k\u0131 tedbir alt\u0131nda tedavisi devam eden Suba\u015f\u0131, ayn\u0131 y\u0131l\u0131n aral\u0131k ay\u0131na kadar yo\u011fun tedavi g\u00f6rd\u00fc. 2022 y\u0131l\u0131nda iyile\u015fme s\u00fcrecinde olan Suba\u015f\u0131, 2023 y\u0131l\u0131nda meydana gelen ve 11 ili etkileyen depremin ard\u0131ndan ailesi ile Ad\u0131yaman&#8217;dan Antalya&#8217;ya ta\u015f\u0131nd\u0131. Suba\u015f\u0131, l\u00f6semiyi yendikten sonra \u00e7ocuk hastalara umut olabilmek i\u00e7in L\u00d6SEV b\u00fcnyesinde g\u00f6n\u00fcll\u00fc faaliyetlere kat\u0131lmaya ba\u015flad\u0131. &#8216;MORAL VE MOT\u0130VASYONUM Y\u00dcKSEKT\u0130&#8217; Tedavi s\u00fcrecinde moral ve motivasyonunu hep y\u00fcksek tuttu\u011funu anlatan Suba\u015f\u0131, &#8220;Hastal\u0131\u011f\u0131m Covid d\u00f6nemine denk geldi\u011fi i\u00e7in kimseyle g\u00f6r\u00fc\u015femiyordum. Tedavi s\u00fcrecinde moral ve motivasyonum y\u00fcksekti. Ama iyile\u015femesem diye \u00e7ok d\u00fc\u015f\u00fcn\u00fcyordum. Bu da ister istemez etkiliyordu. 2022&#8217;nin ba\u015f\u0131nda L\u00d6SEV ile tan\u0131\u015ft\u0131m. Fakat tedavi s\u00fcrecinde oldu\u011fum i\u00e7in etkinliklere kat\u0131lamad\u0131m. 2023 y\u0131l\u0131nda meydana gelen depremin ard\u0131ndan Antalya&#8217;ya ta\u015f\u0131nd\u0131k. T\u00fcm \u00e7evrem ve arkada\u015flar\u0131m orada kald\u0131\u011f\u0131 i\u00e7in \u00fczg\u00fcnd\u00fcm. Antalya&#8217;da kimseyi tan\u0131m\u0131yordum. Ama ailem hep yan\u0131mdayd\u0131. Hastal\u0131k s\u00fcrecini de onlar\u0131n deste\u011fiyle atlatt\u0131m&#8221; dedi. &#8216;ONLARA BU S\u00dcREC\u0130N GE\u00c7\u0130C\u0130 OLDU\u011eUNU ANLATIYORUM&#8217; L\u00f6semili \u00e7ocuklar i\u00e7in d\u00fczenlenen etkinliklerde destek oldu\u011funu belirten Hazal Suba\u015f\u0131, &#8220;Antalya&#8217;ya geldikten sonra L\u00d6SEV b\u00fcnyesinde bir\u00e7ok etkinli\u011fe kat\u0131ld\u0131m. Art\u0131k iyile\u015fmi\u015f bir gen\u00e7 olarak ayn\u0131 s\u00fcre\u00e7ten ge\u00e7en karde\u015flerimize destek oluyorum. Onlara bu s\u00fcrecin ge\u00e7ici oldu\u011funu ve iyile\u015feceklerini anlat\u0131yorum. Etkinliklerde prenses kost\u00fcm\u00fc giyiyorum. \u0130yile\u015ftiklerinde onlar\u0131n da benim gibi prenses olabilece\u011fini s\u00f6yl\u00fcyorum. Mutlu &hellip;"}