{"version":"1.0","provider_name":"Av. Deniz Can K\u0131z\u0131l","provider_url":"https:\/\/denizcankizil.tr\/en","author_name":"Av. Deniz Can K\u0131z\u0131l","author_url":"https:\/\/denizcankizil.tr\/en","title":"Kuruyemi\u015f y\u00fckl\u00fc ara\u00e7 alev alev yand\u0131","type":"rich","width":600,"height":338,"html":"<blockquote class=\"wp-embedded-content\" data-secret=\"Qywd6I8FTb\"><a href=\"https:\/\/denizcankizil.tr\/en\/haberler\/antalya\/kuruyemis-yuklu-arac-alev-alev-yandi\/\">Kuruyemi\u015f y\u00fckl\u00fc ara\u00e7 alev alev yand\u0131<\/a><\/blockquote><iframe sandbox=\"allow-scripts\" security=\"restricted\" src=\"https:\/\/denizcankizil.tr\/en\/haberler\/antalya\/kuruyemis-yuklu-arac-alev-alev-yandi\/embed\/#?secret=Qywd6I8FTb\" width=\"600\" height=\"338\" title=\"&#8220;Kuruyemi\u015f y\u00fckl\u00fc ara\u00e7 alev alev yand\u0131&#8221; &#8212; Av. Deniz Can K\u0131z\u0131l\" data-secret=\"Qywd6I8FTb\" frameborder=\"0\" marginwidth=\"0\" marginheight=\"0\" scrolling=\"no\" class=\"wp-embedded-content\"><\/iframe><script>\n\/*! This file is auto-generated *\/\n!function(d,l){\"use strict\";l.querySelector&&d.addEventListener&&\"undefined\"!=typeof URL&&(d.wp=d.wp||{},d.wp.receiveEmbedMessage||(d.wp.receiveEmbedMessage=function(e){var t=e.data;if((t||t.secret||t.message||t.value)&&!\/[^a-zA-Z0-9]\/.test(t.secret)){for(var s,r,n,a=l.querySelectorAll('iframe[data-secret=\"'+t.secret+'\"]'),o=l.querySelectorAll('blockquote[data-secret=\"'+t.secret+'\"]'),c=new RegExp(\"^https?:$\",\"i\"),i=0;i<o.length;i++)o[i].style.display=\"none\";for(i=0;i<a.length;i++)s=a[i],e.source===s.contentWindow&&(s.removeAttribute(\"style\"),\"height\"===t.message?(1e3<(r=parseInt(t.value,10))?r=1e3:~~r<200&&(r=200),s.height=r):\"link\"===t.message&&(r=new URL(s.getAttribute(\"src\")),n=new URL(t.value),c.test(n.protocol))&&n.host===r.host&&l.activeElement===s&&(d.top.location.href=t.value))}},d.addEventListener(\"message\",d.wp.receiveEmbedMessage,!1),l.addEventListener(\"DOMContentLoaded\",function(){for(var e,t,s=l.querySelectorAll(\"iframe.wp-embedded-content\"),r=0;r<s.length;r++)(t=(e=s[r]).getAttribute(\"data-secret\"))||(t=Math.random().toString(36).substring(2,12),e.src+=\"#?secret=\"+t,e.setAttribute(\"data-secret\",t)),e.contentWindow.postMessage({message:\"ready\",secret:t},\"*\")},!1)))}(window,document);\n\/\/# sourceURL=https:\/\/denizcankizil.tr\/wp-includes\/js\/wp-embed.min.js\n<\/script>","thumbnail_url":"https:\/\/denizcankizil.tr\/wp-content\/uploads\/2024\/11\/3204-01-R72ZLC.jpeg","thumbnail_width":1280,"thumbnail_height":720,"description":"Olay, Antalya Alanya D400 karayolu Cumal\u0131 mevkiinde meydana geldi. Serik&#8217;ten Antalya istikametine seyir halindeki A.T. idaresindeki 07 DZ 361 plakal\u0131 hafif ticari ara\u00e7 bilinmeyen bir nedenle alev alarak yanmaya ba\u015flad\u0131. Arac\u0131n motor k\u0131sm\u0131ndan gelen dumanlar\u0131 fark eden ara\u00e7 s\u00fcr\u00fcc\u00fcs\u00fc arac\u0131n\u0131 yolu sa\u011f\u0131na \u00e7ekerek durdu ve ara\u00e7tan kendisini d\u0131\u015far\u0131 att\u0131. Vatanda\u015flar\u0131n ihbar\u0131 \u00fczerine olay yerine polis ve itfaiye ekipleri sevk edildi. Yang\u0131na ilk m\u00fcdahaleyi ara\u00e7 s\u00fcr\u00fcc\u00fcs\u00fc yang\u0131n t\u00fcp\u00fc ile yaparken, itfaiyenin m\u00fcdahalesi ile ara\u00e7 k\u0131sa s\u00fcrede s\u00f6nd\u00fcr\u00fcld\u00fc. Bir kuruyemi\u015f firmas\u0131na ait olan ara\u00e7 tamamen yanarak kullan\u0131lamaz hale gelirken, ara\u00e7ta bulunan kuruyemi\u015flerde k\u00fcle d\u00f6nd\u00fc. Ara\u00e7 s\u00fcr\u00fcc\u00fcs\u00fc A.T. yang\u0131n\u0131n nas\u0131l \u00e7\u0131kt\u0131\u011f\u0131n\u0131 anlayamad\u0131\u011f\u0131n\u0131 birden dumanlar\u0131 fark edince arac\u0131 yol kenar\u0131na \u00e7ekip yang\u0131n s\u00f6nd\u00fcrme t\u00fcp\u00fc ile m\u00fcdahale etti\u011fini s\u00f6yledi. Polis yang\u0131nla ilgili inceleme ba\u015flatt\u0131. Kaynak: www.kanalv.com.tr Haber Sitesinden Al\u0131nm\u0131\u015ft\u0131r."}