{"version":"1.0","provider_name":"Av. Deniz Can K\u0131z\u0131l","provider_url":"https:\/\/denizcankizil.tr\/en","author_name":"Av. Deniz Can K\u0131z\u0131l","author_url":"https:\/\/denizcankizil.tr\/en","title":"Kumk\u00f6y Sahili'ndeki \u00e7ardaklar y\u0131k\u0131ld\u0131","type":"rich","width":600,"height":338,"html":"<blockquote class=\"wp-embedded-content\" data-secret=\"vHOyKJ9Seq\"><a href=\"https:\/\/denizcankizil.tr\/en\/haberler\/antalya\/kumkoy-sahilindeki-cardaklar-yikildi\/\">Kumk\u00f6y Sahili&#8217;ndeki \u00e7ardaklar y\u0131k\u0131ld\u0131<\/a><\/blockquote><iframe sandbox=\"allow-scripts\" security=\"restricted\" src=\"https:\/\/denizcankizil.tr\/en\/haberler\/antalya\/kumkoy-sahilindeki-cardaklar-yikildi\/embed\/#?secret=vHOyKJ9Seq\" width=\"600\" height=\"338\" title=\"&#8220;Kumk\u00f6y Sahili&#8217;ndeki \u00e7ardaklar y\u0131k\u0131ld\u0131&#8221; &#8212; Av. Deniz Can K\u0131z\u0131l\" data-secret=\"vHOyKJ9Seq\" frameborder=\"0\" marginwidth=\"0\" marginheight=\"0\" scrolling=\"no\" class=\"wp-embedded-content\"><\/iframe><script>\n\/*! This file is auto-generated *\/\n!function(d,l){\"use strict\";l.querySelector&&d.addEventListener&&\"undefined\"!=typeof URL&&(d.wp=d.wp||{},d.wp.receiveEmbedMessage||(d.wp.receiveEmbedMessage=function(e){var t=e.data;if((t||t.secret||t.message||t.value)&&!\/[^a-zA-Z0-9]\/.test(t.secret)){for(var s,r,n,a=l.querySelectorAll('iframe[data-secret=\"'+t.secret+'\"]'),o=l.querySelectorAll('blockquote[data-secret=\"'+t.secret+'\"]'),c=new RegExp(\"^https?:$\",\"i\"),i=0;i<o.length;i++)o[i].style.display=\"none\";for(i=0;i<a.length;i++)s=a[i],e.source===s.contentWindow&&(s.removeAttribute(\"style\"),\"height\"===t.message?(1e3<(r=parseInt(t.value,10))?r=1e3:~~r<200&&(r=200),s.height=r):\"link\"===t.message&&(r=new URL(s.getAttribute(\"src\")),n=new URL(t.value),c.test(n.protocol))&&n.host===r.host&&l.activeElement===s&&(d.top.location.href=t.value))}},d.addEventListener(\"message\",d.wp.receiveEmbedMessage,!1),l.addEventListener(\"DOMContentLoaded\",function(){for(var e,t,s=l.querySelectorAll(\"iframe.wp-embedded-content\"),r=0;r<s.length;r++)(t=(e=s[r]).getAttribute(\"data-secret\"))||(t=Math.random().toString(36).substring(2,12),e.src+=\"#?secret=\"+t,e.setAttribute(\"data-secret\",t)),e.contentWindow.postMessage({message:\"ready\",secret:t},\"*\")},!1)))}(window,document);\n\/\/# sourceURL=https:\/\/denizcankizil.tr\/wp-includes\/js\/wp-embed.min.js\n<\/script>","thumbnail_url":"https:\/\/denizcankizil.tr\/wp-content\/uploads\/2024\/11\/3310-01-xPugvM.jpeg","thumbnail_width":1280,"thumbnail_height":720,"description":"\u00a0Denize s\u0131f\u0131r sahilde y\u0131llard\u0131r konaklayan vatanda\u015flar ise y\u0131k\u0131m\u0131n bug\u00fcn yap\u0131laca\u011f\u0131ndan habersiz olduklar\u0131n\u0131 \u00f6ne s\u00fcrerek, \u201c\u00c7ocuklu\u011fumuzdan beri sahil kenar\u0131nday\u0131z, \u00e7ok an\u0131m\u0131z vard\u0131. An\u0131 da kalmad\u0131, bir \u015fey de kalmad\u0131\u201d dedi. Aksu&#8217;daki 1,5 kilometrelik Kumk\u00f6y Sahili, 2021 y\u0131l\u0131n\u0131n mart ay\u0131nda Cumhurba\u015fkan\u0131 karar\u0131yla &#8220;Nesli t\u00fckenme tehlikesindeki deniz kaplumba\u011falar\u0131n\u0131n yuvalama alan\u0131&#8221; ilan edildi. \u00d6zellikle Aksu ve Serik il\u00e7elerindeki binlerce ki\u015finin yaz tatilini ge\u00e7irdi\u011fi, l\u00fcks otellere kom\u015fu ve &#8220;bedava tatilin adresi&#8221; olarak tan\u0131mlanan \u00e7ardaklar i\u00e7in 2022 y\u0131l\u0131nda \u00c7evre, \u015eehircilik ve \u0130klim De\u011fi\u015fikli\u011fi Bakanl\u0131\u011f\u0131&#8217;nca y\u0131k\u0131m karar\u0131 al\u0131nd\u0131. 2 y\u0131l \u00f6nce Aksu Belediyesi&#8217;ne g\u00f6nderilen karar, d\u00f6nemin belediye y\u00f6netimi taraf\u0131ndan uygulanmad\u0131. Y\u0131k\u0131m tarihleri belirlenip, tabelalar as\u0131ld\u0131 ancak s\u00fcrekli ertelendi. Ekipler, sabah 7&#8217;de \u00e7evik kuvvet ekipleri e\u015fli\u011finde y\u0131k\u0131ma ba\u015flad\u0131 31 Mart Mahalli \u0130dareler Genel Se\u00e7imi&#8217;nden sonras\u0131 belediye ba\u015fkanl\u0131\u011f\u0131n\u0131 kazanan \u0130sa Y\u0131ld\u0131r\u0131m, \u00e7ardaklarla ilgili y\u0131k\u0131m karar\u0131 ald\u0131. 700 \u00e7ardak sahibine de y\u0131k\u0131m karar\u0131 bildirildi. \u00c7ardaklar\u0131n y\u0131k\u0131lmas\u0131 i\u00e7in son g\u00fcn 20 Kas\u0131m olarak belirtilirken, ge\u00e7ti\u011fimiz hafta b\u00f6lgede kalanlar\u0131n direnciyle kar\u015f\u0131la\u015fan ekipler y\u0131k\u0131m\u0131 erteledi. Ertelemenin ard\u0131ndan d\u00fcn d\u00fczenlenen Aksu Belediyesi Meclis Toplant\u0131s\u0131&#8217;n\u0131n ard\u0131ndan, bug\u00fcn sabah 07.00 sular\u0131nda ba\u015flayan \u00e7al\u0131\u015fmalar ile 700 \u00e7ardak y\u0131k\u0131ld\u0131. \u00c7ardak sahibi, \u00e7arda\u011f\u0131n\u0131 ate\u015fe verdi Ge\u00e7ti\u011fimiz hafta \u00e7ardakta ya\u015fayanlar\u0131n y\u0131k\u0131m \u00e7al\u0131\u015fmalar\u0131n\u0131 engellemek amac\u0131yla g\u00f6sterdikleri m\u00fccadeleye kar\u015f\u0131, bu kez \u00e7ok say\u0131da \u00e7evik kuvvet ekipleri alanda yerini ald\u0131. Aksu Belediyesi ekipleri &hellip;"}