{"version":"1.0","provider_name":"Av. Deniz Can K\u0131z\u0131l","provider_url":"https:\/\/denizcankizil.tr\/en","author_name":"Av. Deniz Can K\u0131z\u0131l","author_url":"https:\/\/denizcankizil.tr\/en\/author\/denizcankizil\/","title":"Koyuna eziyet eden \u015fah\u0131s g\u00f6zalt\u0131na al\u0131nd\u0131","type":"rich","width":600,"height":338,"html":"<blockquote class=\"wp-embedded-content\" data-secret=\"z8dMVVVqJ3\"><a href=\"https:\/\/denizcankizil.tr\/en\/haberler\/antalya\/koyuna-eziyet-eden-sahis-gozaltina-alindi\/\">Koyuna eziyet eden \u015fah\u0131s g\u00f6zalt\u0131na al\u0131nd\u0131<\/a><\/blockquote><iframe sandbox=\"allow-scripts\" security=\"restricted\" src=\"https:\/\/denizcankizil.tr\/en\/haberler\/antalya\/koyuna-eziyet-eden-sahis-gozaltina-alindi\/embed\/#?secret=z8dMVVVqJ3\" width=\"600\" height=\"338\" title=\"&#8220;Koyuna eziyet eden \u015fah\u0131s g\u00f6zalt\u0131na al\u0131nd\u0131&#8221; &#8212; Av. Deniz Can K\u0131z\u0131l\" data-secret=\"z8dMVVVqJ3\" frameborder=\"0\" marginwidth=\"0\" marginheight=\"0\" scrolling=\"no\" class=\"wp-embedded-content\"><\/iframe><script>\n\/*! This file is auto-generated *\/\n!function(d,l){\"use strict\";l.querySelector&&d.addEventListener&&\"undefined\"!=typeof URL&&(d.wp=d.wp||{},d.wp.receiveEmbedMessage||(d.wp.receiveEmbedMessage=function(e){var t=e.data;if((t||t.secret||t.message||t.value)&&!\/[^a-zA-Z0-9]\/.test(t.secret)){for(var s,r,n,a=l.querySelectorAll('iframe[data-secret=\"'+t.secret+'\"]'),o=l.querySelectorAll('blockquote[data-secret=\"'+t.secret+'\"]'),c=new RegExp(\"^https?:$\",\"i\"),i=0;i<o.length;i++)o[i].style.display=\"none\";for(i=0;i<a.length;i++)s=a[i],e.source===s.contentWindow&&(s.removeAttribute(\"style\"),\"height\"===t.message?(1e3<(r=parseInt(t.value,10))?r=1e3:~~r<200&&(r=200),s.height=r):\"link\"===t.message&&(r=new URL(s.getAttribute(\"src\")),n=new URL(t.value),c.test(n.protocol))&&n.host===r.host&&l.activeElement===s&&(d.top.location.href=t.value))}},d.addEventListener(\"message\",d.wp.receiveEmbedMessage,!1),l.addEventListener(\"DOMContentLoaded\",function(){for(var e,t,s=l.querySelectorAll(\"iframe.wp-embedded-content\"),r=0;r<s.length;r++)(t=(e=s[r]).getAttribute(\"data-secret\"))||(t=Math.random().toString(36).substring(2,12),e.src+=\"#?secret=\"+t,e.setAttribute(\"data-secret\",t)),e.contentWindow.postMessage({message:\"ready\",secret:t},\"*\")},!1)))}(window,document);\n\/\/# sourceURL=https:\/\/denizcankizil.tr\/wp-includes\/js\/wp-embed.min.js\n<\/script>","thumbnail_url":"https:\/\/denizcankizil.tr\/wp-content\/uploads\/2025\/04\/6038-01-cqqo2d.jpg","thumbnail_width":1280,"thumbnail_height":720,"description":"Olay, d\u00fcn \u00f6\u011fle saatlerinde Alanya&#8217;n\u0131n Payallar Mahallesi&#8217;nde bulunan bo\u015f bir arazide ger\u00e7ekle\u015fti. Edinilen bilgilere g\u00f6re H.\u00c7. (55) isimli ki\u015fi bo\u015f bir arazide kendisine ait koyuna tekme att\u0131 ve iple eziyette bulundu. Boynuna ba\u011flad\u0131\u011f\u0131 iple y\u00fcr\u00fcmeyen koyunun kafas\u0131na vuran ve yine kafas\u0131na tekme atan vicdans\u0131z \u015fah\u0131s cep telefonu ile g\u00f6r\u00fcnt\u00fclendi. G\u00f6r\u00fcnt\u00fclerin sosyal medyada yay\u0131lmas\u0131n\u0131n ard\u0131ndan \u015f\u00fcpheli \u015fah\u0131s, Konakl\u0131 Jandarma ekipleri taraf\u0131ndan g\u00f6zalt\u0131na al\u0131nd\u0131. Ayr\u0131ca \u015f\u00fcpheli H.\u00c7. (55) bug\u00fcn i\u015flemleri yap\u0131lmak \u00fczere adliyeye sevk edildi. Konuyla ilgili a\u00e7\u0131klama yapan Alanya Kaymakam\u0131 Fatih \u00dcrkmezer, &#8220;Bug\u00fcn sosyal medyada bir hayvana \u015fiddet uygulad\u0131\u011f\u0131na dair g\u00f6r\u00fcnt\u00fcleri \u00e7\u0131kan H.\u00c7., jandarma ekiplerimizce g\u00f6zalt\u0131na al\u0131nm\u0131\u015ft\u0131r. Ki\u015fi hakk\u0131nda mevzuat\u0131n \u00f6ng\u00f6rd\u00fc\u011f\u00fc adli ve idari i\u015flemler yap\u0131lacakt\u0131r. Ayr\u0131ca \u015fiddet uygulanan hayvan \u0130l\u00e7e Tar\u0131m M\u00fcd\u00fcrl\u00fc\u011f\u00fcm\u00fczce koruma alt\u0131na al\u0131narak veteriner hekimlerimizce gerekli kontrol ve bak\u0131mlar\u0131 yap\u0131lm\u0131\u015ft\u0131r. Kamuoyuna duyurulur&#8221; dedi. Kaynak: www.kanalv.com.tr Haber Sitesinden Al\u0131nm\u0131\u015ft\u0131r."}