{"version":"1.0","provider_name":"Av. Deniz Can K\u0131z\u0131l","provider_url":"https:\/\/denizcankizil.tr\/en","author_name":"Av. Deniz Can K\u0131z\u0131l","author_url":"https:\/\/denizcankizil.tr\/en","title":"Konyaalt\u0131\u2019nda 'Tersine d\u00fcnya' etkinli\u011fi","type":"rich","width":600,"height":338,"html":"<blockquote class=\"wp-embedded-content\" data-secret=\"hNHQnbsRMI\"><a href=\"https:\/\/denizcankizil.tr\/en\/haberler\/antalya\/konyaaltinda-tersine-dunya-etkinligi\/\">Konyaalt\u0131\u2019nda &#8216;Tersine d\u00fcnya&#8217; etkinli\u011fi<\/a><\/blockquote><iframe sandbox=\"allow-scripts\" security=\"restricted\" src=\"https:\/\/denizcankizil.tr\/en\/haberler\/antalya\/konyaaltinda-tersine-dunya-etkinligi\/embed\/#?secret=hNHQnbsRMI\" width=\"600\" height=\"338\" title=\"&#8220;Konyaalt\u0131\u2019nda &#8216;Tersine d\u00fcnya&#8217; etkinli\u011fi&#8221; &#8212; Av. Deniz Can K\u0131z\u0131l\" data-secret=\"hNHQnbsRMI\" frameborder=\"0\" marginwidth=\"0\" marginheight=\"0\" scrolling=\"no\" class=\"wp-embedded-content\"><\/iframe><script>\n\/*! This file is auto-generated *\/\n!function(d,l){\"use strict\";l.querySelector&&d.addEventListener&&\"undefined\"!=typeof URL&&(d.wp=d.wp||{},d.wp.receiveEmbedMessage||(d.wp.receiveEmbedMessage=function(e){var t=e.data;if((t||t.secret||t.message||t.value)&&!\/[^a-zA-Z0-9]\/.test(t.secret)){for(var s,r,n,a=l.querySelectorAll('iframe[data-secret=\"'+t.secret+'\"]'),o=l.querySelectorAll('blockquote[data-secret=\"'+t.secret+'\"]'),c=new RegExp(\"^https?:$\",\"i\"),i=0;i<o.length;i++)o[i].style.display=\"none\";for(i=0;i<a.length;i++)s=a[i],e.source===s.contentWindow&&(s.removeAttribute(\"style\"),\"height\"===t.message?(1e3<(r=parseInt(t.value,10))?r=1e3:~~r<200&&(r=200),s.height=r):\"link\"===t.message&&(r=new URL(s.getAttribute(\"src\")),n=new URL(t.value),c.test(n.protocol))&&n.host===r.host&&l.activeElement===s&&(d.top.location.href=t.value))}},d.addEventListener(\"message\",d.wp.receiveEmbedMessage,!1),l.addEventListener(\"DOMContentLoaded\",function(){for(var e,t,s=l.querySelectorAll(\"iframe.wp-embedded-content\"),r=0;r<s.length;r++)(t=(e=s[r]).getAttribute(\"data-secret\"))||(t=Math.random().toString(36).substring(2,12),e.src+=\"#?secret=\"+t,e.setAttribute(\"data-secret\",t)),e.contentWindow.postMessage({message:\"ready\",secret:t},\"*\")},!1)))}(window,document);\n\/\/# sourceURL=https:\/\/denizcankizil.tr\/wp-includes\/js\/wp-embed.min.js\n<\/script>","thumbnail_url":"https:\/\/denizcankizil.tr\/wp-content\/uploads\/2024\/11\/3290-01-LSlfwv.jpeg","thumbnail_width":1280,"thumbnail_height":720,"description":"Konyaalt\u0131 Belediyesi, toplumsal e\u015fitlik anlay\u0131\u015f\u0131 ve sanat\u0131n d\u00f6n\u00fc\u015ft\u00fcr\u00fcc\u00fc g\u00fcc\u00fcyle \u015fiddete kar\u015f\u0131 fark\u0131ndal\u0131k sa\u011flamaya devam ediyor. 25 Kas\u0131m Kad\u0131na Y\u00f6nelik \u015eiddetle M\u00fccadele G\u00fcn\u00fc \u00e7er\u00e7evesinde \u00e7e\u015fitli etkinliklerle fark\u0131ndal\u0131k sa\u011flayan Konyaalt\u0131 Belediyesi, G\u00fczel Sanatlar Akademisi resim kursu kat\u0131l\u0131mc\u0131lar\u0131 ile birlikte \u2018\u2019Tersine D\u00fcnya\u2019\u2019 isimli bir etkinlik ger\u00e7ekle\u015ftirdi. Fark\u0131ndal\u0131k etkinli\u011finde, \u201c\u0130nsan ili\u015fkilerinde sevgi dili hakim olsayd\u0131 nas\u0131l bir ileti\u015fim kurard\u0131k?\u201d, \u201c\u015eiddet d\u00f6ng\u00fcs\u00fc k\u0131r\u0131ld\u0131\u011f\u0131nda bu, ili\u015fkilerimize, sanat\u0131m\u0131za ve ya\u015fam\u0131m\u0131za nas\u0131l yans\u0131r?\u201d gibi konular ele al\u0131nd\u0131. Etkinli\u011fe kat\u0131lan Konyaalt\u0131 Belediye Ba\u015fkan\u0131 Cem Kotan, \u015fiddete kar\u015f\u0131 duru\u015funu \u201cKad\u0131nlar vard\u0131r\u201d yaz\u0131l\u0131 mesaj\u0131yla ifade etti. \u201c\u015eiddetin \u00f6nlenmesi \u00f6ncelikli hedefimiz\u201d Konyaalt\u0131 Belediyesi olarak her zaman kad\u0131nlar\u0131n yan\u0131nda olduklar\u0131n\u0131 vurgulayan Ba\u015fkan Kotan, \u201cA\u00e7t\u0131\u011f\u0131m\u0131z et\u00fct merkezleri ve d\u00fczenledi\u011fimiz kurslarla kad\u0131nlara destek olmay\u0131, onlar\u0131n hayat\u0131na dokunmay\u0131 \u00f6ncelikli hedeflerimizden biri olarak g\u00f6r\u00fcyoruz. Kad\u0131nlar\u0131n bu alanlarda pozitif ayr\u0131mc\u0131l\u0131\u011f\u0131 birebir hissettiklerini biliyoruz ve g\u00fcn\u00fcm\u00fcz \u015fartlar\u0131nda bu ayr\u0131mc\u0131l\u0131\u011f\u0131 yapman\u0131n ne kadar gerekli oldu\u011funun fark\u0131nday\u0131z\u201d \u015feklinde konu\u015ftu. \u201cFark\u0131ndal\u0131k her g\u00fcn ya\u015fat\u0131lmal\u0131\u201d Ba\u015fkan Kotan s\u00f6zlerini \u015f\u00f6yle s\u00fcrd\u00fcrd\u00fc, \u201cKad\u0131na y\u00f6nelik \u015fiddetin olmad\u0131\u011f\u0131 bir d\u00fcnya hayal ediyoruz ve bu hayali hep birlikte ger\u00e7ekle\u015ftirece\u011fimize inan\u0131yoruz. Bu \u00f6zel g\u00fcnlerde kad\u0131na y\u00f6nelik \u015fiddete kar\u015f\u0131 duru\u015fumuzu bir kez daha g\u00fc\u00e7l\u00fc bir \u015fekilde hat\u0131rlat\u0131yor, bu fark\u0131ndal\u0131\u011f\u0131 her g\u00fcn ya\u015fatmam\u0131z gerekti\u011fini vurguluyoruz. Konyaalt\u0131, her konuda oldu\u011fu gibi kad\u0131na y\u00f6nelik \u015fiddetle m\u00fccadelede de dayan\u0131\u015fma ve birlik \u00f6rne\u011fi sergilemektedir. Hep &hellip;"}