{"version":"1.0","provider_name":"Av. Deniz Can K\u0131z\u0131l","provider_url":"https:\/\/denizcankizil.tr\/en","author_name":"Av. Deniz Can K\u0131z\u0131l","author_url":"https:\/\/denizcankizil.tr\/en","title":"K\u0131\u015f aylar\u0131nda enerji t\u00fcketimini azaltman\u0131n yollar\u0131","type":"rich","width":600,"height":338,"html":"<blockquote class=\"wp-embedded-content\" data-secret=\"cY2vnBGH4P\"><a href=\"https:\/\/denizcankizil.tr\/en\/haberler\/antalya\/kis-aylarinda-enerji-tuketimini-azaltmanin-yollari\/\">K\u0131\u015f aylar\u0131nda enerji t\u00fcketimini azaltman\u0131n yollar\u0131<\/a><\/blockquote><iframe sandbox=\"allow-scripts\" security=\"restricted\" src=\"https:\/\/denizcankizil.tr\/en\/haberler\/antalya\/kis-aylarinda-enerji-tuketimini-azaltmanin-yollari\/embed\/#?secret=cY2vnBGH4P\" width=\"600\" height=\"338\" title=\"&#8220;K\u0131\u015f aylar\u0131nda enerji t\u00fcketimini azaltman\u0131n yollar\u0131&#8221; &#8212; Av. Deniz Can K\u0131z\u0131l\" data-secret=\"cY2vnBGH4P\" frameborder=\"0\" marginwidth=\"0\" marginheight=\"0\" scrolling=\"no\" class=\"wp-embedded-content\"><\/iframe><script>\n\/*! This file is auto-generated *\/\n!function(d,l){\"use strict\";l.querySelector&&d.addEventListener&&\"undefined\"!=typeof URL&&(d.wp=d.wp||{},d.wp.receiveEmbedMessage||(d.wp.receiveEmbedMessage=function(e){var t=e.data;if((t||t.secret||t.message||t.value)&&!\/[^a-zA-Z0-9]\/.test(t.secret)){for(var s,r,n,a=l.querySelectorAll('iframe[data-secret=\"'+t.secret+'\"]'),o=l.querySelectorAll('blockquote[data-secret=\"'+t.secret+'\"]'),c=new RegExp(\"^https?:$\",\"i\"),i=0;i<o.length;i++)o[i].style.display=\"none\";for(i=0;i<a.length;i++)s=a[i],e.source===s.contentWindow&&(s.removeAttribute(\"style\"),\"height\"===t.message?(1e3<(r=parseInt(t.value,10))?r=1e3:~~r<200&&(r=200),s.height=r):\"link\"===t.message&&(r=new URL(s.getAttribute(\"src\")),n=new URL(t.value),c.test(n.protocol))&&n.host===r.host&&l.activeElement===s&&(d.top.location.href=t.value))}},d.addEventListener(\"message\",d.wp.receiveEmbedMessage,!1),l.addEventListener(\"DOMContentLoaded\",function(){for(var e,t,s=l.querySelectorAll(\"iframe.wp-embedded-content\"),r=0;r<s.length;r++)(t=(e=s[r]).getAttribute(\"data-secret\"))||(t=Math.random().toString(36).substring(2,12),e.src+=\"#?secret=\"+t,e.setAttribute(\"data-secret\",t)),e.contentWindow.postMessage({message:\"ready\",secret:t},\"*\")},!1)))}(window,document);\n\/\/# sourceURL=https:\/\/denizcankizil.tr\/wp-includes\/js\/wp-embed.min.js\n<\/script>","thumbnail_url":"https:\/\/denizcankizil.tr\/wp-content\/uploads\/2024\/11\/3237-02-vVQaGQ.jpeg","thumbnail_width":1280,"thumbnail_height":720,"description":"K\u0131\u015f aylar\u0131n\u0131n gelmesiyle beraber \u0131s\u0131nma ihtiyac\u0131n\u0131 kar\u015f\u0131larken maliyet y\u00fck\u00fcn\u00fcn artmamas\u0131 i\u00e7in enerji verimlili\u011finin \u00f6neminden bahseden Elektrik M\u00fchendisleri Odas\u0131 Antalya \u015eube Ba\u015fkan\u0131 \u015eaban Tat, Antalya&#8217;da \u0131s\u0131nma ihtiyac\u0131n\u0131 klimalardan sa\u011flayan vatanda\u015flar i\u00e7in klima bak\u0131mlar\u0131n\u0131n \u00f6nemine dikkati \u00e7ekti. Ba\u015fkan \u015eaban Tat, \u201cAntalya&#8217;da \u0131s\u0131nma b\u00fcy\u00fck \u00f6l\u00e7\u00fcde klimalarla sa\u011flan\u0131yor. Bu cihazlar\u0131n d\u00fczenli bak\u0131mlar\u0131n\u0131n yetkili firmalar taraf\u0131ndan yap\u0131lmas\u0131 b\u00fcy\u00fck \u00f6nem ta\u015f\u0131yor. Yetkisiz ki\u015filer taraf\u0131ndan yap\u0131lan i\u015flemler cihazlarda ar\u0131zalara, yang\u0131n riskine ve fazla enerji t\u00fcketiminde art\u0131\u015fa yol a\u00e7abiliyor. Bu durum enerji tasarrufu yerine enerji israf\u0131na neden oluyor. Vatanda\u015flar\u0131m\u0131z, k\u0131\u015f aylar\u0131na girmeden cihazlar\u0131n\u0131n bak\u0131mlar\u0131n\u0131 mutlaka kontrol ettirmelidir&#8221; dedi. \u0130ZOLASYON ENERJ\u0130 VER\u0130ML\u0130L\u0130G\u0130N\u0130 ARTTIRIYOR Bina izolasyonunun enerji tasarrufundaki rol\u00fcne de\u011finen Ba\u015fkan Tat, \u201cBir yap\u0131da izolasyon eksikse, klimalar ne kadar \u00e7al\u0131\u015ft\u0131r\u0131l\u0131rsa \u00e7al\u0131\u015ft\u0131r\u0131ls\u0131n istenen verim elde edilemez. Bu durum hem enerji t\u00fcketimini art\u0131r\u0131r hem de maliyetlere olumsuz yans\u0131r. \u00d6zellikle meskenlerde izolasyonun do\u011fru bir \u015fekilde yap\u0131lm\u0131\u015f olmas\u0131 \u0131s\u0131nma giderlerini azalt\u0131r ve enerji verimlili\u011fini art\u0131r\u0131r&#8221; diye konu\u015ftu. ELEKTR\u0130K TES\u0130SATLARINA D\u0130KKAT Elektrik tesisatlar\u0131n\u0131n g\u00fcvenli\u011fiyle ilgili uyar\u0131larda bulunan Ba\u015fkan Tat, \u201cKlimalar\u0131n ba\u011fl\u0131 oldu\u011fu elektrik hatt\u0131na dikkat edilmesi gerekiyor. Is\u0131nma amac\u0131yla kullan\u0131lan klimalar\u0131n enerji t\u00fcketimi artt\u0131\u011f\u0131nda, ayn\u0131 hatta ba\u011fl\u0131 ba\u015fka cihazlar nedeniyle elektrik kaynakl\u0131 yang\u0131nlar ortaya \u00e7\u0131kabiliyor. Bu nedenle elektrik sisteminin d\u00fczenli kontrol edilmesi ve a\u015f\u0131r\u0131 y\u00fcklemelerin \u00f6nlenmesi gerekiyor&#8221; \u015feklinde konu\u015ftu. &#8216;G\u00dcN I\u015eIGINDAN YARARLANIN&#8217; Enerji tasarrufu sa\u011flamak &hellip;"}