{"version":"1.0","provider_name":"Av. Deniz Can K\u0131z\u0131l","provider_url":"https:\/\/denizcankizil.tr\/en","author_name":"Av. Deniz Can K\u0131z\u0131l","author_url":"https:\/\/denizcankizil.tr\/en\/author\/denizcankizil\/","title":"Kepez\u2019de \u2018Sanat \u00c7ad\u0131r\u0131\u2019 a\u00e7\u0131ld\u0131","type":"rich","width":600,"height":338,"html":"<blockquote class=\"wp-embedded-content\" data-secret=\"rjopN8fW5a\"><a href=\"https:\/\/denizcankizil.tr\/en\/haberler\/antalya\/kepezde-sanat-cadiri-acildi\/\">Kepez\u2019de \u2018Sanat \u00c7ad\u0131r\u0131\u2019 a\u00e7\u0131ld\u0131<\/a><\/blockquote><iframe sandbox=\"allow-scripts\" security=\"restricted\" src=\"https:\/\/denizcankizil.tr\/en\/haberler\/antalya\/kepezde-sanat-cadiri-acildi\/embed\/#?secret=rjopN8fW5a\" width=\"600\" height=\"338\" title=\"&#8220;Kepez\u2019de \u2018Sanat \u00c7ad\u0131r\u0131\u2019 a\u00e7\u0131ld\u0131&#8221; &#8212; Av. Deniz Can K\u0131z\u0131l\" data-secret=\"rjopN8fW5a\" frameborder=\"0\" marginwidth=\"0\" marginheight=\"0\" scrolling=\"no\" class=\"wp-embedded-content\"><\/iframe><script>\n\/*! This file is auto-generated *\/\n!function(d,l){\"use strict\";l.querySelector&&d.addEventListener&&\"undefined\"!=typeof URL&&(d.wp=d.wp||{},d.wp.receiveEmbedMessage||(d.wp.receiveEmbedMessage=function(e){var t=e.data;if((t||t.secret||t.message||t.value)&&!\/[^a-zA-Z0-9]\/.test(t.secret)){for(var s,r,n,a=l.querySelectorAll('iframe[data-secret=\"'+t.secret+'\"]'),o=l.querySelectorAll('blockquote[data-secret=\"'+t.secret+'\"]'),c=new RegExp(\"^https?:$\",\"i\"),i=0;i<o.length;i++)o[i].style.display=\"none\";for(i=0;i<a.length;i++)s=a[i],e.source===s.contentWindow&&(s.removeAttribute(\"style\"),\"height\"===t.message?(1e3<(r=parseInt(t.value,10))?r=1e3:~~r<200&&(r=200),s.height=r):\"link\"===t.message&&(r=new URL(s.getAttribute(\"src\")),n=new URL(t.value),c.test(n.protocol))&&n.host===r.host&&l.activeElement===s&&(d.top.location.href=t.value))}},d.addEventListener(\"message\",d.wp.receiveEmbedMessage,!1),l.addEventListener(\"DOMContentLoaded\",function(){for(var e,t,s=l.querySelectorAll(\"iframe.wp-embedded-content\"),r=0;r<s.length;r++)(t=(e=s[r]).getAttribute(\"data-secret\"))||(t=Math.random().toString(36).substring(2,12),e.src+=\"#?secret=\"+t,e.setAttribute(\"data-secret\",t)),e.contentWindow.postMessage({message:\"ready\",secret:t},\"*\")},!1)))}(window,document);\n\/\/# sourceURL=https:\/\/denizcankizil.tr\/wp-includes\/js\/wp-embed.min.js\n<\/script>","thumbnail_url":"https:\/\/denizcankizil.tr\/wp-content\/uploads\/2025\/02\/5021-01-pmceCi.jpeg","thumbnail_width":1280,"thumbnail_height":720,"description":"Kepez\u2019in Kuzeyyaka Mahallesi\u2019nde kurulan Sanat \u00c7ad\u0131r\u0131, \u00e7ocuklar ve gen\u00e7ler i\u00e7in sanatla bulu\u015fma noktas\u0131 oldu. Projenin fikir babalar\u0131 Kuzeyyaka Mahalle Muhtar\u0131 Mustafa Minneto\u011flu ve ressam Ahmet Ko\u00e7ak, Ba\u015fkan Mesut Kocag\u00f6z\u2019\u00fc ziyaret ederek parka gelen \u00e7ocuklar\u0131 resim sanat\u0131 ile bulu\u015fturmak istediklerini bildirdi. Ba\u015fkan Kocag\u00f6z ise bu iste\u011fe kay\u0131ts\u0131z kalmay\u0131p, &#8220;\u00c7ocuklar\u0131m\u0131z ve gen\u00e7lerimiz i\u00e7in d\u00fc\u015f\u00fcn\u00fclen her g\u00fczel giri\u015fimin ard\u0131nday\u0131z&#8221; diyerek ayn\u0131 g\u00fcn i\u00e7inde sanat \u00e7ad\u0131r\u0131n\u0131 mahalleye kazand\u0131rd\u0131. Kepez Belediyesi\u2019nin kurdu\u011fu 50 metrekarelik \u00e7ad\u0131r alan\u0131nda mahallenin \u00e7ocuklar\u0131 ve gen\u00e7leri sanatla bulu\u015ftu. \u00dccretsiz olarak hizmet veren at\u00f6lyede, tuvalden f\u0131r\u00e7aya, ya\u011fl\u0131 boyadan di\u011fer resim malzemelerine kadar her t\u00fcrl\u00fc ihtiya\u00e7, Ba\u015fkan Kocag\u00f6z taraf\u0131ndan \u00e7ocuklara arma\u011fan edildi. &#8220;Gelece\u011fe yap\u0131lan en b\u00fcy\u00fck yat\u0131r\u0131m&#8221; Kepez Belediye Ba\u015fkan\u0131 Mesut Kocag\u00f6z, Kuzeyyaka Mahallesi\u2019nde muhtarl\u0131k park\u0131na kurulan sanat \u00e7ad\u0131r\u0131n\u0131 ziyaret ederek a\u00e7\u0131l\u0131\u015f\u0131n\u0131 ger\u00e7ekle\u015ftirdi. &#8220;\u00c7ocuklar\u0131m\u0131z\u0131n sanata y\u00f6nlendirilmesi, gelece\u011fe yap\u0131lan en b\u00fcy\u00fck yat\u0131r\u0131md\u0131r&#8221; diyen Ba\u015fkan Kocag\u00f6z, &#8220;Onlar\u0131n elinden tutup yeteneklerini geli\u015ftirmeleri i\u00e7in imkan sunmak bizim en b\u00fcy\u00fck g\u00f6revimizdir&#8221; dedi. Ba\u015fkan Kocag\u00f6z, projenin fikir babas\u0131 olan Kuzeyyaka Mahalle Muhtar\u0131 Mustafa Minneto\u011flu ve mahalle sakini ressam Ahmet Ko\u00e7ak\u2019\u0131 tebrik ederek, &#8220;Sizi g\u00f6n\u00fclden kutluyorum. \u00c7ocuklar\u0131m\u0131z ve gen\u00e7lerimiz i\u00e7in d\u00fc\u015f\u00fcn\u00fclen her fikir bizim i\u00e7in \u00e7ok k\u0131ymetlidir. Sanatla b\u00fcy\u00fcyen nesiller, gelece\u011fe daha g\u00fc\u00e7l\u00fc ve bilin\u00e7li ad\u0131mlarla y\u00fcr\u00fcr&#8221; diye konu\u015ftu. Ba\u015fkan Kocag\u00f6z, sanat \u00e7ad\u0131r\u0131nda resim yapan \u00e7ocuk ve gen\u00e7lerle sohbet etti. &hellip;"}