{"version":"1.0","provider_name":"Av. Deniz Can K\u0131z\u0131l","provider_url":"https:\/\/denizcankizil.tr\/en","author_name":"Av. Deniz Can K\u0131z\u0131l","author_url":"https:\/\/denizcankizil.tr\/en","title":"\u2018Kent S\u00f6yle\u015fileri Cumhuriyet 101' etkinli\u011fi","type":"rich","width":600,"height":338,"html":"<blockquote class=\"wp-embedded-content\" data-secret=\"B22Vhd0svR\"><a href=\"https:\/\/denizcankizil.tr\/en\/haberler\/antalya\/kent-soylesileri-cumhuriyet-101-etkinligi\/\">\u2018Kent S\u00f6yle\u015fileri Cumhuriyet 101&#8242; etkinli\u011fi<\/a><\/blockquote><iframe sandbox=\"allow-scripts\" security=\"restricted\" src=\"https:\/\/denizcankizil.tr\/en\/haberler\/antalya\/kent-soylesileri-cumhuriyet-101-etkinligi\/embed\/#?secret=B22Vhd0svR\" width=\"600\" height=\"338\" title=\"&#8220;\u2018Kent S\u00f6yle\u015fileri Cumhuriyet 101&#8242; etkinli\u011fi&#8221; &#8212; Av. Deniz Can K\u0131z\u0131l\" data-secret=\"B22Vhd0svR\" frameborder=\"0\" marginwidth=\"0\" marginheight=\"0\" scrolling=\"no\" class=\"wp-embedded-content\"><\/iframe><script>\n\/*! This file is auto-generated *\/\n!function(d,l){\"use strict\";l.querySelector&&d.addEventListener&&\"undefined\"!=typeof URL&&(d.wp=d.wp||{},d.wp.receiveEmbedMessage||(d.wp.receiveEmbedMessage=function(e){var t=e.data;if((t||t.secret||t.message||t.value)&&!\/[^a-zA-Z0-9]\/.test(t.secret)){for(var s,r,n,a=l.querySelectorAll('iframe[data-secret=\"'+t.secret+'\"]'),o=l.querySelectorAll('blockquote[data-secret=\"'+t.secret+'\"]'),c=new RegExp(\"^https?:$\",\"i\"),i=0;i<o.length;i++)o[i].style.display=\"none\";for(i=0;i<a.length;i++)s=a[i],e.source===s.contentWindow&&(s.removeAttribute(\"style\"),\"height\"===t.message?(1e3<(r=parseInt(t.value,10))?r=1e3:~~r<200&&(r=200),s.height=r):\"link\"===t.message&&(r=new URL(s.getAttribute(\"src\")),n=new URL(t.value),c.test(n.protocol))&&n.host===r.host&&l.activeElement===s&&(d.top.location.href=t.value))}},d.addEventListener(\"message\",d.wp.receiveEmbedMessage,!1),l.addEventListener(\"DOMContentLoaded\",function(){for(var e,t,s=l.querySelectorAll(\"iframe.wp-embedded-content\"),r=0;r<s.length;r++)(t=(e=s[r]).getAttribute(\"data-secret\"))||(t=Math.random().toString(36).substring(2,12),e.src+=\"#?secret=\"+t,e.setAttribute(\"data-secret\",t)),e.contentWindow.postMessage({message:\"ready\",secret:t},\"*\")},!1)))}(window,document);\n\/\/# sourceURL=https:\/\/denizcankizil.tr\/wp-includes\/js\/wp-embed.min.js\n<\/script>","thumbnail_url":"https:\/\/denizcankizil.tr\/wp-content\/uploads\/2024\/11\/3051-01-1GPmD8.jpeg","thumbnail_width":1280,"thumbnail_height":720,"description":"Antalya B\u00fcy\u00fck\u015fehir Belediyesi Kent Tarihi ve Tan\u0131t\u0131m Dairesi Ba\u015fkanl\u0131\u011f\u0131 taraf\u0131ndan ger\u00e7ekle\u015ftirilen \u201cKent S\u00f6yle\u015fileri Cumhuriyet 101\u201d ba\u015fl\u0131kl\u0131 etkinlik, \u00e7ok say\u0131da konu\u015fmac\u0131ya ev sahipli\u011fi yapt\u0131. B\u00fclent Ecevit K\u00fclt\u00fcr Merkezi&#8217;nde d\u00fczenlenen etkinlik, Harmoni Talks Kurucusu Erdem Arslan&#8217;\u0131n sunumu ile ba\u015flad\u0131 ve \u0130stanbul Planlama Ajans\u0131 Marmara B\u00f6lge Koordinat\u00f6r\u00fc Cem K\u0131l\u0131\u00e7&#8217;\u0131n a\u00e7\u0131l\u0131\u015f konu\u015fmas\u0131yla devam etti. A\u00e7\u0131l\u0131\u015f konu\u015fmalar\u0131ndan sonra sahneye \u00e7\u0131kan \u00c7ellist Melisa Y\u0131lmaz da mini bir konser verdi. \u2018Anlam aray\u0131\u015f\u0131nda insan&#8217; T\u00fcrkiye Tan\u0131t\u0131m Ara\u015ft\u0131rma Demokrasi ve Laik Olu\u015fum Vakf\u0131 Y\u00f6netim Kurulu \u00dcyesi, yazar \u00d6zel Oytun T\u00fcrko\u011flu&#8217;nun moderat\u00f6rl\u00fc\u011f\u00fcnde ger\u00e7ekle\u015fen AntTalks etkinli\u011finde Antalya B\u00fcy\u00fck\u015fehir Belediye Meclis \u00dcyesi, T\u00dcLOV Antalya Temsilcisi Osman Sert de \u201cAnlam Aray\u0131\u015f\u0131nda \u0130nsan\u201d ba\u015fl\u0131kl\u0131 bir s\u00f6yle\u015fi d\u00fczenledi. Sert, insan\u0131n ya\u015famda anlam aray\u0131\u015f\u0131na ve bu aray\u0131\u015f\u0131n bireyin i\u00e7e ait geli\u015fimindeki rol\u00fcne vurgu yapt\u0131. Sert, ayr\u0131ca modern toplumlarda anlam bulma s\u00fcre\u00e7lerinin zorluklar\u0131na ve bireyin bu aray\u0131\u015fta kar\u015f\u0131la\u015ft\u0131\u011f\u0131 engellerin \u00fcstesinden gelme yollar\u0131na dair d\u00fc\u015f\u00fcncelerini kat\u0131l\u0131mc\u0131larla payla\u015ft\u0131. \u2018Hukuk u\u011frunda sava\u015f&#8217; s\u00f6yle\u015fisi Kent S\u00f6yle\u015fileri Cumhuriyet 101 etkinli\u011finde Akademisyen-Yazar Av. Dr. Onur Alt\u0131nkan ise \u201cHukuk U\u011frunda Sava\u015f\u201d ba\u015fl\u0131kl\u0131 bir s\u00f6yle\u015fi ger\u00e7ekle\u015ftirdi. Alt\u0131nkan, hukuk m\u00fccadelesinin toplumlar i\u00e7in \u00f6nemine ve adaletin korunmas\u0131 i\u00e7in verilen \u00e7abalara de\u011finerek, hukuk alan\u0131nda fark\u0131ndal\u0131\u011f\u0131 art\u0131rmay\u0131 hedefleyen bir sunum ger\u00e7ekle\u015ftirdi. S\u00f6yle\u015fi, kat\u0131l\u0131mc\u0131lara hukuk kavram\u0131n\u0131n tarihi geli\u015fimi, hukukun toplum \u00fczerindeki etkileri ve g\u00fcncel hukuk sorunlar\u0131 hakk\u0131nda bilgiler verdi. \u00c7a\u011fda\u015f &hellip;"}