{"version":"1.0","provider_name":"Av. Deniz Can K\u0131z\u0131l","provider_url":"https:\/\/denizcankizil.tr\/en","author_name":"Av. Deniz Can K\u0131z\u0131l","author_url":"https:\/\/denizcankizil.tr\/en\/author\/denizcankizil\/","title":"Kemer'de yar\u0131\u015f heyecan\u0131 ba\u015flad\u0131","type":"rich","width":600,"height":338,"html":"<blockquote class=\"wp-embedded-content\" data-secret=\"0ap4JWBBlI\"><a href=\"https:\/\/denizcankizil.tr\/en\/haberler\/antalya\/kemerde-yaris-heyecani-basladi\/\">Kemer&#8217;de yar\u0131\u015f heyecan\u0131 ba\u015flad\u0131<\/a><\/blockquote><iframe sandbox=\"allow-scripts\" security=\"restricted\" src=\"https:\/\/denizcankizil.tr\/en\/haberler\/antalya\/kemerde-yaris-heyecani-basladi\/embed\/#?secret=0ap4JWBBlI\" width=\"600\" height=\"338\" title=\"&#8220;Kemer&#8217;de yar\u0131\u015f heyecan\u0131 ba\u015flad\u0131&#8221; &#8212; Av. Deniz Can K\u0131z\u0131l\" data-secret=\"0ap4JWBBlI\" frameborder=\"0\" marginwidth=\"0\" marginheight=\"0\" scrolling=\"no\" class=\"wp-embedded-content\"><\/iframe><script>\n\/*! This file is auto-generated *\/\n!function(d,l){\"use strict\";l.querySelector&&d.addEventListener&&\"undefined\"!=typeof URL&&(d.wp=d.wp||{},d.wp.receiveEmbedMessage||(d.wp.receiveEmbedMessage=function(e){var t=e.data;if((t||t.secret||t.message||t.value)&&!\/[^a-zA-Z0-9]\/.test(t.secret)){for(var s,r,n,a=l.querySelectorAll('iframe[data-secret=\"'+t.secret+'\"]'),o=l.querySelectorAll('blockquote[data-secret=\"'+t.secret+'\"]'),c=new RegExp(\"^https?:$\",\"i\"),i=0;i<o.length;i++)o[i].style.display=\"none\";for(i=0;i<a.length;i++)s=a[i],e.source===s.contentWindow&&(s.removeAttribute(\"style\"),\"height\"===t.message?(1e3<(r=parseInt(t.value,10))?r=1e3:~~r<200&&(r=200),s.height=r):\"link\"===t.message&&(r=new URL(s.getAttribute(\"src\")),n=new URL(t.value),c.test(n.protocol))&&n.host===r.host&&l.activeElement===s&&(d.top.location.href=t.value))}},d.addEventListener(\"message\",d.wp.receiveEmbedMessage,!1),l.addEventListener(\"DOMContentLoaded\",function(){for(var e,t,s=l.querySelectorAll(\"iframe.wp-embedded-content\"),r=0;r<s.length;r++)(t=(e=s[r]).getAttribute(\"data-secret\"))||(t=Math.random().toString(36).substring(2,12),e.src+=\"#?secret=\"+t,e.setAttribute(\"data-secret\",t)),e.contentWindow.postMessage({message:\"ready\",secret:t},\"*\")},!1)))}(window,document);\n\/\/# sourceURL=https:\/\/denizcankizil.tr\/wp-includes\/js\/wp-embed.min.js\n<\/script>","thumbnail_url":"https:\/\/denizcankizil.tr\/wp-content\/uploads\/2025\/04\/5878-01-6FwlrY.jpg","thumbnail_width":1280,"thumbnail_height":720,"description":"Nisan ay\u0131n\u0131n bisiklet ay\u0131 ilan edilmesiyle birlikte, T\u00fcrkiye\u2019nin \u00f6nemli bisiklet rotalar\u0131 aras\u0131nda yer alan Kemer\u2019de bisiklet etkinlikleri art arda d\u00fczenleniyor. Ge\u00e7ti\u011fimiz hafta yap\u0131lan Trans Taurus Da\u011f Bisikleti Etap Yar\u0131\u015flar\u0131 ile ba\u015flayan hareketlilik, Akra Gran Fondo yar\u0131\u015flar\u0131 \u00f6ncesi zirveye \u00e7\u0131kt\u0131. Kemer Belediyesi\u2019nin katk\u0131lar\u0131yla Mustafa Ertu\u011frul Aker Park\u0131\u2019nda kurulan Expo alan\u0131nda bir\u00e7ok firman\u0131n bisikletleri, bisiklet par\u00e7alar\u0131 ve aksesuarlar\u0131 sergileniyor. Alan i\u00e7erisinde kurulan oyun parkurlar\u0131 ise \u00f6zellikle \u00e7ocuklar\u0131n ilgisini \u00e7ekerken, baz\u0131 \u00e7ocuklar bisikletleriyle akrobasi g\u00f6sterileri yaparak organizasyona renk katt\u0131. Yar\u0131\u015f \u00f6ncesi fark\u0131ndal\u0131k olu\u015fturmak amac\u0131yla bug\u00fcn &#8216;Bisikletin Kalbi Kemer\u2019de At\u0131yor&#8217; projesi kapsam\u0131nda mini \u015fehir turu ger\u00e7ekle\u015ftirilecek. Kemer Kaymakaml\u0131\u011f\u0131, Kemer Belediyesi, \u0130l\u00e7e Milli E\u011fitim M\u00fcd\u00fcrl\u00fc\u011f\u00fc ve Gen\u00e7lik ve Spor \u0130l\u00e7e M\u00fcd\u00fcrl\u00fc\u011f\u00fc i\u015f birli\u011finde d\u00fczenlenecek etkinlikte \u00f6\u011frenciler ve vatanda\u015flar pedal \u00e7evirecek. Saat 17.30\u2019da Kemer Cumhuriyet Meydan\u0131\u2019ndan ba\u015flayacak olan mini \u015fehir turu, Mustafa Ertu\u011frul Aker Park\u0131\u2019nda sona erecek. Etkinlikler, parkta d\u00fczenlenecek mini konserle devam edecek. Kaynak: www.kanalv.com.tr Haber Sitesinden Al\u0131nm\u0131\u015ft\u0131r."}