{"version":"1.0","provider_name":"Av. Deniz Can K\u0131z\u0131l","provider_url":"https:\/\/denizcankizil.tr\/en","author_name":"Av. Deniz Can K\u0131z\u0131l","author_url":"https:\/\/denizcankizil.tr\/en","title":"\u0130n\u015faat\u0131n konteynerinde \u00f6l\u00fc bulundu","type":"rich","width":600,"height":338,"html":"<blockquote class=\"wp-embedded-content\" data-secret=\"7MxJPi5G1O\"><a href=\"https:\/\/denizcankizil.tr\/en\/haberler\/antalya\/insaatin-konteynerinde-olu-bulundu\/\">\u0130n\u015faat\u0131n konteynerinde \u00f6l\u00fc bulundu<\/a><\/blockquote><iframe sandbox=\"allow-scripts\" security=\"restricted\" src=\"https:\/\/denizcankizil.tr\/en\/haberler\/antalya\/insaatin-konteynerinde-olu-bulundu\/embed\/#?secret=7MxJPi5G1O\" width=\"600\" height=\"338\" title=\"&#8220;\u0130n\u015faat\u0131n konteynerinde \u00f6l\u00fc bulundu&#8221; &#8212; Av. Deniz Can K\u0131z\u0131l\" data-secret=\"7MxJPi5G1O\" frameborder=\"0\" marginwidth=\"0\" marginheight=\"0\" scrolling=\"no\" class=\"wp-embedded-content\"><\/iframe><script>\n\/*! This file is auto-generated *\/\n!function(d,l){\"use strict\";l.querySelector&&d.addEventListener&&\"undefined\"!=typeof URL&&(d.wp=d.wp||{},d.wp.receiveEmbedMessage||(d.wp.receiveEmbedMessage=function(e){var t=e.data;if((t||t.secret||t.message||t.value)&&!\/[^a-zA-Z0-9]\/.test(t.secret)){for(var s,r,n,a=l.querySelectorAll('iframe[data-secret=\"'+t.secret+'\"]'),o=l.querySelectorAll('blockquote[data-secret=\"'+t.secret+'\"]'),c=new RegExp(\"^https?:$\",\"i\"),i=0;i<o.length;i++)o[i].style.display=\"none\";for(i=0;i<a.length;i++)s=a[i],e.source===s.contentWindow&&(s.removeAttribute(\"style\"),\"height\"===t.message?(1e3<(r=parseInt(t.value,10))?r=1e3:~~r<200&&(r=200),s.height=r):\"link\"===t.message&&(r=new URL(s.getAttribute(\"src\")),n=new URL(t.value),c.test(n.protocol))&&n.host===r.host&&l.activeElement===s&&(d.top.location.href=t.value))}},d.addEventListener(\"message\",d.wp.receiveEmbedMessage,!1),l.addEventListener(\"DOMContentLoaded\",function(){for(var e,t,s=l.querySelectorAll(\"iframe.wp-embedded-content\"),r=0;r<s.length;r++)(t=(e=s[r]).getAttribute(\"data-secret\"))||(t=Math.random().toString(36).substring(2,12),e.src+=\"#?secret=\"+t,e.setAttribute(\"data-secret\",t)),e.contentWindow.postMessage({message:\"ready\",secret:t},\"*\")},!1)))}(window,document);\n\/\/# sourceURL=https:\/\/denizcankizil.tr\/wp-includes\/js\/wp-embed.min.js\n<\/script>","thumbnail_url":"https:\/\/denizcankizil.tr\/wp-content\/uploads\/2024\/12\/3607-01-XosK9l.jpeg","thumbnail_width":1280,"thumbnail_height":720,"description":"Olay, d\u00fcn saat 16.00 s\u0131ralar\u0131nda Aksu il\u00e7esine ba\u011fl\u0131 Cihadiye Mahallesi 23088 sokak \u00fczerinde bulunan in\u015faat alan\u0131nda meydana geldi. \u0130n\u015faatta \u00e7al\u0131\u015fan bir i\u015f\u00e7i, alandaki konteynere girdi\u011finde bir ki\u015finin hareketsiz yatt\u0131\u011f\u0131n\u0131 fark etti ve durumu 112 Acil \u00c7a\u011fr\u0131 Merkezi&#8217;ne bildirdi. \u0130hbarla b\u00f6lgeye sevk edilen sa\u011fl\u0131k ekibi, konteynerde hareketsiz yatan ki\u015finin hayat\u0131n\u0131 kaybetti\u011fini belirledi. Olay yeri inceleme ekipleri yapt\u0131klar\u0131 \u00e7al\u0131\u015fmalarda, hayat\u0131n\u0131 kaybeden ki\u015finin, \u0130brahim \u00d6rdek oldu\u011funu belirledi. Ekiplerin \u00e7al\u0131\u015fmas\u0131n\u0131n ard\u0131ndan \u00d6rdek&#8217;in cans\u0131z bedeni, otopsisi yap\u0131lmak \u00fczere Antalya Adli T\u0131p Kurumu Morgu&#8217;na kald\u0131r\u0131ld\u0131. \u0130n\u015faat sahibinin, konteynerde \u00f6l\u00fc bulunan ki\u015fiyi tan\u0131mad\u0131\u011f\u0131n\u0131 s\u00f6yledi\u011fi \u00f6\u011frenildi. Kaynak: www.kanalv.com.tr Haber Sitesinden Al\u0131nm\u0131\u015ft\u0131r."}