{"version":"1.0","provider_name":"Av. Deniz Can K\u0131z\u0131l","provider_url":"https:\/\/denizcankizil.tr\/en","author_name":"Av. Deniz Can K\u0131z\u0131l","author_url":"https:\/\/denizcankizil.tr\/en\/author\/denizcankizil\/","title":"\"\u0130klim de\u011fi\u015fikli\u011fi ruh sa\u011fl\u0131\u011f\u0131n\u0131 olumsuz etkiliyor\"","type":"rich","width":600,"height":338,"html":"<blockquote class=\"wp-embedded-content\" data-secret=\"kK7GVTbZev\"><a href=\"https:\/\/denizcankizil.tr\/en\/haberler\/antalya\/iklim-degisikligi-ruh-sagligini-olumsuz-etkiliyor\/\">&#8220;\u0130klim de\u011fi\u015fikli\u011fi ruh sa\u011fl\u0131\u011f\u0131n\u0131 olumsuz etkiliyor&#8221;<\/a><\/blockquote><iframe sandbox=\"allow-scripts\" security=\"restricted\" src=\"https:\/\/denizcankizil.tr\/en\/haberler\/antalya\/iklim-degisikligi-ruh-sagligini-olumsuz-etkiliyor\/embed\/#?secret=kK7GVTbZev\" width=\"600\" height=\"338\" title=\"&#8220;&#8220;\u0130klim de\u011fi\u015fikli\u011fi ruh sa\u011fl\u0131\u011f\u0131n\u0131 olumsuz etkiliyor&#8221;&#8221; &#8212; Av. Deniz Can K\u0131z\u0131l\" data-secret=\"kK7GVTbZev\" frameborder=\"0\" marginwidth=\"0\" marginheight=\"0\" scrolling=\"no\" class=\"wp-embedded-content\"><\/iframe><script>\n\/*! This file is auto-generated *\/\n!function(d,l){\"use strict\";l.querySelector&&d.addEventListener&&\"undefined\"!=typeof URL&&(d.wp=d.wp||{},d.wp.receiveEmbedMessage||(d.wp.receiveEmbedMessage=function(e){var t=e.data;if((t||t.secret||t.message||t.value)&&!\/[^a-zA-Z0-9]\/.test(t.secret)){for(var s,r,n,a=l.querySelectorAll('iframe[data-secret=\"'+t.secret+'\"]'),o=l.querySelectorAll('blockquote[data-secret=\"'+t.secret+'\"]'),c=new RegExp(\"^https?:$\",\"i\"),i=0;i<o.length;i++)o[i].style.display=\"none\";for(i=0;i<a.length;i++)s=a[i],e.source===s.contentWindow&&(s.removeAttribute(\"style\"),\"height\"===t.message?(1e3<(r=parseInt(t.value,10))?r=1e3:~~r<200&&(r=200),s.height=r):\"link\"===t.message&&(r=new URL(s.getAttribute(\"src\")),n=new URL(t.value),c.test(n.protocol))&&n.host===r.host&&l.activeElement===s&&(d.top.location.href=t.value))}},d.addEventListener(\"message\",d.wp.receiveEmbedMessage,!1),l.addEventListener(\"DOMContentLoaded\",function(){for(var e,t,s=l.querySelectorAll(\"iframe.wp-embedded-content\"),r=0;r<s.length;r++)(t=(e=s[r]).getAttribute(\"data-secret\"))||(t=Math.random().toString(36).substring(2,12),e.src+=\"#?secret=\"+t,e.setAttribute(\"data-secret\",t)),e.contentWindow.postMessage({message:\"ready\",secret:t},\"*\")},!1)))}(window,document);\n\/\/# sourceURL=https:\/\/denizcankizil.tr\/wp-includes\/js\/wp-embed.min.js\n<\/script>","description":"Memorial Antalya Hastanesi Psikiyatri B\u00f6l\u00fcm\u00fc&#8217;nden Uzm. Dr. Fatma Arkaz, iklim de\u011fi\u015fikli\u011fi yaln\u0131zca buzullar\u0131n erimesine, s\u0131cakl\u0131klar\u0131n artmas\u0131na ya da kurakl\u0131klar\u0131n ya\u015fanmas\u0131na neden olmad\u0131\u011f\u0131n\u0131, ayn\u0131 zamanda ki\u015filerin i\u00e7 d\u00fcnyas\u0131n\u0131 da sessizce de\u011fi\u015ftirdi\u011fini s\u00f6yledi. Kayg\u0131, belirsizlikler ve gelece\u011fe dair umut kayb\u0131, bu krizin ruh sa\u011fl\u0131\u011f\u0131m\u0131za b\u0131rakt\u0131\u011f\u0131 g\u00f6r\u00fcnmeyen izleri oldu\u011funa dikkati \u00e7eken Arkaz, &#8220;A\u015f\u0131r\u0131 s\u0131caklar, kurakl\u0131klar, su s\u0131k\u0131nt\u0131s\u0131, orman yang\u0131nlar\u0131 ve seller gibi olaylar her ge\u00e7en g\u00fcn daha s\u0131k ya\u015fan\u0131yor ve bunlar\u0131n insan ya\u015fam\u0131n\u0131 nas\u0131l etkiledi\u011fine dair haberler s\u00fcrekli g\u00fcndemde yerini al\u0131yor. Bu olaylar\u0131n sadece \u00e7evresel de\u011fil, ayn\u0131 zamanda sa\u011fl\u0131k ve ruh sa\u011fl\u0131\u011f\u0131 \u00fczerindeki etkileri de gitgide daha g\u00f6r\u00fcn\u00fcr hale geliyor&#8221; dedi. &#8220;Psikolojik dayan\u0131kl\u0131l\u0131k, geli\u015ftirilebilir bir kapasitedir ve bu s\u00fcre\u00e7te at\u0131labilecek ad\u0131mlar, hem bireyin i\u00e7e ait g\u00fcc\u00fcn\u00fc art\u0131rabilir hem de toplumsal dayan\u0131\u015fmay\u0131 besleyebilir&#8221; diyen Uzm. Dr. Fatma Arkaz, gelecek kayg\u0131s\u0131 konusunda at\u0131lmas\u0131 gereken ad\u0131mlardan bahsetti. &#8220;\u0130klim de\u011fi\u015fikli\u011fi ruh sa\u011fl\u0131\u011f\u0131n\u0131 olumsuz etkiliyor&#8221; Arkaz, \u015funlar\u0131 s\u00f6yledi: &#8220;\u0130klim de\u011fi\u015fikli\u011fi; insan kaynakl\u0131 faaliyetlerin, k\u00fcresel atmosferin bile\u015fimini do\u011frudan ya da dolayl\u0131 bi\u00e7imde etkilemesi sonucunda ortaya \u00e7\u0131kan uzun vadeli iklimsel farkl\u0131la\u015fmalar olarak tan\u0131mlanmaktad\u0131r. \u0130klim de\u011fi\u015fikli\u011fi, beklenenden \u00e7ok daha h\u0131zl\u0131 bir \u015fekilde meydana gelmekte ve bu h\u0131z onu bir iklim krizi haline getirmektedir. \u0130nsanl\u0131k i\u00e7in varolu\u015fsal bir tehdit olu\u015fturan bu kriz, sa\u011fl\u0131k tehlikelerinden biri olarak kar\u015f\u0131m\u0131za \u00e7\u0131kmaktad\u0131r. \u0130klim de\u011fi\u015fikli\u011finin zihinsel ve &hellip;"}