{"version":"1.0","provider_name":"Av. Deniz Can K\u0131z\u0131l","provider_url":"https:\/\/denizcankizil.tr\/en","author_name":"Av. Deniz Can K\u0131z\u0131l","author_url":"https:\/\/denizcankizil.tr\/en\/author\/denizcankizil\/","title":"Hortum ortal\u0131\u011f\u0131 birbirine katt\u0131","type":"rich","width":600,"height":338,"html":"<blockquote class=\"wp-embedded-content\" data-secret=\"PvDMR4qKZD\"><a href=\"https:\/\/denizcankizil.tr\/en\/haberler\/antalya\/hortum-ortaligi-birbirine-katti\/\">Hortum ortal\u0131\u011f\u0131 birbirine katt\u0131<\/a><\/blockquote><iframe sandbox=\"allow-scripts\" security=\"restricted\" src=\"https:\/\/denizcankizil.tr\/en\/haberler\/antalya\/hortum-ortaligi-birbirine-katti\/embed\/#?secret=PvDMR4qKZD\" width=\"600\" height=\"338\" title=\"&#8220;Hortum ortal\u0131\u011f\u0131 birbirine katt\u0131&#8221; &#8212; Av. Deniz Can K\u0131z\u0131l\" data-secret=\"PvDMR4qKZD\" frameborder=\"0\" marginwidth=\"0\" marginheight=\"0\" scrolling=\"no\" class=\"wp-embedded-content\"><\/iframe><script>\n\/*! This file is auto-generated *\/\n!function(d,l){\"use strict\";l.querySelector&&d.addEventListener&&\"undefined\"!=typeof URL&&(d.wp=d.wp||{},d.wp.receiveEmbedMessage||(d.wp.receiveEmbedMessage=function(e){var t=e.data;if((t||t.secret||t.message||t.value)&&!\/[^a-zA-Z0-9]\/.test(t.secret)){for(var s,r,n,a=l.querySelectorAll('iframe[data-secret=\"'+t.secret+'\"]'),o=l.querySelectorAll('blockquote[data-secret=\"'+t.secret+'\"]'),c=new RegExp(\"^https?:$\",\"i\"),i=0;i<o.length;i++)o[i].style.display=\"none\";for(i=0;i<a.length;i++)s=a[i],e.source===s.contentWindow&&(s.removeAttribute(\"style\"),\"height\"===t.message?(1e3<(r=parseInt(t.value,10))?r=1e3:~~r<200&&(r=200),s.height=r):\"link\"===t.message&&(r=new URL(s.getAttribute(\"src\")),n=new URL(t.value),c.test(n.protocol))&&n.host===r.host&&l.activeElement===s&&(d.top.location.href=t.value))}},d.addEventListener(\"message\",d.wp.receiveEmbedMessage,!1),l.addEventListener(\"DOMContentLoaded\",function(){for(var e,t,s=l.querySelectorAll(\"iframe.wp-embedded-content\"),r=0;r<s.length;r++)(t=(e=s[r]).getAttribute(\"data-secret\"))||(t=Math.random().toString(36).substring(2,12),e.src+=\"#?secret=\"+t,e.setAttribute(\"data-secret\",t)),e.contentWindow.postMessage({message:\"ready\",secret:t},\"*\")},!1)))}(window,document);\n\/\/# sourceURL=https:\/\/denizcankizil.tr\/wp-includes\/js\/wp-embed.min.js\n<\/script>","thumbnail_url":"https:\/\/denizcankizil.tr\/wp-content\/uploads\/2025\/04\/a-w424841-04-wxUgEH.jpeg","thumbnail_width":1280,"thumbnail_height":720,"description":"Manavgat&#8217;ta gece saatlerinde ba\u015flayan ve sabah etkisini art\u0131rarak devam eden sa\u011fanak ya\u011f\u0131\u015f g\u00fcnl\u00fck ya\u015fam\u0131 olumsuz etkilerken, saat 11.30 s\u0131ralar\u0131nda \u00e7\u0131kan hortum, Manavgat-Antalya D-400 Karayolu yan yol \u00fczeri, G\u00fcltepe Mahallesi&#8217;nde bulunan G\u00f6k Mobilya isimli i\u015f yerine b\u00fcy\u00fck \u00f6l\u00e7\u00fcde zarar verdi. Hortum, i\u015f yerinin \u00f6n\u00fcnde \u00f6rnek olarak bulunan 2 ton a\u011f\u0131rl\u0131\u011f\u0131ndaki \u00fc\u00e7gen evi otomobillerin \u00fczerinden u\u00e7urup 30 metre ileride ters d\u00f6nd\u00fcr\u00fcrken, \u00e7at\u0131s\u0131n\u0131 i\u015f yerinin \u00f6n\u00fcnde park halindeki otomobillerin \u00fczerine att\u0131. Hortumun havaland\u0131r\u0131p otomobillerin \u00fczerine att\u0131\u011f\u0131 karavan yap\u0131lmak \u00fczere bekleyen hafif ticari ara\u00e7 ise g\u00f6renleri hayrete d\u00fc\u015f\u00fcrd\u00fc. Hortumun meydana gelmesinden k\u0131sa s\u00fcre \u00f6nce elektrik kesintisi meydana geldi\u011fi, i\u015f yerinde bulunanlar\u0131n otomatik kap\u0131y\u0131 kapatmak i\u00e7in i\u015f yerinin \u00f6n\u00fcnde bekledi\u011fi s\u0131rada hortumun meydana geldi\u011fi, i\u015f yeri \u00e7al\u0131\u015fanlar\u0131n\u0131n facian\u0131n e\u015fi\u011finden d\u00f6nd\u00fc\u011f\u00fc bildirildi. Di\u011fer taraftan hortum an\u0131nda Manavgat-Antalya yolunda seyir halindeki bir otomobil hortumdan etkilenirken otomobilde b\u00fcy\u00fck \u00f6l\u00e7\u00fcde zarar olu\u015ftu. &#8220;Sevindirici olan taraf\u0131 can kayb\u0131n\u0131n olmamas\u0131&#8221; Hortumun ard\u0131ndan Manavgat Ticaret ve Sanayi Odas\u0131 Ba\u015fkan\u0131 Seydi G\u00fcng\u00f6r, hortumdan zarar g\u00f6ren i\u015f yerine gelerek incelemelerde bulundu ve i\u015f yeri sahiplerine ge\u00e7mi\u015f dile\u011finde bulundu. B\u00fcy\u00fck bir do\u011fal afet ya\u015fand\u0131\u011f\u0131n\u0131 belirten MATSO Ba\u015fkan\u0131 G\u00fcng\u00f6r &#8220;Sevindirici olan taraf\u0131 can kayb\u0131n\u0131n olmamas\u0131. B\u00fcy\u00fck \u00f6l\u00e7\u00fcde maddi hasar olu\u015ftu. Allah beterinden korusun, i\u015f yeri sahibimize ve Manavgat&#8217;\u0131m\u0131za \u00e7ok ge\u00e7mi\u015f olsun&#8221; dedi. &#8220;Bungalov \u00f6nce sa\u011fa, sonra &hellip;"}