{"version":"1.0","provider_name":"Av. Deniz Can K\u0131z\u0131l","provider_url":"https:\/\/denizcankizil.tr\/en","author_name":"Av. Deniz Can K\u0131z\u0131l","author_url":"https:\/\/denizcankizil.tr\/en\/author\/denizcankizil\/","title":"Hayranl\u0131k duydu\u011fu k\u0131yafetlere kavu\u015ftu","type":"rich","width":600,"height":338,"html":"<blockquote class=\"wp-embedded-content\" data-secret=\"XeDRv8D5N2\"><a href=\"https:\/\/denizcankizil.tr\/en\/haberler\/antalya\/hayranlik-duydugu-kiyafetlere-kavustu\/\">Hayranl\u0131k duydu\u011fu k\u0131yafetlere kavu\u015ftu<\/a><\/blockquote><iframe sandbox=\"allow-scripts\" security=\"restricted\" src=\"https:\/\/denizcankizil.tr\/en\/haberler\/antalya\/hayranlik-duydugu-kiyafetlere-kavustu\/embed\/#?secret=XeDRv8D5N2\" width=\"600\" height=\"338\" title=\"&#8220;Hayranl\u0131k duydu\u011fu k\u0131yafetlere kavu\u015ftu&#8221; &#8212; Av. Deniz Can K\u0131z\u0131l\" data-secret=\"XeDRv8D5N2\" frameborder=\"0\" marginwidth=\"0\" marginheight=\"0\" scrolling=\"no\" class=\"wp-embedded-content\"><\/iframe><script>\n\/*! This file is auto-generated *\/\n!function(d,l){\"use strict\";l.querySelector&&d.addEventListener&&\"undefined\"!=typeof URL&&(d.wp=d.wp||{},d.wp.receiveEmbedMessage||(d.wp.receiveEmbedMessage=function(e){var t=e.data;if((t||t.secret||t.message||t.value)&&!\/[^a-zA-Z0-9]\/.test(t.secret)){for(var s,r,n,a=l.querySelectorAll('iframe[data-secret=\"'+t.secret+'\"]'),o=l.querySelectorAll('blockquote[data-secret=\"'+t.secret+'\"]'),c=new RegExp(\"^https?:$\",\"i\"),i=0;i<o.length;i++)o[i].style.display=\"none\";for(i=0;i<a.length;i++)s=a[i],e.source===s.contentWindow&&(s.removeAttribute(\"style\"),\"height\"===t.message?(1e3<(r=parseInt(t.value,10))?r=1e3:~~r<200&&(r=200),s.height=r):\"link\"===t.message&&(r=new URL(s.getAttribute(\"src\")),n=new URL(t.value),c.test(n.protocol))&&n.host===r.host&&l.activeElement===s&&(d.top.location.href=t.value))}},d.addEventListener(\"message\",d.wp.receiveEmbedMessage,!1),l.addEventListener(\"DOMContentLoaded\",function(){for(var e,t,s=l.querySelectorAll(\"iframe.wp-embedded-content\"),r=0;r<s.length;r++)(t=(e=s[r]).getAttribute(\"data-secret\"))||(t=Math.random().toString(36).substring(2,12),e.src+=\"#?secret=\"+t,e.setAttribute(\"data-secret\",t)),e.contentWindow.postMessage({message:\"ready\",secret:t},\"*\")},!1)))}(window,document);\n\/\/# sourceURL=https:\/\/denizcankizil.tr\/wp-includes\/js\/wp-embed.min.js\n<\/script>","thumbnail_url":"https:\/\/denizcankizil.tr\/wp-content\/uploads\/2025\/01\/4143-01-VX5IXH.jpeg","thumbnail_width":1280,"thumbnail_height":720,"description":"Kepez&#8217;in K\u00fclt\u00fcr Mahallesi&#8217;nde ya\u015fayan ve mental retardasyon tan\u0131s\u0131 olan 27 ya\u015f\u0131ndaki Emre Dar\u0131l\u0131o\u011fullar\u0131, her sabah evinin penceresinden parka gelen Kepez Belediyesi ekiplerini izliyor ve onlar\u0131n giydi\u011fi i\u015f k\u0131yafetlerine b\u00fcy\u00fck bir hayranl\u0131k duyuyordu. Emre&#8217;nin en b\u00fcy\u00fck hayali ise bir g\u00fcn hayranl\u0131k duydu\u011fu belediye personellerinin i\u015f k\u0131yafetini giyebilmekti. O\u011flunun hayalini ger\u00e7ekle\u015ftirmek isteyen anne Fatma Dar\u0131l\u0131o\u011fullar\u0131, Kepez Belediye Ba\u015fkan\u0131 Mesut Kocag\u00f6z&#8217;e ula\u015ft\u0131. Emre&#8217;nin her sabah belediye ekiplerini d\u00f6rt g\u00f6zle bekledi\u011fini, onlara duydu\u011fu hayranl\u0131\u011f\u0131 ve en b\u00fcy\u00fck hayalinin ise Kepez Belediyesi&#8217;nin i\u015f k\u0131yafetini giymek oldu\u011funu anlatt\u0131. Annenin talebine kay\u0131ts\u0131z kalmayan Ba\u015fkan Kocag\u00f6z, Kepez Belediyesi&#8217;nin ve Belediyespor Kul\u00fcb\u00fc&#8217;n\u00fcn formas\u0131n\u0131 Emre&#8217;ye g\u00f6ndererek, hayalini ger\u00e7ekle\u015ftirdi. Belediye personeli taraf\u0131ndan hediyeleri evinde teslim edilen Emre, b\u00fcy\u00fck bir sevin\u00e7 ya\u015fad\u0131. \u201cAkl\u0131mdan onlar gibi nas\u0131l \u00e7al\u0131\u015f\u0131r\u0131m diye ge\u00e7iyordu\u201d Emre Dar\u0131l\u0131o\u011fullar\u0131, \u201cPark bah\u00e7e ekibini g\u00f6r\u00fcyordum. Onlar gibi nas\u0131l \u00e7al\u0131\u015f\u0131r\u0131m diye akl\u0131mdan ge\u00e7iriyordum. Belediyeye girmeye karar vermi\u015ftim\u201d derken anne Fatma Dar\u0131l\u0131o\u011fullar\u0131, \u201cEmre&#8217;nin en b\u00fcy\u00fck hayali park ve bah\u00e7eler ekibinde \u00e7al\u0131\u015fmakt\u0131. \u00d6zellikle de belediye formas\u0131n\u0131 giymeyi \u00e7ok istiyordu. Konuyla ilgili ba\u015fkan\u0131m\u0131za ula\u015ft\u0131k. Sa\u011f olsun talebimizi kar\u015f\u0131l\u0131ks\u0131z b\u0131rakmad\u0131. Emre&#8217;yi k\u0131rmayarak g\u00f6nderdi\u011fi hediyeler i\u00e7in ba\u015fkan\u0131m\u0131za te\u015fekk\u00fcr ediyoruz. O\u011flumun mutlulu\u011fu bizim i\u00e7in her \u015feyden de\u011ferli\u201d dedi. Kaynak: www.kanalv.com.tr Haber Sitesinden Al\u0131nm\u0131\u015ft\u0131r."}