{"version":"1.0","provider_name":"Av. Deniz Can K\u0131z\u0131l","provider_url":"https:\/\/denizcankizil.tr\/en","author_name":"Av. Deniz Can K\u0131z\u0131l","author_url":"https:\/\/denizcankizil.tr\/en\/author\/denizcankizil\/","title":"G\u00fcne\u015flenmek i\u00e7in \u00e7\u0131kt\u0131\u011f\u0131 balkonda \u00f6l\u00fc bulundu","type":"rich","width":600,"height":338,"html":"<blockquote class=\"wp-embedded-content\" data-secret=\"gxe8PvfOii\"><a href=\"https:\/\/denizcankizil.tr\/en\/haberler\/antalya\/guneslenmek-icin-ciktigi-balkonda-olu-bulundu\/\">G\u00fcne\u015flenmek i\u00e7in \u00e7\u0131kt\u0131\u011f\u0131 balkonda \u00f6l\u00fc bulundu<\/a><\/blockquote><iframe sandbox=\"allow-scripts\" security=\"restricted\" src=\"https:\/\/denizcankizil.tr\/en\/haberler\/antalya\/guneslenmek-icin-ciktigi-balkonda-olu-bulundu\/embed\/#?secret=gxe8PvfOii\" width=\"600\" height=\"338\" title=\"&#8220;G\u00fcne\u015flenmek i\u00e7in \u00e7\u0131kt\u0131\u011f\u0131 balkonda \u00f6l\u00fc bulundu&#8221; &#8212; Av. Deniz Can K\u0131z\u0131l\" data-secret=\"gxe8PvfOii\" frameborder=\"0\" marginwidth=\"0\" marginheight=\"0\" scrolling=\"no\" class=\"wp-embedded-content\"><\/iframe><script>\n\/*! This file is auto-generated *\/\n!function(d,l){\"use strict\";l.querySelector&&d.addEventListener&&\"undefined\"!=typeof URL&&(d.wp=d.wp||{},d.wp.receiveEmbedMessage||(d.wp.receiveEmbedMessage=function(e){var t=e.data;if((t||t.secret||t.message||t.value)&&!\/[^a-zA-Z0-9]\/.test(t.secret)){for(var s,r,n,a=l.querySelectorAll('iframe[data-secret=\"'+t.secret+'\"]'),o=l.querySelectorAll('blockquote[data-secret=\"'+t.secret+'\"]'),c=new RegExp(\"^https?:$\",\"i\"),i=0;i<o.length;i++)o[i].style.display=\"none\";for(i=0;i<a.length;i++)s=a[i],e.source===s.contentWindow&&(s.removeAttribute(\"style\"),\"height\"===t.message?(1e3<(r=parseInt(t.value,10))?r=1e3:~~r<200&&(r=200),s.height=r):\"link\"===t.message&&(r=new URL(s.getAttribute(\"src\")),n=new URL(t.value),c.test(n.protocol))&&n.host===r.host&&l.activeElement===s&&(d.top.location.href=t.value))}},d.addEventListener(\"message\",d.wp.receiveEmbedMessage,!1),l.addEventListener(\"DOMContentLoaded\",function(){for(var e,t,s=l.querySelectorAll(\"iframe.wp-embedded-content\"),r=0;r<s.length;r++)(t=(e=s[r]).getAttribute(\"data-secret\"))||(t=Math.random().toString(36).substring(2,12),e.src+=\"#?secret=\"+t,e.setAttribute(\"data-secret\",t)),e.contentWindow.postMessage({message:\"ready\",secret:t},\"*\")},!1)))}(window,document);\n\/\/# sourceURL=https:\/\/denizcankizil.tr\/wp-includes\/js\/wp-embed.min.js\n<\/script>","description":"Olay, saat 12.00 s\u0131ralar\u0131nda Muratpa\u015fa il\u00e7esi \u00dc\u00e7gen Mahallesi 104 sokak \u00fczerinde bulunan bir apartman\u0131n ikinci kat\u0131nda meydana geldi. Edinilen bilgiye g\u00f6re, 70 ya\u015f\u0131ndaki \u0130smail Kabaa\u011fa\u00e7 her sabah oldu\u011fu gibi temiz hava almak ve g\u00fcne\u015flenmek i\u00e7in day\u0131s\u0131 ile birlikte oturdu\u011fu dairenin balkonuna \u00e7\u0131kt\u0131. Sandalyeye oturan Kabaa\u011fa\u00e7&#8217;\u0131 \u00f6\u011flen saatlerinde kar\u015f\u0131 apartmanda oturan kom\u015fusu hareketsiz \u015fekilde g\u00f6rd\u00fc. Seslenmesine ra\u011fmen Kabaa\u011fa\u00e7&#8217;tan tepki alamayan kom\u015fusu durumu 112 Acil \u00c7a\u011fr\u0131 Merkezi&#8217;ne bildirdi. \u0130hbarla olay yerine sa\u011fl\u0131k ve polis ekipleri sevk edildi. Dairenin kap\u0131s\u0131n\u0131n kapal\u0131 olmas\u0131 nedeniyle olay yerine gelen polis ekipleri itfaiyeden destek istedi. Uyudu\u011funu sanan mahalle sakinleri a\u015fa\u011f\u0131dan seslendi Bu s\u0131rada olan biteni merakl\u0131 g\u00f6zlerle izleyen mahalle sakinleri sandalyede oturur vaziyetteki Kabaa\u011fa\u00e7&#8217;a seslenmeyi s\u00fcrd\u00fcrd\u00fc. \u0130tfaiye ekiplerin yard\u0131m\u0131 ile girilen dairenin balkonunda hareketsiz \u015fekildeki \u0130smail Kabaa\u011fa\u00e7&#8217;\u0131n hayat\u0131n\u0131 kaybetti\u011fi belirlendi. Adli tabip taraf\u0131ndan yap\u0131lan incelemede Kabaa\u011fa\u00e7&#8217;\u0131n kalp krizi nedeniyle vefat etti\u011fi belirlendi. Ya\u015fl\u0131 adam\u0131n her sabah g\u00fcne\u015flenmek i\u00e7in balkona \u00e7\u0131kt\u0131\u011f\u0131n\u0131 belirten apartman y\u00f6neticisi Ramazan Din\u00e7, &#8220;Kar\u015f\u0131 binadan kom\u015fular g\u00f6rm\u00fc\u015f. Polis arkada\u015flar geldi. Kom\u015fular zaten her sabah balkona \u00e7\u0131kar otururdu. Day\u0131s\u0131 ile birlikte kal\u0131yor, kendi halinde bir insand\u0131. En son d\u00fcn g\u00f6rd\u00fcm, marketten bir \u015feyler istedi. Ald\u0131m a\u015fa\u011f\u0131ya sepet sark\u0131tt\u0131, istediklerini verdim&#8221; dedi. Kaynak: www.kanalv.com.tr Haber Sitesinden Al\u0131nm\u0131\u015ft\u0131r."}