{"version":"1.0","provider_name":"Av. Deniz Can K\u0131z\u0131l","provider_url":"https:\/\/denizcankizil.tr\/en","author_name":"Av. Deniz Can K\u0131z\u0131l","author_url":"https:\/\/denizcankizil.tr\/en","title":"GastroAntalya kap\u0131lar\u0131n\u0131 a\u00e7t\u0131","type":"rich","width":600,"height":338,"html":"<blockquote class=\"wp-embedded-content\" data-secret=\"r63HykhEBY\"><a href=\"https:\/\/denizcankizil.tr\/en\/haberler\/antalya\/gastroantalya-kapilarini-acti\/\">GastroAntalya kap\u0131lar\u0131n\u0131 a\u00e7t\u0131<\/a><\/blockquote><iframe sandbox=\"allow-scripts\" security=\"restricted\" src=\"https:\/\/denizcankizil.tr\/en\/haberler\/antalya\/gastroantalya-kapilarini-acti\/embed\/#?secret=r63HykhEBY\" width=\"600\" height=\"338\" title=\"&#8220;GastroAntalya kap\u0131lar\u0131n\u0131 a\u00e7t\u0131&#8221; &#8212; Av. Deniz Can K\u0131z\u0131l\" data-secret=\"r63HykhEBY\" frameborder=\"0\" marginwidth=\"0\" marginheight=\"0\" scrolling=\"no\" class=\"wp-embedded-content\"><\/iframe><script>\n\/*! This file is auto-generated *\/\n!function(d,l){\"use strict\";l.querySelector&&d.addEventListener&&\"undefined\"!=typeof URL&&(d.wp=d.wp||{},d.wp.receiveEmbedMessage||(d.wp.receiveEmbedMessage=function(e){var t=e.data;if((t||t.secret||t.message||t.value)&&!\/[^a-zA-Z0-9]\/.test(t.secret)){for(var s,r,n,a=l.querySelectorAll('iframe[data-secret=\"'+t.secret+'\"]'),o=l.querySelectorAll('blockquote[data-secret=\"'+t.secret+'\"]'),c=new RegExp(\"^https?:$\",\"i\"),i=0;i<o.length;i++)o[i].style.display=\"none\";for(i=0;i<a.length;i++)s=a[i],e.source===s.contentWindow&&(s.removeAttribute(\"style\"),\"height\"===t.message?(1e3<(r=parseInt(t.value,10))?r=1e3:~~r<200&&(r=200),s.height=r):\"link\"===t.message&&(r=new URL(s.getAttribute(\"src\")),n=new URL(t.value),c.test(n.protocol))&&n.host===r.host&&l.activeElement===s&&(d.top.location.href=t.value))}},d.addEventListener(\"message\",d.wp.receiveEmbedMessage,!1),l.addEventListener(\"DOMContentLoaded\",function(){for(var e,t,s=l.querySelectorAll(\"iframe.wp-embedded-content\"),r=0;r<s.length;r++)(t=(e=s[r]).getAttribute(\"data-secret\"))||(t=Math.random().toString(36).substring(2,12),e.src+=\"#?secret=\"+t,e.setAttribute(\"data-secret\",t)),e.contentWindow.postMessage({message:\"ready\",secret:t},\"*\")},!1)))}(window,document);\n\/\/# sourceURL=https:\/\/denizcankizil.tr\/wp-includes\/js\/wp-embed.min.js\n<\/script>","thumbnail_url":"https:\/\/denizcankizil.tr\/wp-content\/uploads\/2024\/11\/3087-01-Y2bfNF.jpeg","thumbnail_width":1280,"thumbnail_height":720,"description":"Antalya B\u00fcy\u00fck\u015fehir Belediyesi\u2019nin katk\u0131lar\u0131yla Akdeniz \u015eefler Kul\u00fcb\u00fc taraf\u0131ndan d\u00fczenlenen etkinli\u011fin a\u00e7\u0131l\u0131\u015f\u0131 Antalya Valisi Hulusi \u015eahin, Antalya B\u00fcy\u00fck\u015fehir Belediye Ba\u015fkan\u0131 Muhittin B\u00f6cek\u2019in de kat\u0131ld\u0131\u011f\u0131 bir t\u00f6renle ger\u00e7ekle\u015fti. Antalya ad\u0131na son derece \u00f6nemli T\u00f6renin a\u00e7\u0131l\u0131\u015f\u0131nda konu\u015fan Antalya B\u00fcy\u00fck\u015fehir Belediye Ba\u015fkan\u0131 Muhittin B\u00f6cek, bu t\u00fcr etkinlikleri Antalya ad\u0131na son derece \u00f6nemsediklerini s\u00f6yledi. Antalya\u2019n\u0131n zengin mutfak k\u00fclt\u00fcr\u00fcn\u00fc t\u00fcm d\u00fcnyaya tan\u0131t\u0131lmas\u0131 gerekti\u011fine dikkat \u00e7eken Ba\u015fkan B\u00f6cek, \u201cKentimize gastronomi alan\u0131nda hak etti\u011fi de\u011feri kazand\u0131rmak i\u00e7in ba\u015flatt\u0131\u011f\u0131m\u0131z Uluslararas\u0131 Food Fest Antalya Gastronomi Festivali\u2019nin 3\u2019\u00fcnc\u00fcs\u00fcn\u00fc rekor kat\u0131l\u0131m ile A\u011fustos ay\u0131nda ger\u00e7ekle\u015ftirdik. Bug\u00fcn de Akdeniz \u015eefler Kul\u00fcb\u00fcm\u00fcz ile d\u00fcnyan\u0131n mutfak y\u0131ld\u0131zlar\u0131n\u0131 5. kez bulu\u015fturuyoruz. Yiyecek ve i\u00e7ecek sekt\u00f6r\u00fcndeki usta yar\u0131\u015fmac\u0131lar, yerli ve yabanc\u0131 j\u00fcri \u00fcyelerinin oylar\u0131 ile ba\u015far\u0131lar\u0131n\u0131 tescil edecekler. Ayr\u0131ca \u00e7al\u0131\u015ftaylar, sunumlar, paneller, \u00fcr\u00fcn tad\u0131mlar\u0131 gibi bir\u00e7ok farkl\u0131 etkinlik ger\u00e7ekle\u015ftirilecek. Mutfak sanat\u0131m\u0131z\u0131, gastronomi sekt\u00f6r\u00fcm\u00fcz\u00fc siz de\u011ferli \u015feflerimizle daha \u00fcst seviyelere \u00e7\u0131karaca\u011f\u0131z\u201d diye konu\u015ftu. Vali \u015eahin gastronominin \u00f6nemine de\u011findi Vali Hulusi \u015eahin de turizmle ayr\u0131lmaz ikili olan gastronominin \u00f6nemine de\u011finerek, \u201c40 \u00fclkeden gelen \u015feflerimize, say\u0131s\u0131 binleri ge\u00e7en yar\u0131\u015fmac\u0131lar\u0131m\u0131za te\u015fekk\u00fcr ediyorum. Turizmin ba\u015fkenti olarak, turizmle ayr\u0131lmaz bir ikili olan gastronomiye de ba\u015fkentlik edecektik. Bunu ba\u015farm\u0131\u015f oldunuz. Bu muhte\u015fem co\u011frafyada bizim de\u011ferli \u00fcr\u00fcnlerimiz var. K\u00f6kl\u00fc k\u00fclt\u00fcr\u00fcm\u00fcz sonucu de\u011ferli bir de mutfa\u011f\u0131m\u0131z var. T\u00fcrkiye\u2019de \u015feflik mesle\u011fine b\u00fcy\u00fck bir ilgi var. Bu etkinlik, &hellip;"}