{"version":"1.0","provider_name":"Av. Deniz Can K\u0131z\u0131l","provider_url":"https:\/\/denizcankizil.tr\/en","author_name":"Av. Deniz Can K\u0131z\u0131l","author_url":"https:\/\/denizcankizil.tr\/en\/author\/denizcankizil\/","title":"Falezlere do\u011fru s\u00fcr\u00fcklenen tekne kurtar\u0131ld\u0131","type":"rich","width":600,"height":338,"html":"<blockquote class=\"wp-embedded-content\" data-secret=\"krSGmMfLYv\"><a href=\"https:\/\/denizcankizil.tr\/en\/haberler\/antalya\/falezlere-dogru-suruklenen-tekne-kurtarildi\/\">Falezlere do\u011fru s\u00fcr\u00fcklenen tekne kurtar\u0131ld\u0131<\/a><\/blockquote><iframe sandbox=\"allow-scripts\" security=\"restricted\" src=\"https:\/\/denizcankizil.tr\/en\/haberler\/antalya\/falezlere-dogru-suruklenen-tekne-kurtarildi\/embed\/#?secret=krSGmMfLYv\" width=\"600\" height=\"338\" title=\"&#8220;Falezlere do\u011fru s\u00fcr\u00fcklenen tekne kurtar\u0131ld\u0131&#8221; &#8212; Av. Deniz Can K\u0131z\u0131l\" data-secret=\"krSGmMfLYv\" frameborder=\"0\" marginwidth=\"0\" marginheight=\"0\" scrolling=\"no\" class=\"wp-embedded-content\"><\/iframe><script>\n\/*! This file is auto-generated *\/\n!function(d,l){\"use strict\";l.querySelector&&d.addEventListener&&\"undefined\"!=typeof URL&&(d.wp=d.wp||{},d.wp.receiveEmbedMessage||(d.wp.receiveEmbedMessage=function(e){var t=e.data;if((t||t.secret||t.message||t.value)&&!\/[^a-zA-Z0-9]\/.test(t.secret)){for(var s,r,n,a=l.querySelectorAll('iframe[data-secret=\"'+t.secret+'\"]'),o=l.querySelectorAll('blockquote[data-secret=\"'+t.secret+'\"]'),c=new RegExp(\"^https?:$\",\"i\"),i=0;i<o.length;i++)o[i].style.display=\"none\";for(i=0;i<a.length;i++)s=a[i],e.source===s.contentWindow&&(s.removeAttribute(\"style\"),\"height\"===t.message?(1e3<(r=parseInt(t.value,10))?r=1e3:~~r<200&&(r=200),s.height=r):\"link\"===t.message&&(r=new URL(s.getAttribute(\"src\")),n=new URL(t.value),c.test(n.protocol))&&n.host===r.host&&l.activeElement===s&&(d.top.location.href=t.value))}},d.addEventListener(\"message\",d.wp.receiveEmbedMessage,!1),l.addEventListener(\"DOMContentLoaded\",function(){for(var e,t,s=l.querySelectorAll(\"iframe.wp-embedded-content\"),r=0;r<s.length;r++)(t=(e=s[r]).getAttribute(\"data-secret\"))||(t=Math.random().toString(36).substring(2,12),e.src+=\"#?secret=\"+t,e.setAttribute(\"data-secret\",t)),e.contentWindow.postMessage({message:\"ready\",secret:t},\"*\")},!1)))}(window,document);\n\/\/# sourceURL=https:\/\/denizcankizil.tr\/wp-includes\/js\/wp-embed.min.js\n<\/script>","description":"Olay, ge\u00e7ti\u011fimiz g\u00fcn Antalya&#8217;n\u0131n Muratpa\u015fa il\u00e7esi D\u00fcden \u015eelalesi a\u00e7\u0131klar\u0131nda meydana geldi. Edinilen bilgiye g\u00f6re, \u00f6zel bir teknenin motor ar\u0131zas\u0131 nedeniyle falezlere do\u011fru s\u00fcr\u00fcklendi\u011fi ihbar\u0131 \u00fczerine, Sahil G\u00fcvenlik Antalya Grup Komutanl\u0131\u011f\u0131 ekipleri h\u0131zla b\u00f6lgeye sevk edildi. K\u0131sa s\u00fcrede olay yerine ula\u015fan ekipler, falezlere yakla\u015fmakta olan ar\u0131zal\u0131 tekneyi tespit etti. Tekne i\u00e7erisinde bulunan 3 ki\u015finin sa\u011fl\u0131k durumlar\u0131n\u0131n iyi oldu\u011fu belirlenirken, Sahil G\u00fcvenlik botu taraf\u0131ndan tekne emniyetli bir \u015fekilde halata al\u0131narak Aksu \u00c7ay\u0131\u2019na \u00e7ekildi. \u0130ntikal s\u00fcresince Sahil G\u00fcvenlik ekipleri tekneye refakat ederek g\u00fcvenli\u011fi sa\u011flad\u0131. Olayla ilgili herhangi bir yaralanma ya\u015fanmazken, Sahil G\u00fcvenlik ekiplerinin h\u0131zl\u0131 m\u00fcdahalesi olas\u0131 bir facian\u0131n \u00f6n\u00fcne ge\u00e7ti. Kaynak: www.kanalv.com.tr Haber Sitesinden Al\u0131nm\u0131\u015ft\u0131r."}