{"version":"1.0","provider_name":"Av. Deniz Can K\u0131z\u0131l","provider_url":"https:\/\/denizcankizil.tr\/en","author_name":"Av. Deniz Can K\u0131z\u0131l","author_url":"https:\/\/denizcankizil.tr\/en\/author\/denizcankizil\/","title":"Fadim Temirhano\u011fullar\u0131 cinayetinde ikinci tutuklama","type":"rich","width":600,"height":338,"html":"<blockquote class=\"wp-embedded-content\" data-secret=\"fndBZUXzxK\"><a href=\"https:\/\/denizcankizil.tr\/en\/haberler\/antalya\/fadim-temirhanogullari-cinayetinde-ikinci-tutuklama\/\">Fadim Temirhano\u011fullar\u0131 cinayetinde ikinci tutuklama<\/a><\/blockquote><iframe sandbox=\"allow-scripts\" security=\"restricted\" src=\"https:\/\/denizcankizil.tr\/en\/haberler\/antalya\/fadim-temirhanogullari-cinayetinde-ikinci-tutuklama\/embed\/#?secret=fndBZUXzxK\" width=\"600\" height=\"338\" title=\"&#8220;Fadim Temirhano\u011fullar\u0131 cinayetinde ikinci tutuklama&#8221; &#8212; Av. Deniz Can K\u0131z\u0131l\" data-secret=\"fndBZUXzxK\" frameborder=\"0\" marginwidth=\"0\" marginheight=\"0\" scrolling=\"no\" class=\"wp-embedded-content\"><\/iframe><script>\n\/*! This file is auto-generated *\/\n!function(d,l){\"use strict\";l.querySelector&&d.addEventListener&&\"undefined\"!=typeof URL&&(d.wp=d.wp||{},d.wp.receiveEmbedMessage||(d.wp.receiveEmbedMessage=function(e){var t=e.data;if((t||t.secret||t.message||t.value)&&!\/[^a-zA-Z0-9]\/.test(t.secret)){for(var s,r,n,a=l.querySelectorAll('iframe[data-secret=\"'+t.secret+'\"]'),o=l.querySelectorAll('blockquote[data-secret=\"'+t.secret+'\"]'),c=new RegExp(\"^https?:$\",\"i\"),i=0;i<o.length;i++)o[i].style.display=\"none\";for(i=0;i<a.length;i++)s=a[i],e.source===s.contentWindow&&(s.removeAttribute(\"style\"),\"height\"===t.message?(1e3<(r=parseInt(t.value,10))?r=1e3:~~r<200&&(r=200),s.height=r):\"link\"===t.message&&(r=new URL(s.getAttribute(\"src\")),n=new URL(t.value),c.test(n.protocol))&&n.host===r.host&&l.activeElement===s&&(d.top.location.href=t.value))}},d.addEventListener(\"message\",d.wp.receiveEmbedMessage,!1),l.addEventListener(\"DOMContentLoaded\",function(){for(var e,t,s=l.querySelectorAll(\"iframe.wp-embedded-content\"),r=0;r<s.length;r++)(t=(e=s[r]).getAttribute(\"data-secret\"))||(t=Math.random().toString(36).substring(2,12),e.src+=\"#?secret=\"+t,e.setAttribute(\"data-secret\",t)),e.contentWindow.postMessage({message:\"ready\",secret:t},\"*\")},!1)))}(window,document);\n\/\/# sourceURL=https:\/\/denizcankizil.tr\/wp-includes\/js\/wp-embed.min.js\n<\/script>","thumbnail_url":"https:\/\/denizcankizil.tr\/wp-content\/uploads\/2025\/04\/a-w428978-04-MWXNgl.webp","thumbnail_width":1280,"thumbnail_height":720,"description":"Antalya\u00a01. A\u011f\u0131r Ceza Mahkemesi\u2019nde g\u00f6r\u00fclen duru\u015fmada, kad\u0131n \u00f6rg\u00fctlerinin ve sivil toplum temsilcilerinin deste\u011fiyle salonda geni\u015f kat\u0131l\u0131m sa\u011fland\u0131. Mahkemeye sunulan bilirki\u015fi raporunda, olay gecesi sitenin \u00e7evresindeki g\u00fcvenlik kameralar\u0131na yans\u0131yan g\u00f6r\u00fcnt\u00fcler detayl\u0131 \u015fekilde analiz edildi. 07 ETZ 17 plakal\u0131 arac\u0131n 12 Eyl\u00fcl sabah\u0131 04.18\u2019de Aliyenur Sitesi \u00f6n\u00fcne geldi\u011fi, ara\u00e7tan inen \u015fah\u0131slar\u0131n 04.22\u2019de siteye giri\u015f yapt\u0131\u011f\u0131 ve 04.27\u2019de tekrar araca binerek olay yerinden ayr\u0131ld\u0131\u011f\u0131 kaydedildi. Raporda ayr\u0131ca, olay yeri ile g\u00fcvenlik kameralar\u0131ndaki saat uyumuna da dikkat \u00e7ekildi.\u00a0 \u00a0 \u00a0 &#8220;Canice, canavarca dokuz kur\u015funla \u00e7ocu\u011fumu \u00f6ld\u00fcr\u00fcyorlar&#8221;\u00a0 \u00a0 Duru\u015fmada konu\u015fan Fadim Temirhano\u011fullar\u0131\u2019n\u0131n annesi Mediha Sa\u00e7l\u0131, &#8220;\u00c7ocu\u011fumun evine planl\u0131 bir \u015fekilde giriyorlar. Kap\u0131da zorlama var. Arabay\u0131 iki sokak \u00f6teye b\u0131rak\u0131yorlar. Canice, canavarca dokuz kur\u015funla \u00e7ocu\u011fumu \u00f6ld\u00fcr\u00fcyorlar. Bu nas\u0131l bir canilik? Fikret\u2019in 11 su\u00e7 kayd\u0131 var. Ayr\u0131l\u0131yorsa \u00f6ld\u00fcrmek gerekmez&#8221; s\u00f6zleriyle tepki g\u00f6sterdi.\u00a0 \u00a0 San\u0131k avukatlar\u0131, olay yerinde bulunan DNA\u2019n\u0131n kimli\u011finin belirlenmesi i\u00e7in adli t\u0131p kar\u015f\u0131la\u015ft\u0131rmas\u0131 talep ederek, &#8220;Bir sonraki celsede \u00e7ok \u00f6nemli bir tan\u0131k dinleteceklerini&#8221; duyurdu. Maktul avukat\u0131 S\u00fcleyman \u00c7al\u0131ku\u015fu ise san\u0131klar\u0131n savunmalar\u0131n\u0131 &#8220;az ceza almaya y\u00f6nelik beyanlar&#8221; olarak de\u011ferlendirdi. \u00c7al\u0131ku\u015fu, &#8220;Beyanlar tamamen haks\u0131z tahrik h\u00fckm\u00fcn\u00fc kullanmak i\u00e7in olu\u015fturulmu\u015f&#8221; dedi.\u00a0 \u00a0 \u00a0 &#8220;E\u011fer plan yapsayd\u0131m burada oturuyor olmazd\u0131m&#8221;\u00a0 \u00a0 San\u0131k Sava\u015f Temirhano\u011fullar\u0131, \u00f6nceki celselerde oldu\u011fu gibi kendini savundu. Temirhano\u011fullar\u0131, &#8220;17 y\u0131ll\u0131k e\u015fim, ben hi\u00e7bir gece evimin kilidinin &hellip;"}