{"version":"1.0","provider_name":"Av. Deniz Can K\u0131z\u0131l","provider_url":"https:\/\/denizcankizil.tr\/en","author_name":"Av. Deniz Can K\u0131z\u0131l","author_url":"https:\/\/denizcankizil.tr\/en\/author\/denizcankizil\/","title":"Defileli y\u0131l sonu sergisi","type":"rich","width":600,"height":338,"html":"<blockquote class=\"wp-embedded-content\" data-secret=\"jdXHyhLf0S\"><a href=\"https:\/\/denizcankizil.tr\/en\/haberler\/antalya\/defileli-yil-sonu-sergisi\/\">Defileli y\u0131l sonu sergisi<\/a><\/blockquote><iframe sandbox=\"allow-scripts\" security=\"restricted\" src=\"https:\/\/denizcankizil.tr\/en\/haberler\/antalya\/defileli-yil-sonu-sergisi\/embed\/#?secret=jdXHyhLf0S\" width=\"600\" height=\"338\" title=\"&#8220;Defileli y\u0131l sonu sergisi&#8221; &#8212; Av. Deniz Can K\u0131z\u0131l\" data-secret=\"jdXHyhLf0S\" frameborder=\"0\" marginwidth=\"0\" marginheight=\"0\" scrolling=\"no\" class=\"wp-embedded-content\"><\/iframe><script>\n\/*! This file is auto-generated *\/\n!function(d,l){\"use strict\";l.querySelector&&d.addEventListener&&\"undefined\"!=typeof URL&&(d.wp=d.wp||{},d.wp.receiveEmbedMessage||(d.wp.receiveEmbedMessage=function(e){var t=e.data;if((t||t.secret||t.message||t.value)&&!\/[^a-zA-Z0-9]\/.test(t.secret)){for(var s,r,n,a=l.querySelectorAll('iframe[data-secret=\"'+t.secret+'\"]'),o=l.querySelectorAll('blockquote[data-secret=\"'+t.secret+'\"]'),c=new RegExp(\"^https?:$\",\"i\"),i=0;i<o.length;i++)o[i].style.display=\"none\";for(i=0;i<a.length;i++)s=a[i],e.source===s.contentWindow&&(s.removeAttribute(\"style\"),\"height\"===t.message?(1e3<(r=parseInt(t.value,10))?r=1e3:~~r<200&&(r=200),s.height=r):\"link\"===t.message&&(r=new URL(s.getAttribute(\"src\")),n=new URL(t.value),c.test(n.protocol))&&n.host===r.host&&l.activeElement===s&&(d.top.location.href=t.value))}},d.addEventListener(\"message\",d.wp.receiveEmbedMessage,!1),l.addEventListener(\"DOMContentLoaded\",function(){for(var e,t,s=l.querySelectorAll(\"iframe.wp-embedded-content\"),r=0;r<s.length;r++)(t=(e=s[r]).getAttribute(\"data-secret\"))||(t=Math.random().toString(36).substring(2,12),e.src+=\"#?secret=\"+t,e.setAttribute(\"data-secret\",t)),e.contentWindow.postMessage({message:\"ready\",secret:t},\"*\")},!1)))}(window,document);\n\/\/# sourceURL=https:\/\/denizcankizil.tr\/wp-includes\/js\/wp-embed.min.js\n<\/script>","description":"Naz\u0131m Hikmet K\u00fclt\u00fcr Merkezi&#8217;nde a\u00e7\u0131lan sezon sonu sergisinin kurdelesini Konyaalt\u0131 \u0130l\u00e7e Milli E\u011fitim M\u00fcd\u00fcr\u00fc Mehmet G\u00fcrcan, Konyaalt\u0131 HEM M\u00fcd\u00fcr\u00fc Nuray Ulu\u00e7ay, Azize Kahraman Halk E\u011fitimi Merkezi M\u00fcd\u00fcr\u00fc \u0130nci Bacak, \u00c7aml\u0131bel Halk E\u011fitimi Merkezi M\u00fcd\u00fcr\u00fc Canat Duru, \u015fube m\u00fcd\u00fcrleri birlikte kesti. \u015eenay Vurgun&#8217;un e\u011fitim verdi\u011fi halk oyunlar\u0131 kursiyerlerinin g\u00f6sterisi, Vedat \u00c7etinta\u015f&#8217;\u0131n e\u011fitim verdi\u011fi ba\u011flama kursiyerlerinin dinletisi, Kardelen \u00d6z\u00e7elik&#8217;in e\u011fitim verdi\u011fi gitar kursiyerlerinin dinletisinin ard\u0131ndan gen\u00e7 k\u0131z ve yeti\u015fkin kad\u0131nlar &#8216;Moda, zaman\u0131n ruhunu ta\u015f\u0131yan bir aynad\u0131r&#8217; slogan\u0131yla podyuma \u00e7\u0131kt\u0131. Hayal g\u00fc\u00e7lerini farkl\u0131 kuma\u015flar \u00fczerine aktar\u0131p sab\u0131r ve \u00f6zveriyle haz\u0131rlad\u0131klar\u0131 k\u0131yafetlerin tan\u0131t\u0131m\u0131 i\u00e7in mankenlik de yapan kursiyerler, yazl\u0131k-k\u0131\u015fl\u0131k tasar\u0131mlar\u0131n\u0131 kendi \u00fczerlerinde tan\u0131tt\u0131. Emek ve yarat\u0131c\u0131l\u0131klar\u0131n\u0131 sergileyen kursiyerler profesyonel mankenleri aratmad\u0131. Konyaalt\u0131 \u0130l\u00e7e Milli E\u011fitim M\u00fcd\u00fcr\u00fc Mehmet G\u00fcrcan, rengarenk resim, seramik, ah\u015fap boyama, \u00fc\u00e7 boyutlu tablo, tak\u0131 tasar\u0131mlar\u0131, dekoratif sepet, bi\u00e7ki-diki\u015f, \u00e7eyiz \u00fcr\u00fcnleri, geri d\u00f6n\u00fc\u015f\u00fcm gibi bir\u00e7ok dalda \u00e7al\u0131\u015fmalar\u0131n yer ald\u0131\u011f\u0131 stantlar\u0131 gezdi, kurum y\u00f6neticileri, \u00f6\u011fretmen ve kursiyerler ile sohbet etti. G\u00fcrcan, el eme\u011fi, g\u00f6z nuru sanat eserlerini hayranl\u0131kla inceledi, &#8220;Eserlerin hepsi birer sanat \u015faheserleri olmu\u015f&#8221; dedi. Konyaalt\u0131 HEM M\u00fcd\u00fcr\u00fc Nuray Ulu\u00e7ay, \u0130l\u00e7e Milli E\u011fitim M\u00fcd\u00fcr\u00fc Mehmet G\u00fcrcan&#8217;a, bir\u00e7ok dalda sanat ve mesleki kurslar a\u00e7t\u0131klar\u0131n\u0131, e\u011fitimlere gen\u00e7 ve yeti\u015fkinlerin ilgisinin her ge\u00e7en y\u0131l artt\u0131\u011f\u0131n\u0131, yeni d\u00f6nemde farkl\u0131 kurslar\u0131n eklenece\u011fini anlatt\u0131. Kaynak: www.kanalv.com.tr Haber Sitesinden &hellip;"}