{"version":"1.0","provider_name":"Av. Deniz Can K\u0131z\u0131l","provider_url":"https:\/\/denizcankizil.tr\/en","author_name":"Av. Deniz Can K\u0131z\u0131l","author_url":"https:\/\/denizcankizil.tr\/en\/author\/denizcankizil\/","title":"Belediye personeline e\u011fitim","type":"rich","width":600,"height":338,"html":"<blockquote class=\"wp-embedded-content\" data-secret=\"OHmjVGJGhV\"><a href=\"https:\/\/denizcankizil.tr\/en\/haberler\/antalya\/belediye-personeline-egitim\/\">Belediye personeline e\u011fitim<\/a><\/blockquote><iframe sandbox=\"allow-scripts\" security=\"restricted\" src=\"https:\/\/denizcankizil.tr\/en\/haberler\/antalya\/belediye-personeline-egitim\/embed\/#?secret=OHmjVGJGhV\" width=\"600\" height=\"338\" title=\"&#8220;Belediye personeline e\u011fitim&#8221; &#8212; Av. Deniz Can K\u0131z\u0131l\" data-secret=\"OHmjVGJGhV\" frameborder=\"0\" marginwidth=\"0\" marginheight=\"0\" scrolling=\"no\" class=\"wp-embedded-content\"><\/iframe><script>\n\/*! This file is auto-generated *\/\n!function(d,l){\"use strict\";l.querySelector&&d.addEventListener&&\"undefined\"!=typeof URL&&(d.wp=d.wp||{},d.wp.receiveEmbedMessage||(d.wp.receiveEmbedMessage=function(e){var t=e.data;if((t||t.secret||t.message||t.value)&&!\/[^a-zA-Z0-9]\/.test(t.secret)){for(var s,r,n,a=l.querySelectorAll('iframe[data-secret=\"'+t.secret+'\"]'),o=l.querySelectorAll('blockquote[data-secret=\"'+t.secret+'\"]'),c=new RegExp(\"^https?:$\",\"i\"),i=0;i<o.length;i++)o[i].style.display=\"none\";for(i=0;i<a.length;i++)s=a[i],e.source===s.contentWindow&&(s.removeAttribute(\"style\"),\"height\"===t.message?(1e3<(r=parseInt(t.value,10))?r=1e3:~~r<200&&(r=200),s.height=r):\"link\"===t.message&&(r=new URL(s.getAttribute(\"src\")),n=new URL(t.value),c.test(n.protocol))&&n.host===r.host&&l.activeElement===s&&(d.top.location.href=t.value))}},d.addEventListener(\"message\",d.wp.receiveEmbedMessage,!1),l.addEventListener(\"DOMContentLoaded\",function(){for(var e,t,s=l.querySelectorAll(\"iframe.wp-embedded-content\"),r=0;r<s.length;r++)(t=(e=s[r]).getAttribute(\"data-secret\"))||(t=Math.random().toString(36).substring(2,12),e.src+=\"#?secret=\"+t,e.setAttribute(\"data-secret\",t)),e.contentWindow.postMessage({message:\"ready\",secret:t},\"*\")},!1)))}(window,document);\n\/\/# sourceURL=https:\/\/denizcankizil.tr\/wp-includes\/js\/wp-embed.min.js\n<\/script>","description":"Antalya&#8217;n\u0131n Alanya Belediyesi, Makina \u0130kmal Bak\u0131m ve Onar\u0131m M\u00fcd\u00fcrl\u00fc\u011f\u00fc b\u00fcnyesindeki personel, i\u015f g\u00fcvenli\u011fi uzman\u0131 taraf\u0131ndan verilen e\u011fitimlerde, i\u015f sa\u011fl\u0131\u011f\u0131 ve g\u00fcvenli\u011fi konular\u0131nda detayl\u0131 bir \u015fekilde bilgilendirildi. E\u011fitim program\u0131nda, i\u015f kazalar\u0131n\u0131n \u00f6nlenmesi i\u00e7in al\u0131nmas\u0131 gereken \u00f6nlemler, ki\u015fisel koruyucu donan\u0131mlar\u0131n do\u011fru kullan\u0131m\u0131, i\u015f yerindeki risk fakt\u00f6rlerinin tespit edilmesi ve de\u011ferlendirilmesi, ergonomik \u00e7al\u0131\u015fma durumlar\u0131, yang\u0131n g\u00fcvenli\u011fi ve acil durum m\u00fcdahale planlar\u0131 gibi \u00f6nemli ba\u015fl\u0131klar ele al\u0131nd\u0131. Ayr\u0131ca, interaktif uygulamalar ve saha sim\u00fclasyonlar\u0131yla personelin \u00f6\u011frendiklerini pratikte uygulama f\u0131rsat\u0131 olu\u015fturuldu. &#8220;\u00d6nceli\u011fimiz personel g\u00fcvenli\u011fi&#8221; Alanya Belediye Ba\u015fkan\u0131 Osman Tar\u0131k \u00d6z\u00e7elik, i\u015f g\u00fcvenli\u011finin belediyenin temel \u00f6nceliklerinden biri oldu\u011funu vurgulayarak, &#8220;T\u00fcm \u00e7al\u0131\u015fanlar\u0131m\u0131z\u0131n sa\u011fl\u0131kl\u0131 ve g\u00fcvenli bir ortamda g\u00f6rev yapmas\u0131 bizim i\u00e7in vazge\u00e7ilmez bir hedef. Bu do\u011frultuda, i\u015f sa\u011fl\u0131\u011f\u0131 ve g\u00fcvenli\u011fi e\u011fitimlerini d\u00fczenli olarak s\u00fcrd\u00fcrece\u011fiz. Ayr\u0131ca, teknolojik geli\u015fmeleri takip ederek ve \u00e7al\u0131\u015fanlar\u0131m\u0131z\u0131n geri bildirimlerini dikkate alarak e\u011fitim i\u00e7eriklerimizi s\u00fcrekli g\u00fcncelliyoruz&#8221; dedi. Kaynak: www.kanalv.com.tr Haber Sitesinden Al\u0131nm\u0131\u015ft\u0131r."}