{"version":"1.0","provider_name":"Av. Deniz Can K\u0131z\u0131l","provider_url":"https:\/\/denizcankizil.tr\/en","author_name":"Av. Deniz Can K\u0131z\u0131l","author_url":"https:\/\/denizcankizil.tr\/en\/author\/denizcankizil\/","title":"Ba\u015fkan Uysal \u00dc\u00e7 Fidan Park\u0131'n\u0131 ziyaret etti","type":"rich","width":600,"height":338,"html":"<blockquote class=\"wp-embedded-content\" data-secret=\"69KTYdJTwc\"><a href=\"https:\/\/denizcankizil.tr\/en\/haberler\/antalya\/baskan-uysal-uc-fidan-parkini-ziyaret-etti\/\">Ba\u015fkan Uysal \u00dc\u00e7 Fidan Park\u0131&#8217;n\u0131 ziyaret etti<\/a><\/blockquote><iframe sandbox=\"allow-scripts\" security=\"restricted\" src=\"https:\/\/denizcankizil.tr\/en\/haberler\/antalya\/baskan-uysal-uc-fidan-parkini-ziyaret-etti\/embed\/#?secret=69KTYdJTwc\" width=\"600\" height=\"338\" title=\"&#8220;Ba\u015fkan Uysal \u00dc\u00e7 Fidan Park\u0131&#8217;n\u0131 ziyaret etti&#8221; &#8212; Av. Deniz Can K\u0131z\u0131l\" data-secret=\"69KTYdJTwc\" frameborder=\"0\" marginwidth=\"0\" marginheight=\"0\" scrolling=\"no\" class=\"wp-embedded-content\"><\/iframe><script>\n\/*! This file is auto-generated *\/\n!function(d,l){\"use strict\";l.querySelector&&d.addEventListener&&\"undefined\"!=typeof URL&&(d.wp=d.wp||{},d.wp.receiveEmbedMessage||(d.wp.receiveEmbedMessage=function(e){var t=e.data;if((t||t.secret||t.message||t.value)&&!\/[^a-zA-Z0-9]\/.test(t.secret)){for(var s,r,n,a=l.querySelectorAll('iframe[data-secret=\"'+t.secret+'\"]'),o=l.querySelectorAll('blockquote[data-secret=\"'+t.secret+'\"]'),c=new RegExp(\"^https?:$\",\"i\"),i=0;i<o.length;i++)o[i].style.display=\"none\";for(i=0;i<a.length;i++)s=a[i],e.source===s.contentWindow&&(s.removeAttribute(\"style\"),\"height\"===t.message?(1e3<(r=parseInt(t.value,10))?r=1e3:~~r<200&&(r=200),s.height=r):\"link\"===t.message&&(r=new URL(s.getAttribute(\"src\")),n=new URL(t.value),c.test(n.protocol))&&n.host===r.host&&l.activeElement===s&&(d.top.location.href=t.value))}},d.addEventListener(\"message\",d.wp.receiveEmbedMessage,!1),l.addEventListener(\"DOMContentLoaded\",function(){for(var e,t,s=l.querySelectorAll(\"iframe.wp-embedded-content\"),r=0;r<s.length;r++)(t=(e=s[r]).getAttribute(\"data-secret\"))||(t=Math.random().toString(36).substring(2,12),e.src+=\"#?secret=\"+t,e.setAttribute(\"data-secret\",t)),e.contentWindow.postMessage({message:\"ready\",secret:t},\"*\")},!1)))}(window,document);\n\/\/# sourceURL=https:\/\/denizcankizil.tr\/wp-includes\/js\/wp-embed.min.js\n<\/script>","thumbnail_url":"https:\/\/denizcankizil.tr\/wp-content\/uploads\/2025\/05\/6178-01-QVygyz.jpg","thumbnail_width":1280,"thumbnail_height":720,"description":"Ba\u015fkan Uysal, her y\u0131l oldu\u011fu gibi bu y\u0131l da 6 May\u0131s sabah\u0131 g\u00fcn\u00fcn ilk \u0131\u015f\u0131klar\u0131yla belediyenin \u2018\u00dc\u00e7 Fidan Park\u0131\u2019n\u0131 ziyaret etti. 6 May\u0131s 1972\u2019de idam edilen Deniz Gezmi\u015f, H\u00fcseyin \u0130nan ve Yusuf Aslan\u2019\u0131n parkta yer alan r\u00f6lyeflerinin \u00f6n\u00fcne k\u0131rm\u0131z\u0131 karanfiller b\u0131rakan Ba\u015fkan Uysal, tam ba\u011f\u0131ms\u0131z T\u00fcrkiye m\u00fccadelesinin devam edece\u011fini vurgulad\u0131. Uysal, \u015f\u00f6yle konu\u015ftu: &#8220;30 Ekim 1968&#8217;de Samsun&#8217;da Atat\u00fcrk an\u0131t\u0131na \u00e7elenk koyup \u0130stiklal Mar\u015f\u0131 okuyarak yola \u00e7\u0131kt\u0131lar. \u2018Tam Ba\u011f\u0131ms\u0131z T\u00fcrkiye Y\u00fcr\u00fcy\u00fc\u015f\u00e7\u00fcleri\u2019 diyorlard\u0131 kendilerine. 10 Kas\u0131m 1968&#8217;de An\u0131tkabir&#8217;e ula\u015farak Atat\u00fcrk&#8217;\u00fcn mozolesine \u00e7elenk koydular ve An\u0131tkabir \u00f6zel defterine \u015f\u00f6yle yazd\u0131lar: \u2018Emperyalizme kar\u015f\u0131 tam ba\u011f\u0131ms\u0131z T\u00fcrkiye&#8217;yi savunmak i\u00e7in \u0130kinci Kurtulu\u015f Sava\u015f\u0131m\u0131zda ger\u00e7ekten izindeyiz. Milli Kurtulu\u015f Sava\u015f\u0131m\u0131z yok edilemez. Milli Kurtulu\u015f Sava\u015f\u0131m\u0131z\u0131 yok etmek i\u00e7in b\u00fct\u00fcn T\u00fcrk milletinin yok edilmesi gerekir\u2019 yazd\u0131lar.&#8221; \u0130dam kararlar\u0131n\u0131n, gen\u00e7lerin eylemleriyle orant\u0131s\u0131z \u015fekilde al\u0131nd\u0131\u011f\u0131n\u0131 vurgulayan Uysal, &#8220;Siyaseten, ibreti alem mant\u0131\u011f\u0131yla \u00e7ok gen\u00e7 ya\u015fta katledildiler. Hat\u0131ralar\u0131 \u00f6n\u00fcnde sayg\u0131yla e\u011filiyoruz. Tam ba\u011f\u0131ms\u0131z T\u00fcrkiye m\u00fccadelesi devam edecek&#8221; dedi. Kaynak: www.kanalv.com.tr Haber Sitesinden Al\u0131nm\u0131\u015ft\u0131r."}