{"version":"1.0","provider_name":"Av. Deniz Can K\u0131z\u0131l","provider_url":"https:\/\/denizcankizil.tr\/en","author_name":"Av. Deniz Can K\u0131z\u0131l","author_url":"https:\/\/denizcankizil.tr\/en\/author\/denizcankizil\/","title":"Ba\u015fkan Uysal belediye \u00e7al\u0131\u015fanlar\u0131yla bayramla\u015ft\u0131","type":"rich","width":600,"height":338,"html":"<blockquote class=\"wp-embedded-content\" data-secret=\"sv6ovi6Esg\"><a href=\"https:\/\/denizcankizil.tr\/en\/haberler\/antalya\/baskan-uysal-belediye-calisanlariyla-bayramlasti\/\">Ba\u015fkan Uysal belediye \u00e7al\u0131\u015fanlar\u0131yla bayramla\u015ft\u0131<\/a><\/blockquote><iframe sandbox=\"allow-scripts\" security=\"restricted\" src=\"https:\/\/denizcankizil.tr\/en\/haberler\/antalya\/baskan-uysal-belediye-calisanlariyla-bayramlasti\/embed\/#?secret=sv6ovi6Esg\" width=\"600\" height=\"338\" title=\"&#8220;Ba\u015fkan Uysal belediye \u00e7al\u0131\u015fanlar\u0131yla bayramla\u015ft\u0131&#8221; &#8212; Av. Deniz Can K\u0131z\u0131l\" data-secret=\"sv6ovi6Esg\" frameborder=\"0\" marginwidth=\"0\" marginheight=\"0\" scrolling=\"no\" class=\"wp-embedded-content\"><\/iframe><script>\n\/*! This file is auto-generated *\/\n!function(d,l){\"use strict\";l.querySelector&&d.addEventListener&&\"undefined\"!=typeof URL&&(d.wp=d.wp||{},d.wp.receiveEmbedMessage||(d.wp.receiveEmbedMessage=function(e){var t=e.data;if((t||t.secret||t.message||t.value)&&!\/[^a-zA-Z0-9]\/.test(t.secret)){for(var s,r,n,a=l.querySelectorAll('iframe[data-secret=\"'+t.secret+'\"]'),o=l.querySelectorAll('blockquote[data-secret=\"'+t.secret+'\"]'),c=new RegExp(\"^https?:$\",\"i\"),i=0;i<o.length;i++)o[i].style.display=\"none\";for(i=0;i<a.length;i++)s=a[i],e.source===s.contentWindow&&(s.removeAttribute(\"style\"),\"height\"===t.message?(1e3<(r=parseInt(t.value,10))?r=1e3:~~r<200&&(r=200),s.height=r):\"link\"===t.message&&(r=new URL(s.getAttribute(\"src\")),n=new URL(t.value),c.test(n.protocol))&&n.host===r.host&&l.activeElement===s&&(d.top.location.href=t.value))}},d.addEventListener(\"message\",d.wp.receiveEmbedMessage,!1),l.addEventListener(\"DOMContentLoaded\",function(){for(var e,t,s=l.querySelectorAll(\"iframe.wp-embedded-content\"),r=0;r<s.length;r++)(t=(e=s[r]).getAttribute(\"data-secret\"))||(t=Math.random().toString(36).substring(2,12),e.src+=\"#?secret=\"+t,e.setAttribute(\"data-secret\",t)),e.contentWindow.postMessage({message:\"ready\",secret:t},\"*\")},!1)))}(window,document);\n\/\/# sourceURL=https:\/\/denizcankizil.tr\/wp-includes\/js\/wp-embed.min.js\n<\/script>","thumbnail_url":"https:\/\/denizcankizil.tr\/wp-content\/uploads\/2025\/06\/6703-01-suovOF.jpg","thumbnail_width":1280,"thumbnail_height":720,"description":"Bayram tatilinin ba\u015flayaca\u011f\u0131 6 Haziran \u00f6ncesi d\u00fczenlenen bayramla\u015fmalar\u0131n ilk dura\u011f\u0131 Fen \u0130\u015fleri M\u00fcd\u00fcrl\u00fc\u011f\u00fc oldu. Ba\u015fkan Uysal, burada personelin bayram\u0131n\u0131 kutlad\u0131ktan sonra, Muratpa\u015fa Belediyesi ana hizmet binas\u0131nda d\u00fczenlenen ikinci t\u00f6rende \u00e7al\u0131\u015fanlarla yeniden bir araya geldi. Belediye fuayesinde ger\u00e7ekle\u015fen t\u00f6rende konu\u015fan Ba\u015fkan Uysal, T\u00fcrkiye&#8217;nin i\u00e7inde bulundu\u011fu ekonomik zorluklara dikkat \u00e7ekerek, &#8220;Ama biz y\u0131lmadan \u00e7al\u0131\u015f\u0131yoruz. Dimdik ayaktay\u0131z. Niteli\u011finden, kalitesinden ve duru\u015fundan hi\u00e7bir \u015fey kaybetmeyen \u00f6rnek bir belediyeyiz&#8221; dedi. &#8220;Bu m\u00fccadeleden asla geri ad\u0131m atmad\u0131k&#8221; Uysal, t\u00fcm olumsuz \u015fartlara ra\u011fmen g\u00f6revlerine ilk g\u00fcnk\u00fc heyecanla devam ettiklerini belirtti. &#8220;\u00c7al\u0131\u015fanlar\u0131m\u0131za b\u0131rak\u0131lacak en b\u00fcy\u00fck hediye, onlar\u0131n emeklerine, haklar\u0131na ve gelece\u011fine sahip \u00e7\u0131kmakt\u0131r&#8221; diyen Ba\u015fkan Uysal, &#8220;Bu m\u00fccadeleden asla geri ad\u0131m atmad\u0131k. Bu kararl\u0131l\u0131kla direniyor, yolumuza devam ediyoruz. Motivasyonumuzdan en k\u00fc\u00e7\u00fck bir kayb\u0131m\u0131z yok. \u00c7\u00fcnk\u00fc bu motivasyon bizim hayata ba\u011fl\u0131l\u0131\u011f\u0131m\u0131zd\u0131r. \u00c7ocuklar\u0131m\u0131z\u0131n, evimizin, toplumumuzun gelece\u011fi i\u00e7in \u00e7al\u0131\u015f\u0131yoruz. Ya\u015fam\u0131 daha anlaml\u0131 ve huzurlu hale getirmek i\u00e7in de\u011ferli insanlarla birlikte \u00e7abal\u0131yoruz&#8221; dedi. &#8220;Hepinize sevdiklerinizle birlikte mutlu bir bayram diliyorum&#8221; T\u00fcm \u00e7al\u0131\u015fanlar\u0131n bayram\u0131n\u0131 kutlayan Ba\u015fkan Uysal, &#8220;Emekleriniz, al\u0131n teriniz, dayan\u0131\u015fman\u0131z, dostlu\u011funuz ve t\u00fcm m\u00fccadeleleriniz i\u00e7in her birinize ayr\u0131 ayr\u0131 te\u015fekk\u00fcr ediyorum. Sadece sizlere de\u011fil, g\u00fcc\u00fcn\u00fcz\u00fc payla\u015fan, hayat\u0131n\u0131z\u0131 kolayla\u015ft\u0131ran \u00e7ocuklar\u0131n\u0131za, karde\u015flerinize, anne babalar\u0131n\u0131za, ailelerinize ve dostlar\u0131n\u0131za da te\u015fekk\u00fcr ediyorum. Hepinize sevdiklerinizle birlikte mutlu bir bayram diliyorum&#8221; ifadelerini kulland\u0131. Kaynak: www.kanalv.com.tr Haber Sitesinden Al\u0131nm\u0131\u015ft\u0131r."}