{"version":"1.0","provider_name":"Av. Deniz Can K\u0131z\u0131l","provider_url":"https:\/\/denizcankizil.tr\/en","author_name":"Av. Deniz Can K\u0131z\u0131l","author_url":"https:\/\/denizcankizil.tr\/en\/author\/denizcankizil\/","title":"Baba-k\u0131z servis beklerken deh\u015feti ya\u015fad\u0131","type":"rich","width":600,"height":338,"html":"<blockquote class=\"wp-embedded-content\" data-secret=\"DXqU38BSD0\"><a href=\"https:\/\/denizcankizil.tr\/en\/haberler\/antalya\/baba-kiz-servis-beklerken-dehseti-yasadi\/\">Baba-k\u0131z servis beklerken deh\u015feti ya\u015fad\u0131<\/a><\/blockquote><iframe sandbox=\"allow-scripts\" security=\"restricted\" src=\"https:\/\/denizcankizil.tr\/en\/haberler\/antalya\/baba-kiz-servis-beklerken-dehseti-yasadi\/embed\/#?secret=DXqU38BSD0\" width=\"600\" height=\"338\" title=\"&#8220;Baba-k\u0131z servis beklerken deh\u015feti ya\u015fad\u0131&#8221; &#8212; Av. Deniz Can K\u0131z\u0131l\" data-secret=\"DXqU38BSD0\" frameborder=\"0\" marginwidth=\"0\" marginheight=\"0\" scrolling=\"no\" class=\"wp-embedded-content\"><\/iframe><script>\n\/*! This file is auto-generated *\/\n!function(d,l){\"use strict\";l.querySelector&&d.addEventListener&&\"undefined\"!=typeof URL&&(d.wp=d.wp||{},d.wp.receiveEmbedMessage||(d.wp.receiveEmbedMessage=function(e){var t=e.data;if((t||t.secret||t.message||t.value)&&!\/[^a-zA-Z0-9]\/.test(t.secret)){for(var s,r,n,a=l.querySelectorAll('iframe[data-secret=\"'+t.secret+'\"]'),o=l.querySelectorAll('blockquote[data-secret=\"'+t.secret+'\"]'),c=new RegExp(\"^https?:$\",\"i\"),i=0;i<o.length;i++)o[i].style.display=\"none\";for(i=0;i<a.length;i++)s=a[i],e.source===s.contentWindow&&(s.removeAttribute(\"style\"),\"height\"===t.message?(1e3<(r=parseInt(t.value,10))?r=1e3:~~r<200&&(r=200),s.height=r):\"link\"===t.message&&(r=new URL(s.getAttribute(\"src\")),n=new URL(t.value),c.test(n.protocol))&&n.host===r.host&&l.activeElement===s&&(d.top.location.href=t.value))}},d.addEventListener(\"message\",d.wp.receiveEmbedMessage,!1),l.addEventListener(\"DOMContentLoaded\",function(){for(var e,t,s=l.querySelectorAll(\"iframe.wp-embedded-content\"),r=0;r<s.length;r++)(t=(e=s[r]).getAttribute(\"data-secret\"))||(t=Math.random().toString(36).substring(2,12),e.src+=\"#?secret=\"+t,e.setAttribute(\"data-secret\",t)),e.contentWindow.postMessage({message:\"ready\",secret:t},\"*\")},!1)))}(window,document);\n\/\/# sourceURL=https:\/\/denizcankizil.tr\/wp-includes\/js\/wp-embed.min.js\n<\/script>","description":"Olay, Aksu il\u00e7esi G\u00fczelyurt Mahallesi&#8217;nde gece saatlerinde ya\u015fand\u0131. \u015eehit Mustafa G\u00f6kt\u00fcrk Caddesi \u00fczerinde saat 00.30 s\u0131ralar\u0131nda meydana gelen olayda, i\u015fe gitmek i\u00e7in babas\u0131yla birlikte servis bekleyen Fadime Ertekin, yanlar\u0131na yakla\u015fan A. T. taraf\u0131ndan defalarca b\u0131\u00e7akland\u0131. Gen\u00e7 kad\u0131n\u0131n \u00e7\u0131\u011fl\u0131klar\u0131n\u0131 duyan mahalle sakinleri, olaya m\u00fcdahale ederek sald\u0131rgan\u0131 etkisiz hale getirdi. \u0130hbar \u00fczerine olay yerine sa\u011fl\u0131k ekipleri ve polis sevk edildi. Yaralanan Fadime Ertekin ve babas\u0131 Fahri Ertekin ambulansla hastaneye kald\u0131r\u0131ld\u0131. \u015e\u00fcpheli polis ekipleri taraf\u0131ndan g\u00f6zalt\u0131na al\u0131nd\u0131. Olayla ilgili geni\u015f \u00e7apl\u0131 inceleme ba\u015flat\u0131rken, sald\u0131r\u0131n\u0131n nedeni hen\u00fcz netlik kazanmad\u0131. Olay an\u0131 g\u00fcvenlik kameras\u0131nda G\u00fcvenlik kameralar\u0131na yans\u0131yan olayda, A. T.&#8217;nin gen\u00e7 kad\u0131n\u0131 yol ortas\u0131nda kovalamas\u0131, bir m\u00fcddet sonra yere yat\u0131r\u0131p darp ve b\u0131\u00e7aklad\u0131\u011f\u0131 anlar ile \u00e7evredekilerin durumu fark edince sald\u0131rgan\u0131 etkisiz hale getirmesi yer ald\u0131. Kaynak: www.kanalv.com.tr Haber Sitesinden Al\u0131nm\u0131\u015ft\u0131r."}