{"version":"1.0","provider_name":"Av. Deniz Can K\u0131z\u0131l","provider_url":"https:\/\/denizcankizil.tr\/en","author_name":"Av. Deniz Can K\u0131z\u0131l","author_url":"https:\/\/denizcankizil.tr\/en\/author\/denizcankizil\/","title":"Antalya \u015eehircilik ve Teknolojileri Fuar\u0131 a\u00e7\u0131ld\u0131","type":"rich","width":600,"height":338,"html":"<blockquote class=\"wp-embedded-content\" data-secret=\"jC0HW4I4KG\"><a href=\"https:\/\/denizcankizil.tr\/en\/haberler\/antalya\/antalya-sehircilik-ve-teknolojileri-fuari-acildi\/\">Antalya \u015eehircilik ve Teknolojileri Fuar\u0131 a\u00e7\u0131ld\u0131<\/a><\/blockquote><iframe sandbox=\"allow-scripts\" security=\"restricted\" src=\"https:\/\/denizcankizil.tr\/en\/haberler\/antalya\/antalya-sehircilik-ve-teknolojileri-fuari-acildi\/embed\/#?secret=jC0HW4I4KG\" width=\"600\" height=\"338\" title=\"&#8220;Antalya \u015eehircilik ve Teknolojileri Fuar\u0131 a\u00e7\u0131ld\u0131&#8221; &#8212; Av. Deniz Can K\u0131z\u0131l\" data-secret=\"jC0HW4I4KG\" frameborder=\"0\" marginwidth=\"0\" marginheight=\"0\" scrolling=\"no\" class=\"wp-embedded-content\"><\/iframe><script>\n\/*! This file is auto-generated *\/\n!function(d,l){\"use strict\";l.querySelector&&d.addEventListener&&\"undefined\"!=typeof URL&&(d.wp=d.wp||{},d.wp.receiveEmbedMessage||(d.wp.receiveEmbedMessage=function(e){var t=e.data;if((t||t.secret||t.message||t.value)&&!\/[^a-zA-Z0-9]\/.test(t.secret)){for(var s,r,n,a=l.querySelectorAll('iframe[data-secret=\"'+t.secret+'\"]'),o=l.querySelectorAll('blockquote[data-secret=\"'+t.secret+'\"]'),c=new RegExp(\"^https?:$\",\"i\"),i=0;i<o.length;i++)o[i].style.display=\"none\";for(i=0;i<a.length;i++)s=a[i],e.source===s.contentWindow&&(s.removeAttribute(\"style\"),\"height\"===t.message?(1e3<(r=parseInt(t.value,10))?r=1e3:~~r<200&&(r=200),s.height=r):\"link\"===t.message&&(r=new URL(s.getAttribute(\"src\")),n=new URL(t.value),c.test(n.protocol))&&n.host===r.host&&l.activeElement===s&&(d.top.location.href=t.value))}},d.addEventListener(\"message\",d.wp.receiveEmbedMessage,!1),l.addEventListener(\"DOMContentLoaded\",function(){for(var e,t,s=l.querySelectorAll(\"iframe.wp-embedded-content\"),r=0;r<s.length;r++)(t=(e=s[r]).getAttribute(\"data-secret\"))||(t=Math.random().toString(36).substring(2,12),e.src+=\"#?secret=\"+t,e.setAttribute(\"data-secret\",t)),e.contentWindow.postMessage({message:\"ready\",secret:t},\"*\")},!1)))}(window,document);\n\/\/# sourceURL=https:\/\/denizcankizil.tr\/wp-includes\/js\/wp-embed.min.js\n<\/script>","thumbnail_url":"https:\/\/denizcankizil.tr\/wp-content\/uploads\/2025\/04\/5879-01-F7xLkd.jpg","thumbnail_width":1280,"thumbnail_height":720,"description":"\u00a0&#8216;\u00c7evre ve teknoloji&#8217; Temal\u0131 fuar\u0131n a\u00e7\u0131l\u0131\u015f t\u00f6reninde konu\u015fan Antalya B\u00fcy\u00fck\u015fehir Belediye Ba\u015fkan\u0131 ve Akdeniz Belediyeler Birli\u011fi Ba\u015fkan\u0131 Muhittin B\u00f6cek, fuar\u0131n teknolojik geli\u015fmelerin takip ve kullan\u0131m\u0131 \u00e7er\u00e7evesinde mahalli idarelere yol g\u00f6sterece\u011fi, ulusal ve uluslararas\u0131 de\u011fi\u015fim ve i\u015fbirli\u011fine f\u0131rsat verece\u011fini s\u00f6yledi. Antalya \u015eehircilik ve Teknolojileri Fuar\u0131, Anfa\u015f Fuar Merkezi&#8217;nde 10&#8217;uncu kez kap\u0131lar\u0131n\u0131 a\u00e7t\u0131. Akdeniz Belediyeler Birli\u011fi&#8217;nin ev sahipli\u011finde T\u00fcrkiye Belediyeler Birli\u011fi&#8217;nin deste\u011fiyle 10&#8217;uncusu ger\u00e7ekle\u015ftirilen Antalya \u015eehircilik ve Teknolojileri Fuar\u0131 ile Yerel Y\u00f6netimler Sempozyumu ziyaret\u00e7ilere kap\u0131lar\u0131n\u0131 a\u00e7t\u0131. &#8220;Fuar kald\u0131\u011f\u0131 yerden devam ediyor&#8221; Fuar\u0131n a\u00e7\u0131l\u0131\u015f\u0131nda konu\u015fan Antalya B\u00fcy\u00fck\u015fehir Belediye Ba\u015fkan\u0131 ve Akdeniz Belediyeler Birli\u011fi Ba\u015fkan\u0131 Muhittin B\u00f6cek, 4 d\u00f6nem Akdeniz Belediyeler Birli\u011fi Ba\u015fkan\u0131 olarak g\u00f6rev yapt\u0131\u011f\u0131 s\u00fcre i\u00e7erisinde birincisini 14-17 Nisan 2010 tarihlerinde ba\u015flat\u0131lan fuar\u0131n uzun bir s\u00fcre yap\u0131lmad\u0131\u011f\u0131n\u0131 belirtti. Ba\u015fkan B\u00f6cek, Akdeniz Belediyeler Birli\u011fi Ba\u015fkan\u0131 g\u00f6revine yeniden gelmesinin ard\u0131ndan fuar\u0131n kald\u0131\u011f\u0131 yerden devam etti\u011fini belirterek, &#8220;Fuar\u0131n tekrar yap\u0131lmas\u0131n\u0131 T\u00fcrkiye Belediyeler Birli\u011fi Ba\u015fkan\u0131m\u0131z Ekrem \u0130mamo\u011flu ile birlikte planlam\u0131\u015ft\u0131k. Bug\u00fcn a\u00e7\u0131l\u0131\u015fta aram\u0131zda olamayan Ekrem \u0130mamo\u011flu&#8217;na, Antalya&#8217;m\u0131zdan Silivri&#8217;ye selam olsun&#8221; dedi. &#8220;Belediyecilik insanlar\u0131n ya\u015fam\u0131n\u0131 kolayla\u015ft\u0131rmakt\u0131r&#8221; Belediyecili\u011fin insan ya\u015fam\u0131n\u0131 kolayla\u015ft\u0131rmak oldu\u011funu belirten Ba\u015fkan B\u00f6cek \u015f\u00f6yle konu\u015ftu: &#8220;6 d\u00f6nem belediye ba\u015fkanl\u0131\u011f\u0131 yapan biri olarak a\u00e7\u0131k\u00e7a s\u00f6yleyebilirim ki; belediyecilik, sadece beton yapmak, in\u015faat yapmak, imar planlar\u0131 yapmak de\u011fildir. Belediyecilik, insanlar\u0131n ya\u015fam\u0131n\u0131 kolayla\u015ft\u0131rmakt\u0131r. Do\u011fumundan ya\u015f alana kadar iyi g\u00fcnde, k\u00f6t\u00fc &hellip;"}