{"version":"1.0","provider_name":"Av. Deniz Can K\u0131z\u0131l","provider_url":"https:\/\/denizcankizil.tr\/en","author_name":"Av. Deniz Can K\u0131z\u0131l","author_url":"https:\/\/denizcankizil.tr\/en\/author\/denizcankizil\/","title":"Antalya-Konya kara yolu yeniden a\u00e7\u0131ld\u0131","type":"rich","width":600,"height":338,"html":"<blockquote class=\"wp-embedded-content\" data-secret=\"PfiBkBeeUL\"><a href=\"https:\/\/denizcankizil.tr\/en\/haberler\/antalya\/antalya-konya-kara-yolu-yeniden-acildi\/\">Antalya-Konya kara yolu yeniden a\u00e7\u0131ld\u0131<\/a><\/blockquote><iframe sandbox=\"allow-scripts\" security=\"restricted\" src=\"https:\/\/denizcankizil.tr\/en\/haberler\/antalya\/antalya-konya-kara-yolu-yeniden-acildi\/embed\/#?secret=PfiBkBeeUL\" width=\"600\" height=\"338\" title=\"&#8220;Antalya-Konya kara yolu yeniden a\u00e7\u0131ld\u0131&#8221; &#8212; Av. Deniz Can K\u0131z\u0131l\" data-secret=\"PfiBkBeeUL\" frameborder=\"0\" marginwidth=\"0\" marginheight=\"0\" scrolling=\"no\" class=\"wp-embedded-content\"><\/iframe><script>\n\/*! This file is auto-generated *\/\n!function(d,l){\"use strict\";l.querySelector&&d.addEventListener&&\"undefined\"!=typeof URL&&(d.wp=d.wp||{},d.wp.receiveEmbedMessage||(d.wp.receiveEmbedMessage=function(e){var t=e.data;if((t||t.secret||t.message||t.value)&&!\/[^a-zA-Z0-9]\/.test(t.secret)){for(var s,r,n,a=l.querySelectorAll('iframe[data-secret=\"'+t.secret+'\"]'),o=l.querySelectorAll('blockquote[data-secret=\"'+t.secret+'\"]'),c=new RegExp(\"^https?:$\",\"i\"),i=0;i<o.length;i++)o[i].style.display=\"none\";for(i=0;i<a.length;i++)s=a[i],e.source===s.contentWindow&&(s.removeAttribute(\"style\"),\"height\"===t.message?(1e3<(r=parseInt(t.value,10))?r=1e3:~~r<200&&(r=200),s.height=r):\"link\"===t.message&&(r=new URL(s.getAttribute(\"src\")),n=new URL(t.value),c.test(n.protocol))&&n.host===r.host&&l.activeElement===s&&(d.top.location.href=t.value))}},d.addEventListener(\"message\",d.wp.receiveEmbedMessage,!1),l.addEventListener(\"DOMContentLoaded\",function(){for(var e,t,s=l.querySelectorAll(\"iframe.wp-embedded-content\"),r=0;r<s.length;r++)(t=(e=s[r]).getAttribute(\"data-secret\"))||(t=Math.random().toString(36).substring(2,12),e.src+=\"#?secret=\"+t,e.setAttribute(\"data-secret\",t)),e.contentWindow.postMessage({message:\"ready\",secret:t},\"*\")},!1)))}(window,document);\n\/\/# sourceURL=https:\/\/denizcankizil.tr\/wp-includes\/js\/wp-embed.min.js\n<\/script>","thumbnail_url":"https:\/\/denizcankizil.tr\/wp-content\/uploads\/2025\/02\/4511-01-z35Wiu.jpeg","thumbnail_width":1280,"thumbnail_height":720,"description":"Antalya&#8217;n\u0131n y\u00fcksek kesimlerinde tipi etkili oldu Sal\u0131 g\u00fcn\u00fcnden itibaren b\u00f6lgede etkili olan kar ya\u011f\u0131\u015f\u0131 d\u00fcn ak\u015fam saatlerinde tipi ve f\u0131rt\u0131na etkili oldu. 1825 rak\u0131ml\u0131 Alacabel mevkiinde hava s\u0131cakl\u0131\u011f\u0131n\u0131n eksi 10 dereceye kadar d\u00fc\u015fmesi ile birlikte kar ya\u011f\u0131\u015f\u0131 yerini tipi ve f\u0131rt\u0131naya \u00e7evirdi. Ya\u011fan kar ve etkili tipi nedeniyle g\u00f6r\u00fc\u015f mesafesi s\u0131f\u0131ra d\u00fc\u015fm\u00fc\u015f, yolda buzlanma meydana geldi. Karayolu d\u00fcn ak\u015fam saat 22.00 s\u0131ralar\u0131nda Akseki ve Seydi\u015fehir il\u00e7elerinden t\u0131r ve \u00e7ekicilere kapat\u0131lm\u0131\u015ft\u0131. Karayollar\u0131 Alacabel ekipleri trafi\u011fin aksamamas\u0131 i\u00e7in \u00e7ok say\u0131da i\u015f makinesi ile yol a\u00e7ma ve tuzlama \u00e7al\u0131\u015fmalar\u0131 s\u00fcrd\u00fcrd\u00fc. Akseki B\u00f6lge Trafik ekipleri ise a\u011f\u0131r tonajl\u0131 ara\u00e7 s\u00fcr\u00fcc\u00fclerini dinlenme tesislerine y\u00f6nlendirdi. Alacabel&#8217;de \u00f6\u011fle saatlerinde saatlerinde tipinin etkisini yitirmesiyle birlikte ekiplerin yo\u011fun \u00e7al\u0131\u015fmas\u0131 sonucu Akseki-Seydi\u015fehir karayolu tamamen t\u00fcm ara\u00e7 trafi\u011fine a\u00e7\u0131ld\u0131. Kaynak: www.kanalv.com.tr Haber Sitesinden Al\u0131nm\u0131\u015ft\u0131r."}