{"version":"1.0","provider_name":"Av. Deniz Can K\u0131z\u0131l","provider_url":"https:\/\/denizcankizil.tr\/en","author_name":"Av. Deniz Can K\u0131z\u0131l","author_url":"https:\/\/denizcankizil.tr\/en\/author\/denizcankizil\/","title":"Antalya Devlet Opera ve Balesi'nde koltuk de\u011fi\u015fimi","type":"rich","width":600,"height":338,"html":"<blockquote class=\"wp-embedded-content\" data-secret=\"j1xdk4mXCS\"><a href=\"https:\/\/denizcankizil.tr\/en\/haberler\/antalya\/antalya-devlet-opera-ve-balesinde-koltuk-degisimi\/\">Antalya Devlet Opera ve Balesi&#8217;nde koltuk de\u011fi\u015fimi<\/a><\/blockquote><iframe sandbox=\"allow-scripts\" security=\"restricted\" src=\"https:\/\/denizcankizil.tr\/en\/haberler\/antalya\/antalya-devlet-opera-ve-balesinde-koltuk-degisimi\/embed\/#?secret=j1xdk4mXCS\" width=\"600\" height=\"338\" title=\"&#8220;Antalya Devlet Opera ve Balesi&#8217;nde koltuk de\u011fi\u015fimi&#8221; &#8212; Av. Deniz Can K\u0131z\u0131l\" data-secret=\"j1xdk4mXCS\" frameborder=\"0\" marginwidth=\"0\" marginheight=\"0\" scrolling=\"no\" class=\"wp-embedded-content\"><\/iframe><script>\n\/*! This file is auto-generated *\/\n!function(d,l){\"use strict\";l.querySelector&&d.addEventListener&&\"undefined\"!=typeof URL&&(d.wp=d.wp||{},d.wp.receiveEmbedMessage||(d.wp.receiveEmbedMessage=function(e){var t=e.data;if((t||t.secret||t.message||t.value)&&!\/[^a-zA-Z0-9]\/.test(t.secret)){for(var s,r,n,a=l.querySelectorAll('iframe[data-secret=\"'+t.secret+'\"]'),o=l.querySelectorAll('blockquote[data-secret=\"'+t.secret+'\"]'),c=new RegExp(\"^https?:$\",\"i\"),i=0;i<o.length;i++)o[i].style.display=\"none\";for(i=0;i<a.length;i++)s=a[i],e.source===s.contentWindow&&(s.removeAttribute(\"style\"),\"height\"===t.message?(1e3<(r=parseInt(t.value,10))?r=1e3:~~r<200&&(r=200),s.height=r):\"link\"===t.message&&(r=new URL(s.getAttribute(\"src\")),n=new URL(t.value),c.test(n.protocol))&&n.host===r.host&&l.activeElement===s&&(d.top.location.href=t.value))}},d.addEventListener(\"message\",d.wp.receiveEmbedMessage,!1),l.addEventListener(\"DOMContentLoaded\",function(){for(var e,t,s=l.querySelectorAll(\"iframe.wp-embedded-content\"),r=0;r<s.length;r++)(t=(e=s[r]).getAttribute(\"data-secret\"))||(t=Math.random().toString(36).substring(2,12),e.src+=\"#?secret=\"+t,e.setAttribute(\"data-secret\",t)),e.contentWindow.postMessage({message:\"ready\",secret:t},\"*\")},!1)))}(window,document);\n\/\/# sourceURL=https:\/\/denizcankizil.tr\/wp-includes\/js\/wp-embed.min.js\n<\/script>","thumbnail_url":"https:\/\/denizcankizil.tr\/wp-content\/uploads\/2025\/04\/6048-01-iJxmul.jpg","thumbnail_width":1280,"thumbnail_height":720,"description":"Antalya Devlet Opera ve Balesi&#8217;nde (Antalya DOB) m\u00fcd\u00fcrl\u00fck koltu\u011fu de\u011fi\u015fti. Ak\u0131n Uluta\u015f, g\u00f6revini Samsun Devlet Opera ve Balesi M\u00fcd\u00fcr\u00fc \u00d6zg\u00fcr Aslan&#8217;a devretti. Devir teslim t\u00f6renine Devlet Opera ve Balesi Genel M\u00fcd\u00fcr\u00fc Tan Sa\u011ft\u00fcrk de kat\u0131ld\u0131. T\u00f6rende konu\u015fan Tan Sa\u011ft\u00fcrk, g\u00f6rev s\u00fcresince kurumun sa\u011fl\u0131\u011f\u0131n\u0131 ve gelece\u011fini \u00f6n planda tutarak kararlar ald\u0131klar\u0131n\u0131 s\u00f6yledi. Sanat kurumlar\u0131n\u0131n siyasetin d\u0131\u015f\u0131nda, tarafs\u0131z bir yap\u0131da ilerlemesi gerekti\u011fini vurgulayan Sa\u011ft\u00fcrk, sanat\u0131n niteli\u011finin art\u0131r\u0131lmas\u0131n\u0131n \u00f6ncelikli hedef olmas\u0131 gerekti\u011fini dile getirdi. &#8216;ULUSLARARASI BA\u015eARILARI HEDEFL\u0130YORUZ&#8217; Devlet sanat kurumlar\u0131n\u0131n uluslararas\u0131 alanda daha g\u00f6r\u00fcn\u00fcr hale gelmesi gerekti\u011fini belirten Sa\u011ft\u00fcrk, \u201c\u015eu anda bir \u015feyler olmaya ba\u015flad\u0131, bayraklar\u0131m\u0131z \u00e7\u0131k\u0131yor, talepler geliyor. Ancak bunu kal\u0131c\u0131 hale getirmeliyiz&#8221; dedi. Gen\u00e7 sanat\u00e7\u0131lara ve teknik ekiplere daha fazla alan a\u00e7acaklar\u0131n\u0131, gelecekte kurumu y\u00f6netecek isimleri yeti\u015ftirmek i\u00e7in yeni projeler ba\u015flatt\u0131klar\u0131n\u0131 ifade eden Sa\u011ft\u00fcrk, bu konuda \u00e7al\u0131\u015fmalar\u0131n devam etti\u011fini vurgulad\u0131. ANTALYA&#8217;YA YEN\u0130 SAHNE HAYAL\u0130 Antalya&#8217;n\u0131n daha modern ve b\u00fcy\u00fck bir opera sahnesine ihtiya\u00e7 duydu\u011funu belirten Sa\u011ft\u00fcrk, mevcut sahnenin yenilenmesi gerekti\u011fini, bu y\u00f6nde bakanl\u0131k ve belediyelerle temas kurduklar\u0131n\u0131 kaydetti. Sa\u011ft\u00fcrk, \u201cAntalya&#8217;ya uluslararas\u0131 standartlarda bir opera sahnesi kazand\u0131rmak en b\u00fcy\u00fck hayallerimden biri&#8221; dedi. T\u00fcm illerde devlet sanat kurumlar\u0131n\u0131n birlikte ve uyumlu \u00e7al\u0131\u015fmas\u0131n\u0131n \u00f6nemine de\u011finen Sa\u011ft\u00fcrk, \u201c\u0130llerden yeni yarat\u0131c\u0131 fikirler gelmeli. Sorunlar masa ba\u015f\u0131nda \u00e7\u00f6z\u00fclebilmeli. Kapal\u0131 kap\u0131lar ard\u0131nda y\u00f6netim anlay\u0131\u015f\u0131yla ba\u015far\u0131 sa\u011flanamaz&#8221; diye konu\u015ftu. &hellip;"}