{"version":"1.0","provider_name":"Av. Deniz Can K\u0131z\u0131l","provider_url":"https:\/\/denizcankizil.tr\/en","author_name":"Av. Deniz Can K\u0131z\u0131l","author_url":"https:\/\/denizcankizil.tr\/en\/author\/denizcankizil\/","title":"Alanya'da g\u00f6n\u00fcll\u00fcler sahili temizledi","type":"rich","width":600,"height":338,"html":"<blockquote class=\"wp-embedded-content\" data-secret=\"NdmLCUK5Xy\"><a href=\"https:\/\/denizcankizil.tr\/en\/haberler\/antalya\/alanyada-gonulluler-sahili-temizledi\/\">Alanya&#8217;da g\u00f6n\u00fcll\u00fcler sahili temizledi<\/a><\/blockquote><iframe sandbox=\"allow-scripts\" security=\"restricted\" src=\"https:\/\/denizcankizil.tr\/en\/haberler\/antalya\/alanyada-gonulluler-sahili-temizledi\/embed\/#?secret=NdmLCUK5Xy\" width=\"600\" height=\"338\" title=\"&#8220;Alanya&#8217;da g\u00f6n\u00fcll\u00fcler sahili temizledi&#8221; &#8212; Av. Deniz Can K\u0131z\u0131l\" data-secret=\"NdmLCUK5Xy\" frameborder=\"0\" marginwidth=\"0\" marginheight=\"0\" scrolling=\"no\" class=\"wp-embedded-content\"><\/iframe><script>\n\/*! This file is auto-generated *\/\n!function(d,l){\"use strict\";l.querySelector&&d.addEventListener&&\"undefined\"!=typeof URL&&(d.wp=d.wp||{},d.wp.receiveEmbedMessage||(d.wp.receiveEmbedMessage=function(e){var t=e.data;if((t||t.secret||t.message||t.value)&&!\/[^a-zA-Z0-9]\/.test(t.secret)){for(var s,r,n,a=l.querySelectorAll('iframe[data-secret=\"'+t.secret+'\"]'),o=l.querySelectorAll('blockquote[data-secret=\"'+t.secret+'\"]'),c=new RegExp(\"^https?:$\",\"i\"),i=0;i<o.length;i++)o[i].style.display=\"none\";for(i=0;i<a.length;i++)s=a[i],e.source===s.contentWindow&&(s.removeAttribute(\"style\"),\"height\"===t.message?(1e3<(r=parseInt(t.value,10))?r=1e3:~~r<200&&(r=200),s.height=r):\"link\"===t.message&&(r=new URL(s.getAttribute(\"src\")),n=new URL(t.value),c.test(n.protocol))&&n.host===r.host&&l.activeElement===s&&(d.top.location.href=t.value))}},d.addEventListener(\"message\",d.wp.receiveEmbedMessage,!1),l.addEventListener(\"DOMContentLoaded\",function(){for(var e,t,s=l.querySelectorAll(\"iframe.wp-embedded-content\"),r=0;r<s.length;r++)(t=(e=s[r]).getAttribute(\"data-secret\"))||(t=Math.random().toString(36).substring(2,12),e.src+=\"#?secret=\"+t,e.setAttribute(\"data-secret\",t)),e.contentWindow.postMessage({message:\"ready\",secret:t},\"*\")},!1)))}(window,document);\n\/\/# sourceURL=https:\/\/denizcankizil.tr\/wp-includes\/js\/wp-embed.min.js\n<\/script>","thumbnail_url":"https:\/\/denizcankizil.tr\/wp-content\/uploads\/2025\/04\/a-w429729-02-mae4W8.jpeg","thumbnail_width":1280,"thumbnail_height":720,"description":"Alanya Belediyesi, bir yandan rutin temizlik \u00e7al\u0131\u015fmalar\u0131n\u0131 y\u00fcr\u00fct\u00fcrken di\u011fer yandan da fark\u0131ndal\u0131k olu\u015fturan projeleri hayata ge\u00e7iriyor. Belediye Temizlik \u0130\u015fleri M\u00fcd\u00fcrl\u00fc\u011f\u00fc ile Alanya Do\u011fa Koruma ve Milli Parklar \u015eefli\u011fi i\u015f birli\u011finde Demirta\u015f Mahallesi\u2019nde temizlik ve fark\u0131ndal\u0131k \u00e7al\u0131\u015fmas\u0131 ger\u00e7ekle\u015ftirildi. Plajda personel ile g\u00f6n\u00fcll\u00fcler temizlik \u00e7al\u0131\u015fmas\u0131 yaparak, temiz sahil ve temiz deniz i\u00e7in fark\u0131ndal\u0131k olu\u015fturdu. Yakla\u015fan yaz aylar\u0131nda vatanda\u015flar\u0131n en s\u0131k kulland\u0131\u011f\u0131 sahillerin temiz ve hijyenik olmas\u0131 i\u00e7in y\u00fcr\u00fct\u00fclen \u00e7al\u0131\u015fmalar \u00e7evre g\u00f6n\u00fcll\u00fcleri ile i\u015f birli\u011fi i\u00e7erisinde ger\u00e7ekle\u015ftirildi. Temizlik \u00e7al\u0131\u015fmas\u0131 s\u0131ras\u0131nda koruma alt\u0131nda olan kum zambaklar\u0131 ile caretta caretta kaplumba\u011falar\u0131 unutulmad\u0131. Hem kum zambaklar\u0131 koruma alt\u0131na al\u0131n\u0131rken hem de caretta carettalar\u0131n ya\u015fam ve yumurtlama alanlar\u0131 temizlendi. \u00c7evre g\u00f6n\u00fcll\u00fcleri, Alanya Belediyesi ve Alanya Do\u011fa Koruma ve Milli Parklar \u015eefli\u011fi\u2019ne b\u00f6yle anlaml\u0131 bir fark\u0131ndal\u0131k \u00e7al\u0131\u015fmas\u0131n\u0131 hayata ge\u00e7irdikleri i\u00e7in te\u015fekk\u00fcr etti. Kaynak: www.kanalv.com.tr Haber Sitesinden Al\u0131nm\u0131\u015ft\u0131r."}