{"version":"1.0","provider_name":"Av. Deniz Can K\u0131z\u0131l","provider_url":"https:\/\/denizcankizil.tr\/en","author_name":"Av. Deniz Can K\u0131z\u0131l","author_url":"https:\/\/denizcankizil.tr\/en\/author\/denizcankizil\/","title":"Akdeniz Film Yap\u0131m Festivali sona erdi","type":"rich","width":600,"height":338,"html":"<blockquote class=\"wp-embedded-content\" data-secret=\"5XiJWQWEHo\"><a href=\"https:\/\/denizcankizil.tr\/en\/haberler\/antalya\/akdeniz-film-yapim-festivali-sona-erdi\/\">Akdeniz Film Yap\u0131m Festivali sona erdi<\/a><\/blockquote><iframe sandbox=\"allow-scripts\" security=\"restricted\" src=\"https:\/\/denizcankizil.tr\/en\/haberler\/antalya\/akdeniz-film-yapim-festivali-sona-erdi\/embed\/#?secret=5XiJWQWEHo\" width=\"600\" height=\"338\" title=\"&#8220;Akdeniz Film Yap\u0131m Festivali sona erdi&#8221; &#8212; Av. Deniz Can K\u0131z\u0131l\" data-secret=\"5XiJWQWEHo\" frameborder=\"0\" marginwidth=\"0\" marginheight=\"0\" scrolling=\"no\" class=\"wp-embedded-content\"><\/iframe><script>\n\/*! This file is auto-generated *\/\n!function(d,l){\"use strict\";l.querySelector&&d.addEventListener&&\"undefined\"!=typeof URL&&(d.wp=d.wp||{},d.wp.receiveEmbedMessage||(d.wp.receiveEmbedMessage=function(e){var t=e.data;if((t||t.secret||t.message||t.value)&&!\/[^a-zA-Z0-9]\/.test(t.secret)){for(var s,r,n,a=l.querySelectorAll('iframe[data-secret=\"'+t.secret+'\"]'),o=l.querySelectorAll('blockquote[data-secret=\"'+t.secret+'\"]'),c=new RegExp(\"^https?:$\",\"i\"),i=0;i<o.length;i++)o[i].style.display=\"none\";for(i=0;i<a.length;i++)s=a[i],e.source===s.contentWindow&&(s.removeAttribute(\"style\"),\"height\"===t.message?(1e3<(r=parseInt(t.value,10))?r=1e3:~~r<200&&(r=200),s.height=r):\"link\"===t.message&&(r=new URL(s.getAttribute(\"src\")),n=new URL(t.value),c.test(n.protocol))&&n.host===r.host&&l.activeElement===s&&(d.top.location.href=t.value))}},d.addEventListener(\"message\",d.wp.receiveEmbedMessage,!1),l.addEventListener(\"DOMContentLoaded\",function(){for(var e,t,s=l.querySelectorAll(\"iframe.wp-embedded-content\"),r=0;r<s.length;r++)(t=(e=s[r]).getAttribute(\"data-secret\"))||(t=Math.random().toString(36).substring(2,12),e.src+=\"#?secret=\"+t,e.setAttribute(\"data-secret\",t)),e.contentWindow.postMessage({message:\"ready\",secret:t},\"*\")},!1)))}(window,document);\n\/\/# sourceURL=https:\/\/denizcankizil.tr\/wp-includes\/js\/wp-embed.min.js\n<\/script>","thumbnail_url":"https:\/\/denizcankizil.tr\/wp-content\/uploads\/2025\/05\/6386-01-odQOyJ.jpg","thumbnail_width":1280,"thumbnail_height":720,"description":"Akdeniz \u00dcniversitesi \u0130leti\u015fim Fak\u00fcltesi&#8217;nde d\u00fczenlenen Akdeniz Film Yap\u0131m Festivali, d\u00f6rt g\u00fcn boyunca sinemaseverler, s\u00f6yle\u015filerden film g\u00f6sterimlerine, at\u00f6lyelerden e\u011fitimlere kadar dolu dolu bir programla bir araya geldi. &#8220;Bir grup gen\u00e7 olarak yola \u00e7\u0131kt\u0131k&#8221; A\u00e7\u0131l\u0131\u015f konu\u015fmas\u0131n\u0131 yapan Festival Direkt\u00f6r\u00fc Do\u011facan Akta\u015f, &#8220;10 y\u0131l \u00f6nce Antalya&#8217;n\u0131n \u0131\u015f\u0131\u011f\u0131na ve dokusuna inanan gen\u00e7 sinemac\u0131lar olarak yola \u00e7\u0131kt\u0131k. \u0130stanbul&#8217;a gitmek yerine bu topraklarda kalmay\u0131 se\u00e7tik. Ev ya da araba de\u011fil, t\u00fcm yat\u0131r\u0131m\u0131m\u0131z\u0131 sinemaya ve Bat\u0131 Akdeniz&#8217;e yapt\u0131k. Antalya&#8217;y\u0131 yeni bir sinema merkezi yapmak i\u00e7in heyecanla \u00e7al\u0131\u015f\u0131yoruz.&#8221; dedi. Akta\u015f, Akdeniz \u00dcniversitesi ba\u015fta olmak \u00fczere festivalin yap\u0131lmas\u0131nda eme\u011fi ge\u00e7enlere te\u015fekk\u00fcr etti. 90 proje aras\u0131ndan 6 film \u00f6d\u00fcl ald\u0131 Festival kapsam\u0131nda d\u00fczenlenen proje yar\u0131\u015fmas\u0131na toplam 90 ba\u015fvuru al\u0131nd\u0131 ve bu ba\u015fvurular aras\u0131ndan 10 finalist proje belirlendi. Finalist projeler kapan\u0131\u015f ve \u00f6d\u00fcl t\u00f6reninde \u00f6d\u00fcllerini ald\u0131. Ya\u015fam boyu onur \u00f6d\u00fcl\u00fc Erdo\u011fan Engin&#8217;e verildi Festivalde Ya\u015fam Boyu Onur \u00d6d\u00fcl\u00fcn\u00fc \u00c7\u00f6p\u00e7\u00fcler Kral\u0131, Hababam S\u0131n\u0131f\u0131, Can\u0131m Karde\u015fim filmlerinin g\u00f6r\u00fcnt\u00fc y\u00f6netmeni Erdo\u011fan Engin, Festival Direkt\u00f6r\u00fc y\u00f6netmen Do\u011facan Akta\u015f&#8217;\u0131n elinden ald\u0131. Birincilik \u00f6d\u00fcl\u00fc Konyaalt\u0131 Belediye Ba\u015fkan\u0131 Cem Kotan taraf\u0131ndan Down filmiyle Yasin Da\u011fl\u0131&#8217;ya verildi. \u0130kincilik \u00f6d\u00fcl\u00fcn\u00fc Akdeniz \u00dcniversitesi Rekt\u00f6r Yard\u0131mc\u0131s\u0131 Prof. Dr. \u015e\u00fckr\u00fc \u00d6zen taraf\u0131ndan Domuzlar\u0131n Ard\u0131ndan filmiyle Ramazan Arslan&#8217;a verildi. \u00dc\u00e7\u00fcnc\u00fcl\u00fck \u00f6d\u00fcl\u00fc, Antalya Ticaret ve Sanayi Odas\u0131 Y\u00f6netim Kurulu \u00dcyesi Sayman Murat Toto\u015f taraf\u0131ndan Sonsuz &hellip;"}