{"version":"1.0","provider_name":"Av. Deniz Can K\u0131z\u0131l","provider_url":"https:\/\/denizcankizil.tr\/en","author_name":"Av. Deniz Can K\u0131z\u0131l","author_url":"https:\/\/denizcankizil.tr\/en\/author\/denizcankizil\/","title":"80 ya\u015f\u0131ndaki Fahriye nine doland\u0131r\u0131c\u0131ya ge\u00e7it vermedi","type":"rich","width":600,"height":338,"html":"<blockquote class=\"wp-embedded-content\" data-secret=\"eItzzuciE2\"><a href=\"https:\/\/denizcankizil.tr\/en\/haberler\/antalya\/80-yasindaki-fahriye-nine-dolandiriciya-gecit-vermedi\/\">80 ya\u015f\u0131ndaki Fahriye nine doland\u0131r\u0131c\u0131ya ge\u00e7it vermedi<\/a><\/blockquote><iframe sandbox=\"allow-scripts\" security=\"restricted\" src=\"https:\/\/denizcankizil.tr\/en\/haberler\/antalya\/80-yasindaki-fahriye-nine-dolandiriciya-gecit-vermedi\/embed\/#?secret=eItzzuciE2\" width=\"600\" height=\"338\" title=\"&#8220;80 ya\u015f\u0131ndaki Fahriye nine doland\u0131r\u0131c\u0131ya ge\u00e7it vermedi&#8221; &#8212; Av. Deniz Can K\u0131z\u0131l\" data-secret=\"eItzzuciE2\" frameborder=\"0\" marginwidth=\"0\" marginheight=\"0\" scrolling=\"no\" class=\"wp-embedded-content\"><\/iframe><script>\n\/*! This file is auto-generated *\/\n!function(d,l){\"use strict\";l.querySelector&&d.addEventListener&&\"undefined\"!=typeof URL&&(d.wp=d.wp||{},d.wp.receiveEmbedMessage||(d.wp.receiveEmbedMessage=function(e){var t=e.data;if((t||t.secret||t.message||t.value)&&!\/[^a-zA-Z0-9]\/.test(t.secret)){for(var s,r,n,a=l.querySelectorAll('iframe[data-secret=\"'+t.secret+'\"]'),o=l.querySelectorAll('blockquote[data-secret=\"'+t.secret+'\"]'),c=new RegExp(\"^https?:$\",\"i\"),i=0;i<o.length;i++)o[i].style.display=\"none\";for(i=0;i<a.length;i++)s=a[i],e.source===s.contentWindow&&(s.removeAttribute(\"style\"),\"height\"===t.message?(1e3<(r=parseInt(t.value,10))?r=1e3:~~r<200&&(r=200),s.height=r):\"link\"===t.message&&(r=new URL(s.getAttribute(\"src\")),n=new URL(t.value),c.test(n.protocol))&&n.host===r.host&&l.activeElement===s&&(d.top.location.href=t.value))}},d.addEventListener(\"message\",d.wp.receiveEmbedMessage,!1),l.addEventListener(\"DOMContentLoaded\",function(){for(var e,t,s=l.querySelectorAll(\"iframe.wp-embedded-content\"),r=0;r<s.length;r++)(t=(e=s[r]).getAttribute(\"data-secret\"))||(t=Math.random().toString(36).substring(2,12),e.src+=\"#?secret=\"+t,e.setAttribute(\"data-secret\",t)),e.contentWindow.postMessage({message:\"ready\",secret:t},\"*\")},!1)))}(window,document);\n\/\/# sourceURL=https:\/\/denizcankizil.tr\/wp-includes\/js\/wp-embed.min.js\n<\/script>","thumbnail_url":"https:\/\/denizcankizil.tr\/wp-content\/uploads\/2025\/05\/6233-01-Aqh95f.jpg","thumbnail_width":1280,"thumbnail_height":720,"description":"Antalya\u2019n\u0131n Muratpa\u015fa il\u00e7esinde ya\u015fayan 80 ya\u015f\u0131ndaki Fahriye Alfert, telefonla ba\u015flayan ve WhatsApp \u00fczerinden s\u00fcrd\u00fcr\u00fclen bir doland\u0131r\u0131c\u0131l\u0131k giri\u015fimine kar\u015f\u0131 kararl\u0131l\u0131kla direndi. Kendini polis olarak tan\u0131tan ve WhatsApp profiline Milli \u0130stihbarat Te\u015fkilat\u0131 (M\u0130T) amblemi yerle\u015ftirip &#8220;M.\u0130.T.&#8221; yazan \u015f\u00fcpheli, ya\u015fl\u0131 kad\u0131n\u0131 kimli\u011finin ele ge\u00e7irildi\u011fi yalan\u0131yla kand\u0131rmaya \u00e7al\u0131\u015ft\u0131. &#8220;Kimli\u011fin \u00fczerinden ba\u015fkalar\u0131 i\u015flem yapm\u0131\u015f&#8221; \u015e\u00fcpheli \u015fah\u0131s, telefonla arad\u0131\u011f\u0131 Fahriye Alfert\u2019e &#8220;Kimli\u011fin \u00fczerinden ba\u015fkalar\u0131 i\u015flem yapm\u0131\u015f. Kimli\u011finle oynanm\u0131\u015f, insanlar senin ad\u0131nla otellere gitmi\u015f, para \u00e7ekmi\u015f&#8221; diyerek ya\u015fl\u0131 kad\u0131n\u0131 pani\u011fe s\u00fcr\u00fcklemeye \u00e7al\u0131\u015ft\u0131. Kimli\u011fine ait oldu\u011funu iddia etti\u011fi sahte bir belgeyi de WhatsApp \u00fczerinden g\u00f6nderen \u015fah\u0131s, bu yolla g\u00fcven kazanmaya \u00e7al\u0131\u015ft\u0131. Ancak Fahriye Alfert, g\u00f6nderilen foto\u011fraf\u0131n kendisine ait olmad\u0131\u011f\u0131n\u0131 fark ederek &#8220;Bu foto\u011fraf benim de\u011fil&#8221; diyerek tepki g\u00f6sterdi. &#8220;Senin o\u011flunu da g\u00f6t\u00fcr\u00fcrler&#8221; \u0130leti\u015fim s\u00fcresince kendini polis olarak tan\u0131tan \u015fah\u0131s, &#8220;\u00c7ocuklar\u0131na bildirirsen, FET\u00d6&#8217;de 15 Temmuz&#8217;da nas\u0131l yapt\u0131lar, ka\u00e7 ki\u015fiyi g\u00f6t\u00fcrd\u00fcler. Senin o\u011flunu da g\u00f6t\u00fcr\u00fcrler&#8221; diyerek tehditlerini s\u00fcrd\u00fcrd\u00fc. Alfert\u2019in g\u00fcvenmemesi \u00fczerine bu kez &#8220;Sen devlet beyime hakaret ediyorsun. Bu s\u00f6zlerin y\u00fcz\u00fcnden 14 g\u00fcn i\u00e7eride yatars\u0131n. Seni kom\u015fular\u0131n\u0131n \u00f6n\u00fcnde al\u0131p g\u00f6t\u00fcr\u00fcrler, onlar da \u2018Bu kad\u0131n ne yapt\u0131?\u2019 derler&#8221; ifadeleriyle psikolojik bask\u0131 kurmaya \u00e7al\u0131\u015ft\u0131. Fahriye teyze ise, &#8220;Ben hakaret etmedim ki! Kimseyi kesmedim, \u00f6ld\u00fcrmedim. Kom\u015fular\u0131m beni tan\u0131r&#8221; \u015feklinde konu\u015farak, inanmad\u0131\u011f\u0131n\u0131 belli etmeye devam etti. T\u00fcm bu bask\u0131lara ra\u011fmen doland\u0131r\u0131c\u0131n\u0131n s\u00f6zlerine inanmayan Alfert, &hellip;"}