{"version":"1.0","provider_name":"Av. Deniz Can K\u0131z\u0131l","provider_url":"https:\/\/denizcankizil.tr\/de","author_name":"Hukuki Haber.net","author_url":"https:\/\/denizcankizil.tr\/de\/author\/hukukihabernet\/","title":"Kapal\u0131 Cezaevinden Do\u011frudan Denetimli Serbestli\u011fe Ge\u00e7i\u015f","type":"rich","width":600,"height":338,"html":"<blockquote class=\"wp-embedded-content\" data-secret=\"UjEz038V69\"><a href=\"https:\/\/denizcankizil.tr\/de\/hukukihaber\/kapali-cezaevinden-dogrudan-denetimli-serbestlige-gecis\/\">Kapal\u0131 Cezaevinden Do\u011frudan Denetimli Serbestli\u011fe Ge\u00e7i\u015f<\/a><\/blockquote><iframe sandbox=\"allow-scripts\" security=\"restricted\" src=\"https:\/\/denizcankizil.tr\/de\/hukukihaber\/kapali-cezaevinden-dogrudan-denetimli-serbestlige-gecis\/embed\/#?secret=UjEz038V69\" width=\"600\" height=\"338\" title=\"&#8222;Kapal\u0131 Cezaevinden Do\u011frudan Denetimli Serbestli\u011fe Ge\u00e7i\u015f&#8220; &#8211; Av. Deniz Can K\u0131z\u0131l\" data-secret=\"UjEz038V69\" frameborder=\"0\" marginwidth=\"0\" marginheight=\"0\" scrolling=\"no\" class=\"wp-embedded-content\"><\/iframe><script>\n\/*! This file is auto-generated *\/\n!function(d,l){\"use strict\";l.querySelector&&d.addEventListener&&\"undefined\"!=typeof URL&&(d.wp=d.wp||{},d.wp.receiveEmbedMessage||(d.wp.receiveEmbedMessage=function(e){var t=e.data;if((t||t.secret||t.message||t.value)&&!\/[^a-zA-Z0-9]\/.test(t.secret)){for(var s,r,n,a=l.querySelectorAll('iframe[data-secret=\"'+t.secret+'\"]'),o=l.querySelectorAll('blockquote[data-secret=\"'+t.secret+'\"]'),c=new RegExp(\"^https?:$\",\"i\"),i=0;i<o.length;i++)o[i].style.display=\"none\";for(i=0;i<a.length;i++)s=a[i],e.source===s.contentWindow&&(s.removeAttribute(\"style\"),\"height\"===t.message?(1e3<(r=parseInt(t.value,10))?r=1e3:~~r<200&&(r=200),s.height=r):\"link\"===t.message&&(r=new URL(s.getAttribute(\"src\")),n=new URL(t.value),c.test(n.protocol))&&n.host===r.host&&l.activeElement===s&&(d.top.location.href=t.value))}},d.addEventListener(\"message\",d.wp.receiveEmbedMessage,!1),l.addEventListener(\"DOMContentLoaded\",function(){for(var e,t,s=l.querySelectorAll(\"iframe.wp-embedded-content\"),r=0;r<s.length;r++)(t=(e=s[r]).getAttribute(\"data-secret\"))||(t=Math.random().toString(36).substring(2,12),e.src+=\"#?secret=\"+t,e.setAttribute(\"data-secret\",t)),e.contentWindow.postMessage({message:\"ready\",secret:t},\"*\")},!1)))}(window,document);\n\/\/# sourceURL=https:\/\/denizcankizil.tr\/wp-includes\/js\/wp-embed.min.js\n<\/script>","description":"Kural, kapal\u0131 infaz kurumunda bulunan h\u00fck\u00fcml\u00fcn\u00fcn \u00f6nce a\u00e7\u0131k infaz kurumuna ayr\u0131lmak veya ayr\u0131lmak hak etmek suretiyle denetimli serbestli\u011fe ge\u00e7mesidir. Bunun d\u0131\u015f\u0131nda; do\u011frudan denetimli serbestli\u011fe tabi tutularak, yani a\u00e7\u0131k infaz kurumuna ge\u00e7meden veya a\u00e7\u0131\u011fa ayr\u0131lmay\u0131 hak etmeden kapal\u0131 cezaevinde kalan h\u00fck\u00fcml\u00fcn\u00fcn kalan hapis cezas\u0131n\u0131n infaz\u0131n\u0131n denetimli serbestlikle d\u0131\u015far\u0131da devam etmesi, ancak 5275 say\u0131l\u0131 Ceza ve G\u00fcvenlik Tedbirlerinin \u0130nfaz\u0131 Hakk\u0131nda Kanun Ge\u00e7ici m.6\/3\u2019\u00fcn tatbiki ile m\u00fcmk\u00fcn olabilir. \u015e\u00f6yle ki; 30.03.2020 tarihinden \u00f6nce i\u015flenen ve \u0130nfaz Kanunu Ge\u00e7ici m.6\u2019da say\u0131lan istisnalar aras\u0131nda olmayan su\u00e7lardan verilen hapis cezalar\u0131n\u0131n infaz\u0131nda, 3 y\u0131l denetimli serbestlik uygulan\u0131r. \u0130nfaz Kanunu Ge\u00e7ici m.6\/3 h\u00fckm\u00fcnde; \u00fc\u00e7 (3) y\u0131l denetimli serbestlik s\u00fcresinden, kapal\u0131 ceza infaz kurumunda bulunan h\u00fck\u00fcml\u00fclerin de faydalanabilece\u011fi d\u00fczenlenmi\u015ftir. Bu d\u00fczenleme; denetimli serbestli\u011fin \u00f6n \u015fart\u0131 olan \u201ca\u00e7\u0131k ceza infaz kurumuna ayr\u0131lma\/ayr\u0131lmay\u0131 hak etme\u201d kriterinin, Ge\u00e7ici m.6 kapsam\u0131na giren h\u00fck\u00fcml\u00fcler y\u00f6n\u00fcnden aranmayaca\u011f\u0131n\u0131, s\u00fcre ve iyi hal \u015fart\u0131n\u0131 sa\u011flayan h\u00fck\u00fcml\u00fclerin do\u011frudan kapal\u0131 kurumdan denetimli serbestli\u011fe ayr\u0131labilece\u011fini ifade etmektedir. Sonu\u00e7 olarak; h\u00fck\u00fcml\u00fcn\u00fcn faydalanabilece\u011fi denetimli serbestlik s\u00fcresi, ko\u015fullu sal\u0131verilmesi i\u00e7in fiilen infaz\u0131 gereken s\u00fcreyi kar\u015f\u0131l\u0131yorsa, h\u00fck\u00fcml\u00fcn\u00fcn bir ay kapal\u0131 ceza evinde kalmas\u0131na gerek olmay\u0131p, \u0130nfaz Kanunu Ge\u00e7ici m.6\/3 uyar\u0131nca do\u011frudan kapal\u0131 kurumdan \u201cgir-\u00e7\u0131k\u201d i\u015flemleri yap\u0131larak denetimli serbestli\u011fe ayr\u0131labilir. Son olarak; birinci kez tekerr\u00fcr halinde denetimli serbestlik s\u00fcrelerinde farkl\u0131l\u0131k olmad\u0131\u011f\u0131n\u0131, bu s\u00fcrelerin 5275 say\u0131l\u0131 &hellip;"}