{"version":"1.0","provider_name":"Av. Deniz Can K\u0131z\u0131l","provider_url":"https:\/\/denizcankizil.tr\/de","author_name":"Av. Deniz Can K\u0131z\u0131l","author_url":"https:\/\/denizcankizil.tr\/de","title":"Hakan \u00c7atak: \u0130stanbul Barosu'nu lay\u0131k\u0131yla y\u00f6netmeye talibiz","type":"rich","width":600,"height":338,"html":"<blockquote class=\"wp-embedded-content\" data-secret=\"6j0nlhLTNC\"><a href=\"https:\/\/denizcankizil.tr\/de\/hukukihaber\/hakan-catak-istanbul-barosunu-layikiyla-yonetmeye-talibiz\/\">Hakan \u00c7atak: \u0130stanbul Barosu&#8217;nu lay\u0131k\u0131yla y\u00f6netmeye talibiz<\/a><\/blockquote><iframe sandbox=\"allow-scripts\" security=\"restricted\" src=\"https:\/\/denizcankizil.tr\/de\/hukukihaber\/hakan-catak-istanbul-barosunu-layikiyla-yonetmeye-talibiz\/embed\/#?secret=6j0nlhLTNC\" width=\"600\" height=\"338\" title=\"&#8222;Hakan \u00c7atak: \u0130stanbul Barosu&#8217;nu lay\u0131k\u0131yla y\u00f6netmeye talibiz&#8220; &#8211; Av. Deniz Can K\u0131z\u0131l\" data-secret=\"6j0nlhLTNC\" frameborder=\"0\" marginwidth=\"0\" marginheight=\"0\" scrolling=\"no\" class=\"wp-embedded-content\"><\/iframe><script>\n\/*! This file is auto-generated *\/\n!function(d,l){\"use strict\";l.querySelector&&d.addEventListener&&\"undefined\"!=typeof URL&&(d.wp=d.wp||{},d.wp.receiveEmbedMessage||(d.wp.receiveEmbedMessage=function(e){var t=e.data;if((t||t.secret||t.message||t.value)&&!\/[^a-zA-Z0-9]\/.test(t.secret)){for(var s,r,n,a=l.querySelectorAll('iframe[data-secret=\"'+t.secret+'\"]'),o=l.querySelectorAll('blockquote[data-secret=\"'+t.secret+'\"]'),c=new RegExp(\"^https?:$\",\"i\"),i=0;i<o.length;i++)o[i].style.display=\"none\";for(i=0;i<a.length;i++)s=a[i],e.source===s.contentWindow&&(s.removeAttribute(\"style\"),\"height\"===t.message?(1e3<(r=parseInt(t.value,10))?r=1e3:~~r<200&&(r=200),s.height=r):\"link\"===t.message&&(r=new URL(s.getAttribute(\"src\")),n=new URL(t.value),c.test(n.protocol))&&n.host===r.host&&l.activeElement===s&&(d.top.location.href=t.value))}},d.addEventListener(\"message\",d.wp.receiveEmbedMessage,!1),l.addEventListener(\"DOMContentLoaded\",function(){for(var e,t,s=l.querySelectorAll(\"iframe.wp-embedded-content\"),r=0;r<s.length;r++)(t=(e=s[r]).getAttribute(\"data-secret\"))||(t=Math.random().toString(36).substring(2,12),e.src+=\"#?secret=\"+t,e.setAttribute(\"data-secret\",t)),e.contentWindow.postMessage({message:\"ready\",secret:t},\"*\")},!1)))}(window,document);\n\/\/# sourceURL=https:\/\/denizcankizil.tr\/wp-includes\/js\/wp-embed.min.js\n<\/script>","description":"\u0130stanbul Milliyet\u00e7i Avukatlar Grubu&#8217;nun (\u0130MAG) \u0130stanbul Barosu Ba\u015fkan Aday\u0131 Avukat Hakan \u00c7atak&#8217;\u0131n sorular\u0131m\u0131za verdi\u011fi samimi cevaplar \u015f\u00f6yle; SORU 1: \u0130stanbul Milliyet\u00e7i Avukatlar Grubunun \u0130stanbul Barosu Ba\u015fkan Aday\u0131s\u0131n\u0131z. Yarg\u0131 ve Y\u00fcr\u00fctmenin nas\u0131l bir i\u015fleyi\u015f halinde olmas\u0131n\u0131 d\u00fc\u015f\u00fcn\u00fcyorsunuz? \u00d6ncelikle \u015funu ifade etmek isterim ki; Kuvvetler Ayr\u0131l\u0131\u011f\u0131 k\u0131rm\u0131z\u0131 \u00e7izgimizdir. Yarg\u0131n\u0131n, y\u00fcr\u00fctmenin etkisi alt\u0131nda kalmadan, tamamen ba\u011f\u0131ms\u0131z bir \u015fekilde \u00e7al\u0131\u015fmas\u0131, hukuk devleti ilkesinin gere\u011fidir. Y\u00fcr\u00fctme organ\u0131, yarg\u0131n\u0131n kararlar\u0131na sayg\u0131 g\u00f6stermeli ve ele\u015ftirilerini hukuk \u00e7er\u00e7evesinde yapmal\u0131d\u0131r. Yarg\u0131n\u0131n ba\u011f\u0131ms\u0131zl\u0131\u011f\u0131na y\u00f6nelik her t\u00fcrl\u00fc m\u00fcdahale, hukukun \u00fcst\u00fcnl\u00fc\u011f\u00fcn\u00fc zedeler ve demokrasinin temelini sarsar. Bu nedenle, yarg\u0131n\u0131n ba\u011f\u0131ms\u0131zl\u0131\u011f\u0131n\u0131 koruyacak g\u00fc\u00e7l\u00fc mekanizmalar\u0131n olu\u015fturulmas\u0131 ve bu mekanizmalar\u0131n etkin bir \u015fekilde i\u015fletilmesinin \u00f6nem ta\u015f\u0131d\u0131\u011f\u0131n\u0131 ifade etmek istiyorum. SORU 2: 2020 y\u0131l\u0131nda yap\u0131lan kanunla, \u0130stanbul dahil baz\u0131 illerde 2 No\u2019lu barolar kuruldu. \u00c7oklu Baro d\u00fczenlemesini de\u011ferlendirebilir misiniz? Siyasal iktidar\u0131n iste\u011fi ile ihdas edilen \u201c\u00e7oklu baro\u201d d\u00fczenlemesinin meslek eti\u011fine zarar vermesinin yan\u0131 s\u0131ra, hukukun siyasalla\u015fmas\u0131, meslekta\u015flar\u0131m\u0131z aras\u0131nda siyasal ayr\u0131\u015fman\u0131n derinle\u015fmesi, yapay \u00e7at\u0131\u015fmalara zemin haz\u0131rlamas\u0131 gibi olumsuz etkileri ka\u00e7\u0131n\u0131lmazd\u0131r. Nicelik olarak k\u00fc\u00e7\u00fck ve kontrol\u00fc kolay barolar olu\u015fturulmak amac\u0131yla getirilen \u201c\u00e7oklu baro\u201d yanl\u0131\u015ft\u0131r ve bu yanl\u0131\u015ftan hemen d\u00f6n\u00fclmesi gerekti\u011fi kanaatindeyim. Bu hususta mevcut baro y\u00f6netiminin de hatalar\u0131 olmu\u015ftur. Siyasal iktidara \u201c\u00e7oklu baro\u201d d\u00fczenlemesini yasala\u015ft\u0131rarak mesle\u011fe ve barolara m\u00fcdahale etme f\u0131rsat\u0131n\u0131, kat\u0131l\u0131mc\u0131 bir y\u00f6netim anlay\u0131\u015f\u0131n\u0131 reddeden mevcut baro &hellip;"}