{"version":"1.0","provider_name":"Av. Deniz Can K\u0131z\u0131l","provider_url":"https:\/\/denizcankizil.tr\/de","author_name":"Hukuki Haber.net","author_url":"https:\/\/denizcankizil.tr\/de\/author\/hukukihabernet\/","title":"AYM'nin 2022\/30839 ba\u015fvuru numaral\u0131 karar\u0131","type":"rich","width":600,"height":338,"html":"<blockquote class=\"wp-embedded-content\" data-secret=\"HEu0affeTm\"><a href=\"https:\/\/denizcankizil.tr\/de\/hukukihaber\/aymnin-2022-30839-basvuru-numarali-karari\/\">AYM&#8217;nin 2022\/30839 ba\u015fvuru numaral\u0131 karar\u0131<\/a><\/blockquote><iframe sandbox=\"allow-scripts\" security=\"restricted\" src=\"https:\/\/denizcankizil.tr\/de\/hukukihaber\/aymnin-2022-30839-basvuru-numarali-karari\/embed\/#?secret=HEu0affeTm\" width=\"600\" height=\"338\" title=\"&#8222;AYM&#8217;nin 2022\/30839 ba\u015fvuru numaral\u0131 karar\u0131&#8220; &#8211; Av. Deniz Can K\u0131z\u0131l\" data-secret=\"HEu0affeTm\" frameborder=\"0\" marginwidth=\"0\" marginheight=\"0\" scrolling=\"no\" class=\"wp-embedded-content\"><\/iframe><script>\n\/*! This file is auto-generated *\/\n!function(d,l){\"use strict\";l.querySelector&&d.addEventListener&&\"undefined\"!=typeof URL&&(d.wp=d.wp||{},d.wp.receiveEmbedMessage||(d.wp.receiveEmbedMessage=function(e){var t=e.data;if((t||t.secret||t.message||t.value)&&!\/[^a-zA-Z0-9]\/.test(t.secret)){for(var s,r,n,a=l.querySelectorAll('iframe[data-secret=\"'+t.secret+'\"]'),o=l.querySelectorAll('blockquote[data-secret=\"'+t.secret+'\"]'),c=new RegExp(\"^https?:$\",\"i\"),i=0;i<o.length;i++)o[i].style.display=\"none\";for(i=0;i<a.length;i++)s=a[i],e.source===s.contentWindow&&(s.removeAttribute(\"style\"),\"height\"===t.message?(1e3<(r=parseInt(t.value,10))?r=1e3:~~r<200&&(r=200),s.height=r):\"link\"===t.message&&(r=new URL(s.getAttribute(\"src\")),n=new URL(t.value),c.test(n.protocol))&&n.host===r.host&&l.activeElement===s&&(d.top.location.href=t.value))}},d.addEventListener(\"message\",d.wp.receiveEmbedMessage,!1),l.addEventListener(\"DOMContentLoaded\",function(){for(var e,t,s=l.querySelectorAll(\"iframe.wp-embedded-content\"),r=0;r<s.length;r++)(t=(e=s[r]).getAttribute(\"data-secret\"))||(t=Math.random().toString(36).substring(2,12),e.src+=\"#?secret=\"+t,e.setAttribute(\"data-secret\",t)),e.contentWindow.postMessage({message:\"ready\",secret:t},\"*\")},!1)))}(window,document);\n\/\/# sourceURL=https:\/\/denizcankizil.tr\/wp-includes\/js\/wp-embed.min.js\n<\/script>","description":"T\u00dcRK\u0130YE CUMHUR\u0130YET\u0130 ANAYASA MAHKEMES\u0130 \u00a0 \u00a0 \u0130K\u0130NC\u0130 B\u00d6L\u00dcM \u00a0 KARAR \u00a0 AR\u0130FE DURAN VE D\u0130\u011eERLER\u0130 BA\u015eVURUSU (Ba\u015fvuru Numaras\u0131: 2022\/30839) \u00a0 Karar Tarihi: 8\/1\/2025 \u0130K\u0130NC\u0130 B\u00d6L\u00dcM \u00a0 KARAR \u00a0 \u00a0 Ba\u015fkan : Basri BA\u011eCI \u00dcyeler : Y\u0131ld\u0131z SEFER\u0130NO\u011eLU \u00a0 \u00a0 Kenan YA\u015eAR \u00a0 \u00a0 \u00d6mer \u00c7INAR \u00a0 \u00a0 Metin KIRATLI Raport\u00f6r : Olcay \u00d6ZCAN Ba\u015fvurucular : 1. Arife DURAN \u00a0 \u00a0 2. Cemile UZ \u00a0 \u00a0 3. Firdevs SARI \u00a0 \u00a0 4. G\u00fclseren BOZDEM\u0130R \u00a0 \u00a0 5. Hanife OKUMU\u015e \u00a0 \u00a0 6. Hasan \u015eAH\u0130N \u00a0 \u00a0 7. \u0130brahim UBUZ \u00a0 \u00a0 8. Mustafa BAYRAM \u00a0 \u00a0 9. Naci KOZAN \u00a0 \u00a0 10. \u00d6mer \u015eAH\u0130N \u00a0 \u00a0 11. Saadet \u00c7EL\u0130K \u00a0 \u00a0 12. Selahattin UBUZ \u00a0 \u00a0 13. \u00dcmit OKUMU\u015e \u00a0 \u00a0 14. Yakup \u015eAH\u0130N Vekili : Av. \u015eaziye \u0130rem TANDO\u011eAR EK\u0130NC\u0130 \u00a0 I. BA\u015eVURUNUN \u00d6ZET\u0130 1. Ba\u015fvuru, kamu kurumlar\u0131ndan olan alaca\u011f\u0131n de\u011fer kayb\u0131na u\u011frat\u0131lmas\u0131 (veya u\u011frat\u0131larak \u00f6denmesi) nedeniyle m\u00fclkiyet hakk\u0131n\u0131n ve yarg\u0131 karar\u0131n\u0131n icra edilmemesi nedeniyle karar\u0131n icras\u0131 hakk\u0131n\u0131n ihlal edildi\u011fi iddias\u0131na ili\u015fkindir. Ba\u015fvurucular, nihai h\u00fckm\u00fc farkl\u0131 tarihlerde \u00f6\u011frendikten sonra s\u00fcresi i\u00e7erisinde bireysel ba\u015fvuruda bulunmu\u015ftur. \u0130kinci B\u00f6l\u00fcm7\/11\/2023 ve 28\/12\/2023, Birinci B\u00f6l\u00fcm29\/12\/2023 tarihlerinde adil yarg\u0131lanma hakk\u0131 kapsam\u0131ndaki makul s\u00fcrede yarg\u0131lanma hakk\u0131n\u0131n ihlal edildi\u011fine ili\u015fkin iddian\u0131n ba\u015fvuru yollar\u0131n\u0131n t\u00fcketilmemesi nedeniyle kabul edilemez oldu\u011funa, &hellip;"}