{"version":"1.0","provider_name":"Av. Deniz Can K\u0131z\u0131l","provider_url":"https:\/\/denizcankizil.tr\/de","author_name":"Hukuki Haber.net","author_url":"https:\/\/denizcankizil.tr\/de\/author\/hukukihabernet\/","title":"AYM'nin 2021\/23361 ba\u015fvuru numaral\u0131 karar\u0131","type":"rich","width":600,"height":338,"html":"<blockquote class=\"wp-embedded-content\" data-secret=\"D7aj6uh5bs\"><a href=\"https:\/\/denizcankizil.tr\/de\/hukukihaber\/aymnin-2021-23361-basvuru-numarali-karari\/\">AYM&#8217;nin 2021\/23361 ba\u015fvuru numaral\u0131 karar\u0131<\/a><\/blockquote><iframe sandbox=\"allow-scripts\" security=\"restricted\" src=\"https:\/\/denizcankizil.tr\/de\/hukukihaber\/aymnin-2021-23361-basvuru-numarali-karari\/embed\/#?secret=D7aj6uh5bs\" width=\"600\" height=\"338\" title=\"&#8222;AYM&#8217;nin 2021\/23361 ba\u015fvuru numaral\u0131 karar\u0131&#8220; &#8211; Av. Deniz Can K\u0131z\u0131l\" data-secret=\"D7aj6uh5bs\" frameborder=\"0\" marginwidth=\"0\" marginheight=\"0\" scrolling=\"no\" class=\"wp-embedded-content\"><\/iframe><script>\n\/*! This file is auto-generated *\/\n!function(d,l){\"use strict\";l.querySelector&&d.addEventListener&&\"undefined\"!=typeof URL&&(d.wp=d.wp||{},d.wp.receiveEmbedMessage||(d.wp.receiveEmbedMessage=function(e){var t=e.data;if((t||t.secret||t.message||t.value)&&!\/[^a-zA-Z0-9]\/.test(t.secret)){for(var s,r,n,a=l.querySelectorAll('iframe[data-secret=\"'+t.secret+'\"]'),o=l.querySelectorAll('blockquote[data-secret=\"'+t.secret+'\"]'),c=new RegExp(\"^https?:$\",\"i\"),i=0;i<o.length;i++)o[i].style.display=\"none\";for(i=0;i<a.length;i++)s=a[i],e.source===s.contentWindow&&(s.removeAttribute(\"style\"),\"height\"===t.message?(1e3<(r=parseInt(t.value,10))?r=1e3:~~r<200&&(r=200),s.height=r):\"link\"===t.message&&(r=new URL(s.getAttribute(\"src\")),n=new URL(t.value),c.test(n.protocol))&&n.host===r.host&&l.activeElement===s&&(d.top.location.href=t.value))}},d.addEventListener(\"message\",d.wp.receiveEmbedMessage,!1),l.addEventListener(\"DOMContentLoaded\",function(){for(var e,t,s=l.querySelectorAll(\"iframe.wp-embedded-content\"),r=0;r<s.length;r++)(t=(e=s[r]).getAttribute(\"data-secret\"))||(t=Math.random().toString(36).substring(2,12),e.src+=\"#?secret=\"+t,e.setAttribute(\"data-secret\",t)),e.contentWindow.postMessage({message:\"ready\",secret:t},\"*\")},!1)))}(window,document);\n\/\/# sourceURL=https:\/\/denizcankizil.tr\/wp-includes\/js\/wp-embed.min.js\n<\/script>","description":"T\u00dcRK\u0130YE CUMHUR\u0130YET\u0130 ANAYASA MAHKEMES\u0130 \u00a0 \u00a0 \u0130K\u0130NC\u0130 B\u00d6L\u00dcM \u00a0 KARAR \u00a0 HAS\u0130NE AKY\u00dcZ VE MEHMET AR\u0130F AKY\u00dcZ BA\u015eVURUSU (Ba\u015fvuru Numaras\u0131: 2021\/23361) \u00a0 Karar Tarihi: 14\/1\/2025 \u0130K\u0130NC\u0130 B\u00d6L\u00dcM \u00a0 KARAR \u00a0 \u00a0 Ba\u015fkan : Basri BA\u011eCI \u00dcyeler : Engin YILDIRIM \u00a0 \u00a0 Kenan YA\u015eAR \u00a0 \u00a0 \u00d6mer \u00c7INAR \u00a0 \u00a0 Metin KIRATLI Raport\u00f6r : \u015eehadet \u00d6ZT\u00dcRK Ba\u015fvurucular : 1. Hasine AKY\u00dcZ \u00a0 \u00a0 2. Mehmet Arif AKY\u00dcZ Vekili : Av. Ali BOZAN \u00a0 I. BA\u015eVURUNUN \u00d6ZET\u0130 1. Ba\u015fvuru, ceza infaz kurumunda meydana gelen \u00f6l\u00fcm olay\u0131 hakk\u0131nda yap\u0131lan ceza yarg\u0131lamas\u0131n\u0131n makul s\u00fcratle y\u00fcr\u00fct\u00fclmemesi nedeniyle ya\u015fam hakk\u0131n\u0131n ihlal edildi\u011fi iddias\u0131na ili\u015fkindir. 2. Ba\u015fvurucu Hasine Aky\u00fcz&#8217;\u00fcn o\u011flu, di\u011fer ba\u015fvurucu Mehmet Arif Aky\u00fcz&#8217;\u00fcn ise karde\u015fi olan Y.A. uyu\u015fturucu veya uyar\u0131c\u0131 madde ticareti yapma veya sa\u011flama su\u00e7u kapsam\u0131nda Mersin 7. Asliye Ceza Mahkemesinin 5\/6\/2009 tarihli karar\u0131 ile tutuklanarak Mersin E Tipi Kapal\u0131 Ceza \u0130nfaz Kurumuna konulmu\u015ftur. 9\/6\/2009 tarihinde 15 ya\u015f\u0131ndaki Y.A.n\u0131n Pozant\u0131 M Tipi Kapal\u0131 Ceza \u0130nfaz Kurumuna (Ceza \u0130nfaz Kurumu) nakli yap\u0131lm\u0131\u015f ve ayn\u0131 g\u00fcn al\u0131nan kararla B-10 No.lu odaya yerle\u015ftirilmi\u015ftir. 3. Ceza \u0130nfaz Kurumunda 16\/8\/2009 tarihinde saat 08.00&#8217;de yap\u0131lan sabah say\u0131m\u0131nda B-10 No.lu ko\u011fu\u015fta bir ki\u015finin eksik oldu\u011fu tespit edilmi\u015f, ayn\u0131 ko\u011fu\u015fta tutuklu olarak bulunan M.E.Y., ak\u015fam say\u0131m\u0131ndan sonra Y.A.y\u0131 kavga ederken \u00f6ld\u00fcrd\u00fc\u011f\u00fcn\u00fc beyan &hellip;"}