{"version":"1.0","provider_name":"Av. Deniz Can K\u0131z\u0131l","provider_url":"https:\/\/denizcankizil.tr\/de","author_name":"Hukuki Haber.net","author_url":"https:\/\/denizcankizil.tr\/de\/author\/hukukihabernet\/","title":"AYM'nin 2020\/40377 ba\u015fvuru numaral\u0131 karar\u0131","type":"rich","width":600,"height":338,"html":"<blockquote class=\"wp-embedded-content\" data-secret=\"iSgNZ3MB8Q\"><a href=\"https:\/\/denizcankizil.tr\/de\/hukukihaber\/aymnin-2020-40377-basvuru-numarali-karari\/\">AYM&#8217;nin 2020\/40377 ba\u015fvuru numaral\u0131 karar\u0131<\/a><\/blockquote><iframe sandbox=\"allow-scripts\" security=\"restricted\" src=\"https:\/\/denizcankizil.tr\/de\/hukukihaber\/aymnin-2020-40377-basvuru-numarali-karari\/embed\/#?secret=iSgNZ3MB8Q\" width=\"600\" height=\"338\" title=\"&#8222;AYM&#8217;nin 2020\/40377 ba\u015fvuru numaral\u0131 karar\u0131&#8220; &#8211; Av. Deniz Can K\u0131z\u0131l\" data-secret=\"iSgNZ3MB8Q\" frameborder=\"0\" marginwidth=\"0\" marginheight=\"0\" scrolling=\"no\" class=\"wp-embedded-content\"><\/iframe><script>\n\/*! This file is auto-generated *\/\n!function(d,l){\"use strict\";l.querySelector&&d.addEventListener&&\"undefined\"!=typeof URL&&(d.wp=d.wp||{},d.wp.receiveEmbedMessage||(d.wp.receiveEmbedMessage=function(e){var t=e.data;if((t||t.secret||t.message||t.value)&&!\/[^a-zA-Z0-9]\/.test(t.secret)){for(var s,r,n,a=l.querySelectorAll('iframe[data-secret=\"'+t.secret+'\"]'),o=l.querySelectorAll('blockquote[data-secret=\"'+t.secret+'\"]'),c=new RegExp(\"^https?:$\",\"i\"),i=0;i<o.length;i++)o[i].style.display=\"none\";for(i=0;i<a.length;i++)s=a[i],e.source===s.contentWindow&&(s.removeAttribute(\"style\"),\"height\"===t.message?(1e3<(r=parseInt(t.value,10))?r=1e3:~~r<200&&(r=200),s.height=r):\"link\"===t.message&&(r=new URL(s.getAttribute(\"src\")),n=new URL(t.value),c.test(n.protocol))&&n.host===r.host&&l.activeElement===s&&(d.top.location.href=t.value))}},d.addEventListener(\"message\",d.wp.receiveEmbedMessage,!1),l.addEventListener(\"DOMContentLoaded\",function(){for(var e,t,s=l.querySelectorAll(\"iframe.wp-embedded-content\"),r=0;r<s.length;r++)(t=(e=s[r]).getAttribute(\"data-secret\"))||(t=Math.random().toString(36).substring(2,12),e.src+=\"#?secret=\"+t,e.setAttribute(\"data-secret\",t)),e.contentWindow.postMessage({message:\"ready\",secret:t},\"*\")},!1)))}(window,document);\n\/\/# sourceURL=https:\/\/denizcankizil.tr\/wp-includes\/js\/wp-embed.min.js\n<\/script>","description":"T\u00dcRK\u0130YE CUMHUR\u0130YET\u0130 ANAYASA MAHKEMES\u0130 \u00a0 \u00a0 B\u0130R\u0130NC\u0130 B\u00d6L\u00dcM \u00a0 KARAR \u00a0 VEL\u0130 A\u011eBABA BA\u015eVURUSU (Ba\u015fvuru Numaras\u0131: 2020\/40377) \u00a0 Karar Tarihi: 31\/10\/2024 B\u0130R\u0130NC\u0130 B\u00d6L\u00dcM \u00a0 KARAR \u00a0 \u00a0 Ba\u015fkan : Hasan Tahsin G\u00d6KCAN \u00dcyeler : Yusuf \u015eevki HAKYEMEZ \u00a0 \u00a0 \u0130rfan F\u0130DAN \u00a0 \u00a0 Muhterem \u0130NCE \u00a0 \u00a0 Y\u0131lmaz AK\u00c7\u0130L Raport\u00f6r : Ekin \u00c7ANKAL Ba\u015fvurucu : Veli A\u011eBABA Vekili : Av. H\u00fcseyin Can G\u00dcNER \u00a0 I. BA\u015eVURUNUN \u00d6ZET\u0130 1. Ba\u015fvuru, bir siyaset\u00e7iye y\u00f6nelik s\u00f6zleri gerek\u00e7e g\u00f6sterilerek aleyhine manevi tazminata h\u00fckmedilmesinin ba\u015fvurucunun ifade \u00f6zg\u00fcrl\u00fc\u011f\u00fcn\u00fc ihlal etti\u011fi iddias\u0131na ili\u015fkindir. 2. Ba\u015fvurucu 24., 25., 26. ve 27. d\u00f6nemlerde ana muhalefet partisinden Malatya milletvekili se\u00e7ilmi\u015f olup 8\/5\/2014 tarihinden bu yana ana muhalefet partisi genel ba\u015fkan yard\u0131mc\u0131l\u0131\u011f\u0131 g\u00f6revini y\u00fcr\u00fctmektedir. \u0130.M.G. ise \u00fclke \u00e7ap\u0131nda tan\u0131nan bir siyaset\u00e7i ve b\u00fcrokrat olup 27\/3\/1994-28\/10\/2017 tarihleri aras\u0131nda Ankara B\u00fcy\u00fck\u015fehir Belediyesi ba\u015fkan\u0131 olarak g\u00f6rev yapm\u0131\u015ft\u0131r. 2017 y\u0131l\u0131 Nisan ay\u0131nda yay\u0131mlanan &#8220;Sol Siyaset Fet\u00f6 \u0130li\u015fkileri&#8221; isimli kitab\u0131nda \u0130.M.G., ana muhalefet partisi ile Fetullah\u00e7\u0131 Ter\u00f6r \u00d6rg\u00fct\u00fc\/Paralel Devlet Yap\u0131lanmas\u0131 (FET\u00d6\/PDY)aras\u0131nda s\u0131k\u0131 bir ili\u015fkinin oldu\u011funu iddia etmi\u015ftir. Ba\u015fvurucu ise bu iddialara kar\u015f\u0131 ana muhalefet partisinin Adana \u0130l Ba\u015fkanl\u0131\u011f\u0131nda 3\/4\/2017 tarihinde yapt\u0131\u011f\u0131 konu\u015fmas\u0131nda \u015fu ifadeleri kullanm\u0131\u015ft\u0131r: &#8220;Siyasetin imam\u0131 gibi g\u00f6r\u00fcnen &#8216;Sol ve FET\u00d6&#8217; diye kitap yazan yerel y\u00f6neticisidir. Bo\u015funa yazmad\u0131 o kitab\u0131. O siyasetteki FET\u00d6 imam\u0131d\u0131r. Kar\u0131s\u0131n\u0131n &hellip;"}