{"version":"1.0","provider_name":"Av. Deniz Can K\u0131z\u0131l","provider_url":"https:\/\/denizcankizil.tr\/de","author_name":"Av. Deniz Can K\u0131z\u0131l","author_url":"https:\/\/denizcankizil.tr\/de","title":"AYM'nin 2020\/32990 ba\u015fvuru numaral\u0131 karar\u0131","type":"rich","width":600,"height":338,"html":"<blockquote class=\"wp-embedded-content\" data-secret=\"J0tPMJX5gZ\"><a href=\"https:\/\/denizcankizil.tr\/de\/hukukihaber\/aymnin-2020-32990-basvuru-numarali-karari\/\">AYM&#8217;nin 2020\/32990 ba\u015fvuru numaral\u0131 karar\u0131<\/a><\/blockquote><iframe sandbox=\"allow-scripts\" security=\"restricted\" src=\"https:\/\/denizcankizil.tr\/de\/hukukihaber\/aymnin-2020-32990-basvuru-numarali-karari\/embed\/#?secret=J0tPMJX5gZ\" width=\"600\" height=\"338\" title=\"&#8222;AYM&#8217;nin 2020\/32990 ba\u015fvuru numaral\u0131 karar\u0131&#8220; &#8211; Av. Deniz Can K\u0131z\u0131l\" data-secret=\"J0tPMJX5gZ\" frameborder=\"0\" marginwidth=\"0\" marginheight=\"0\" scrolling=\"no\" class=\"wp-embedded-content\"><\/iframe><script>\n\/*! This file is auto-generated *\/\n!function(d,l){\"use strict\";l.querySelector&&d.addEventListener&&\"undefined\"!=typeof URL&&(d.wp=d.wp||{},d.wp.receiveEmbedMessage||(d.wp.receiveEmbedMessage=function(e){var t=e.data;if((t||t.secret||t.message||t.value)&&!\/[^a-zA-Z0-9]\/.test(t.secret)){for(var s,r,n,a=l.querySelectorAll('iframe[data-secret=\"'+t.secret+'\"]'),o=l.querySelectorAll('blockquote[data-secret=\"'+t.secret+'\"]'),c=new RegExp(\"^https?:$\",\"i\"),i=0;i<o.length;i++)o[i].style.display=\"none\";for(i=0;i<a.length;i++)s=a[i],e.source===s.contentWindow&&(s.removeAttribute(\"style\"),\"height\"===t.message?(1e3<(r=parseInt(t.value,10))?r=1e3:~~r<200&&(r=200),s.height=r):\"link\"===t.message&&(r=new URL(s.getAttribute(\"src\")),n=new URL(t.value),c.test(n.protocol))&&n.host===r.host&&l.activeElement===s&&(d.top.location.href=t.value))}},d.addEventListener(\"message\",d.wp.receiveEmbedMessage,!1),l.addEventListener(\"DOMContentLoaded\",function(){for(var e,t,s=l.querySelectorAll(\"iframe.wp-embedded-content\"),r=0;r<s.length;r++)(t=(e=s[r]).getAttribute(\"data-secret\"))||(t=Math.random().toString(36).substring(2,12),e.src+=\"#?secret=\"+t,e.setAttribute(\"data-secret\",t)),e.contentWindow.postMessage({message:\"ready\",secret:t},\"*\")},!1)))}(window,document);\n\/\/# sourceURL=https:\/\/denizcankizil.tr\/wp-includes\/js\/wp-embed.min.js\n<\/script>","description":"T\u00dcRK\u0130YE CUMHUR\u0130YET\u0130 ANAYASA MAHKEMES\u0130 \u00a0 \u00a0 B\u0130R\u0130NC\u0130 B\u00d6L\u00dcM \u00a0 KARAR \u00a0 MUAZZEZ ERDO\u011eAN VE D\u0130\u011eERLER\u0130 BA\u015eVURUSU (2) (Ba\u015fvuru Numaras\u0131: 2020\/32990) \u00a0 Karar Tarihi:31\/10\/2024 B\u0130R\u0130NC\u0130 B\u00d6L\u00dcM \u00a0 KARAR \u00a0 \u00a0 Ba\u015fkan : Hasan Tahsin G\u00d6KCAN \u00dcyeler : Recai AKYEL \u00a0 \u00a0 Yusuf \u015eevki HAKYEMEZ \u00a0 \u00a0 \u0130rfan F\u0130DAN \u00a0 \u00a0 Muhterem \u0130NCE Raport\u00f6r : Volkan \u00c7AKMAK Ba\u015fvurucular : 1. Muazzez ERDO\u011eAN \u00a0 \u00a0 2. Ruken ERDO\u011eAN \u00a0 \u00a0 3. Yunus ERDO\u011eAN \u00a0 \u00a0 4. Yusuf ERDO\u011eAN Ba\u015fvurucular Vekili : Av. Abdulhekim G\u0130DER \u00a0 I. BA\u015eVURUNUN \u00d6ZET\u0130 1. Ba\u015fvuru, 6-7 Ekim olaylar\u0131nda g\u00f6stericiler aras\u0131nda \u00e7\u0131kan \u00e7at\u0131\u015fmada meydana gelen \u00f6l\u00fcm olay\u0131 temelinde a\u00e7\u0131lan tazminat davas\u0131n\u0131n reddedilmesi nedeniyle adil yarg\u0131lanma hakk\u0131 ve ya\u015fam hakk\u0131n\u0131n ihlal edildi\u011fi iddialar\u0131na ili\u015fkindir. 2. Ba\u015fvurucular\u0131n murisi M.E. 7\/10\/2014 tarihinde Siirt&#8217;in Kurtalan il\u00e7esinde meydana gelen, DAE\u015e ve PYD mensuplar\u0131n\u0131n\/sempatizanlar\u0131n\u0131n \u00e7at\u0131\u015ft\u0131\u011f\u0131, g\u00fcvenlik g\u00fc\u00e7lerinin de m\u00fcdahale etti\u011fi olaylar s\u0131ras\u0131nda kar\u015f\u0131t grupta yer alan ki\u015filerin a\u00e7t\u0131\u011f\u0131 ate\u015f sonucu hayat\u0131n\u0131 kaybetmi\u015ftir. 3. Ba\u015fvurucular\u0131n \u00f6l\u00fcm olay\u0131 temelinde a\u00e7t\u0131\u011f\u0131 tam yarg\u0131 davas\u0131 Siirt \u0130dare Mahkemesi taraf\u0131ndan 9\/12\/2015 tarihinde reddedilmi\u015ftir. Kararda, ki\u015filerin kendi kusuru ile sebebiyet verdi\u011fi zararlar\u0131n idarece tazmininin m\u00fcmk\u00fcn olmad\u0131\u011f\u0131, somut olayda M.E.nin ter\u00f6r \u00f6rg\u00fct\u00fc mensuplar\u0131 ve g\u00f6stericiler ile beraber hareket etti\u011fi, kamu mal\u0131na zarar verdi\u011fi, ba\u015fkalar\u0131n\u0131n can g\u00fcvenli\u011fini tehlikeye d\u00fc\u015f\u00fcrd\u00fc\u011f\u00fc s\u0131rada hayat\u0131n\u0131 kaybetti\u011fi, bu &hellip;"}