{"version":"1.0","provider_name":"Av. Deniz Can K\u0131z\u0131l","provider_url":"https:\/\/denizcankizil.tr\/de","author_name":"Hukuki Haber.net","author_url":"https:\/\/denizcankizil.tr\/de\/author\/hukukihabernet\/","title":"AYM'nin 2019\/35817 ba\u015fvuru numaral\u0131 karar\u0131","type":"rich","width":600,"height":338,"html":"<blockquote class=\"wp-embedded-content\" data-secret=\"wFSYS11Co5\"><a href=\"https:\/\/denizcankizil.tr\/de\/hukukihaber\/aymnin-2019-35817-basvuru-numarali-karari\/\">AYM&#8217;nin 2019\/35817 ba\u015fvuru numaral\u0131 karar\u0131<\/a><\/blockquote><iframe sandbox=\"allow-scripts\" security=\"restricted\" src=\"https:\/\/denizcankizil.tr\/de\/hukukihaber\/aymnin-2019-35817-basvuru-numarali-karari\/embed\/#?secret=wFSYS11Co5\" width=\"600\" height=\"338\" title=\"&#8222;AYM&#8217;nin 2019\/35817 ba\u015fvuru numaral\u0131 karar\u0131&#8220; &#8211; Av. Deniz Can K\u0131z\u0131l\" data-secret=\"wFSYS11Co5\" frameborder=\"0\" marginwidth=\"0\" marginheight=\"0\" scrolling=\"no\" class=\"wp-embedded-content\"><\/iframe><script>\n\/*! This file is auto-generated *\/\n!function(d,l){\"use strict\";l.querySelector&&d.addEventListener&&\"undefined\"!=typeof URL&&(d.wp=d.wp||{},d.wp.receiveEmbedMessage||(d.wp.receiveEmbedMessage=function(e){var t=e.data;if((t||t.secret||t.message||t.value)&&!\/[^a-zA-Z0-9]\/.test(t.secret)){for(var s,r,n,a=l.querySelectorAll('iframe[data-secret=\"'+t.secret+'\"]'),o=l.querySelectorAll('blockquote[data-secret=\"'+t.secret+'\"]'),c=new RegExp(\"^https?:$\",\"i\"),i=0;i<o.length;i++)o[i].style.display=\"none\";for(i=0;i<a.length;i++)s=a[i],e.source===s.contentWindow&&(s.removeAttribute(\"style\"),\"height\"===t.message?(1e3<(r=parseInt(t.value,10))?r=1e3:~~r<200&&(r=200),s.height=r):\"link\"===t.message&&(r=new URL(s.getAttribute(\"src\")),n=new URL(t.value),c.test(n.protocol))&&n.host===r.host&&l.activeElement===s&&(d.top.location.href=t.value))}},d.addEventListener(\"message\",d.wp.receiveEmbedMessage,!1),l.addEventListener(\"DOMContentLoaded\",function(){for(var e,t,s=l.querySelectorAll(\"iframe.wp-embedded-content\"),r=0;r<s.length;r++)(t=(e=s[r]).getAttribute(\"data-secret\"))||(t=Math.random().toString(36).substring(2,12),e.src+=\"#?secret=\"+t,e.setAttribute(\"data-secret\",t)),e.contentWindow.postMessage({message:\"ready\",secret:t},\"*\")},!1)))}(window,document);\n\/\/# sourceURL=https:\/\/denizcankizil.tr\/wp-includes\/js\/wp-embed.min.js\n<\/script>","description":"T\u00dcRK\u0130YE CUMHUR\u0130YET\u0130 ANAYASA MAHKEMES\u0130 \u00a0 \u00a0 \u0130K\u0130NC\u0130 B\u00d6L\u00dcM \u00a0 KARAR \u00a0 ATANA\u015e MAMAS\u0130S VE CORC KASAPO\u011eLU BA\u015eVURUSU (Ba\u015fvuru Numaras\u0131: 2019\/35817) \u00a0 Karar Tarihi: 18\/9\/2024 R.G. Tarih ve Say\u0131: 10\/1\/2025 &#8211; 32778 \u00a0 \u0130K\u0130NC\u0130 B\u00d6L\u00dcM \u00a0 KARAR \u00a0 Ba\u015fkan : Basri BA\u011eCI \u00dcyeler : Engin YILDIRIM \u00a0 \u00a0 R\u0131dvan G\u00dcLE\u00c7 \u00a0 \u00a0 Y\u0131ld\u0131z SEFER\u0130NO\u011eLU \u00a0 \u00a0 Metin KIRATLI Raport\u00f6r : G\u00fcls\u00fcm Gizem G\u00dcRSOY Ba\u015fvurucular : 1. Atana\u015f MAMAS\u0130S \u00a0 \u00a0 2. Corc KASAPO\u011eLU Vekili : Av. H\u00fclya BENL\u0130SOY \u00a0 I. BA\u015eVURUNUN \u00d6ZET\u0130 1. Ba\u015fvuru, ba\u015fvurucular\u0131n din adam\u0131 oldu\u011fu gerek\u00e7esiyle kilise vakf\u0131ndan \u00e7\u0131kar\u0131lmalar\u0131na karar verilmesinin \u00f6rg\u00fctlenme \u00f6zg\u00fcrl\u00fc\u011f\u00fcn\u00fc ihlal etti\u011fi iddias\u0131na ili\u015fkindir. 2. Ba\u015fvurucular, \u0130stanbul&#8217;daki kiliselerde papaz olarak g\u00f6rev yapmakta iken10\/12\/2011tarihinde Samatya Aya Analipsis Rum Ortodoks Kilisesi Vakf\u0131 Y\u00f6netim Kurulu \u00fcyeli\u011fine se\u00e7ilmi\u015ftir. 3. Vakf\u0131n Y\u00f6netim Kurulu Se\u00e7im Tespit Tutana\u011f\u0131 16\/12\/2011 tarihinde Vak\u0131flar Genel M\u00fcd\u00fcrl\u00fc\u011f\u00fcne (Genel M\u00fcd\u00fcrl\u00fck) bildirilmi\u015ftir. Genel M\u00fcd\u00fcrl\u00fck 5\/3\/2012 tarihinde 20\/2\/2008 tarihli ve 5737 say\u0131l\u0131 Vak\u0131flar Kanunu&#8217;na dayan\u0131larak haz\u0131rlanan ve 27\/9\/2008 tarihli ve 27010 say\u0131l\u0131 Resm\u00ee Gazete&#8217;de yay\u0131mlanarak y\u00fcr\u00fcrl\u00fc\u011fe giren Vak\u0131flar Y\u00f6netmeli\u011fi&#8217;nin (Y\u00f6netmelik) 33. maddesinin (i) bendi gere\u011fi (bkz. \u00a7 18) ba\u015fvurucular\u0131n din adam\u0131 olmalar\u0131 nedeniyle y\u00f6netim listelerinden \u00e7\u0131kar\u0131lmas\u0131na ve bu h\u00e2liyle Vak\u0131f Y\u00f6netim Kurulu Yetki Belgesi verilmesine karar vermi\u015ftir. 4. Ba\u015fvurucular 12\/4\/2012 tarihinde Genel M\u00fcd\u00fcrl\u00fc\u011f\u00fcn verdi\u011fi yetki belgesinin iptali talebiyle dava &hellip;"}