{"version":"1.0","provider_name":"Av. Deniz Can K\u0131z\u0131l","provider_url":"https:\/\/denizcankizil.tr\/de","author_name":"Hukuki Haber.net","author_url":"https:\/\/denizcankizil.tr\/de\/author\/hukukihabernet\/","title":"Avukat F\u0131rat Ep\u00f6zdemir'in tahliyesine karar verildi","type":"rich","width":600,"height":338,"html":"<blockquote class=\"wp-embedded-content\" data-secret=\"fMzDJep1Hv\"><a href=\"https:\/\/denizcankizil.tr\/de\/hukukihaber\/avukat-firat-epozdemirin-tahliyesine-karar-verildi\/\">Avukat F\u0131rat Ep\u00f6zdemir&#8217;in tahliyesine karar verildi<\/a><\/blockquote><iframe sandbox=\"allow-scripts\" security=\"restricted\" src=\"https:\/\/denizcankizil.tr\/de\/hukukihaber\/avukat-firat-epozdemirin-tahliyesine-karar-verildi\/embed\/#?secret=fMzDJep1Hv\" width=\"600\" height=\"338\" title=\"&#8222;Avukat F\u0131rat Ep\u00f6zdemir&#8217;in tahliyesine karar verildi&#8220; &#8211; Av. Deniz Can K\u0131z\u0131l\" data-secret=\"fMzDJep1Hv\" frameborder=\"0\" marginwidth=\"0\" marginheight=\"0\" scrolling=\"no\" class=\"wp-embedded-content\"><\/iframe><script>\n\/*! This file is auto-generated *\/\n!function(d,l){\"use strict\";l.querySelector&&d.addEventListener&&\"undefined\"!=typeof URL&&(d.wp=d.wp||{},d.wp.receiveEmbedMessage||(d.wp.receiveEmbedMessage=function(e){var t=e.data;if((t||t.secret||t.message||t.value)&&!\/[^a-zA-Z0-9]\/.test(t.secret)){for(var s,r,n,a=l.querySelectorAll('iframe[data-secret=\"'+t.secret+'\"]'),o=l.querySelectorAll('blockquote[data-secret=\"'+t.secret+'\"]'),c=new RegExp(\"^https?:$\",\"i\"),i=0;i<o.length;i++)o[i].style.display=\"none\";for(i=0;i<a.length;i++)s=a[i],e.source===s.contentWindow&&(s.removeAttribute(\"style\"),\"height\"===t.message?(1e3<(r=parseInt(t.value,10))?r=1e3:~~r<200&&(r=200),s.height=r):\"link\"===t.message&&(r=new URL(s.getAttribute(\"src\")),n=new URL(t.value),c.test(n.protocol))&&n.host===r.host&&l.activeElement===s&&(d.top.location.href=t.value))}},d.addEventListener(\"message\",d.wp.receiveEmbedMessage,!1),l.addEventListener(\"DOMContentLoaded\",function(){for(var e,t,s=l.querySelectorAll(\"iframe.wp-embedded-content\"),r=0;r<s.length;r++)(t=(e=s[r]).getAttribute(\"data-secret\"))||(t=Math.random().toString(36).substring(2,12),e.src+=\"#?secret=\"+t,e.setAttribute(\"data-secret\",t)),e.contentWindow.postMessage({message:\"ready\",secret:t},\"*\")},!1)))}(window,document);\n\/\/# sourceURL=https:\/\/denizcankizil.tr\/wp-includes\/js\/wp-embed.min.js\n<\/script>","description":"\u0130stanbul Barosu Y\u00f6netim Kurulu \u00dcyesi Av. F\u0131rat Ep\u00f6zdemir\u2019in 25 Ocak 2025 tarihinden bu yana tutuklu olarak yarg\u0131land\u0131\u011f\u0131 davan\u0131n ilk duru\u015fmas\u0131, bug\u00fcn \u0130stanbul 24. A\u011f\u0131r Ceza Mahkemesi\u2019nde g\u00f6r\u00fcld\u00fc. Daha \u00f6nce hakk\u0131nda takipsizlik verilen davan\u0131n yeniden a\u00e7\u0131lmas\u0131 sonucu Av. Ep\u00f6zdemir hakk\u0131nda &#8220;silahl\u0131 ter\u00f6r \u00f6rg\u00fct\u00fcne \u00fcye olmak&#8221; ve &#8220;ter\u00f6r \u00f6rg\u00fct\u00fc propagandas\u0131 yapmak&#8221; su\u00e7lar\u0131ndan 8 y\u0131l 6 aydan 20 y\u0131la kadar hapis istemiyle iddianame d\u00fczenlenmi\u015fti. Av. Ep\u00f6zdemir, yurtd\u0131\u015f\u0131 d\u00f6n\u00fc\u015f\u00fc u\u00e7akta g\u00f6zalt\u0131na al\u0131narak tutuklanm\u0131\u015ft\u0131. \u00c7a\u011flayan\u2019daki \u0130stanbul Adliyesi\u2019nde sabah saatlerinden itibaren toplanan y\u00fczlerce avukat, baro temsilcisi ve sivil toplum \u00f6rg\u00fct\u00fc, T\u00fcrkiye Barolar Birli\u011fi\u2019nin yan\u0131 s\u0131ra T\u00fcrkiye\u2019nin bir\u00e7ok ilinden baro ba\u015fkanlar\u0131 Ep\u00f6zdemir\u2019e destek i\u00e7in adliyeye geldi. Yaln\u0131zca T\u00fcrkiye\u2019den de\u011fil, uluslararas\u0131 baro temsilcileri ve hukuk\u00e7ular ile \u00e7ok say\u0131da sivil toplum kurulu\u015fu da \u00c7a\u011flayan\u2019a geldi. Avukatlar ve STK temsilcileri duru\u015fma salonlar\u0131na s\u0131\u011fmad\u0131. 24. A\u011f\u0131r Ceza Mahkemesi duru\u015fma salonunun yetersiz kapasitesi nedeniyle duru\u015fma, 26. ve 35. A\u011f\u0131r Ceza Mahkemesi salonlar\u0131na kurulan ekranlar arac\u0131l\u0131\u011f\u0131yla da izlendi. DURU\u015eMAYA ARA VER\u0130LD\u0130 Duru\u015fmada s\u00f6z alan F\u0131rat Ep\u00f6zdemir\u2019in m\u00fcdafii Av. P\u0131nar Bayram, m\u00fcvekkiline isnat edilen \u201c\u00f6rg\u00fct propagandas\u0131\u201d su\u00e7lamas\u0131na ili\u015fkin olarak su\u00e7un yasal unsurlar\u0131n\u0131n olu\u015fmad\u0131\u011f\u0131n\u0131 belirtti. Bayram, iddia edilen fiilin varl\u0131\u011f\u0131 kabul edilse dahi yasal s\u00fcrede soru\u015fturma yap\u0131lmad\u0131\u011f\u0131n\u0131 vurgulad\u0131: \u201cPropaganda su\u00e7unun unsurlar\u0131 olu\u015fmam\u0131\u015ft\u0131r. Kald\u0131 ki olu\u015ftu\u011fu varsay\u0131lsa bile, \u00fczerinden ge\u00e7en s\u00fcre dikkate al\u0131nd\u0131\u011f\u0131nda zamana\u015f\u0131m\u0131 s\u00fcresi dolmu\u015ftur. &hellip;"}