{"version":"1.0","provider_name":"Av. Deniz Can K\u0131z\u0131l","provider_url":"https:\/\/denizcankizil.tr\/de","author_name":"Av. Deniz Can K\u0131z\u0131l","author_url":"https:\/\/denizcankizil.tr\/de","title":"Yurt genelinde bug\u00fcn hava nas\u0131l olacak?","type":"rich","width":600,"height":338,"html":"<blockquote class=\"wp-embedded-content\" data-secret=\"Ego3kbFSHk\"><a href=\"https:\/\/denizcankizil.tr\/de\/haberler\/gundem\/yurt-genelinde-bugun-hava-nasil-olacak-2\/\">Yurt genelinde bug\u00fcn hava nas\u0131l olacak?<\/a><\/blockquote><iframe sandbox=\"allow-scripts\" security=\"restricted\" src=\"https:\/\/denizcankizil.tr\/de\/haberler\/gundem\/yurt-genelinde-bugun-hava-nasil-olacak-2\/embed\/#?secret=Ego3kbFSHk\" width=\"600\" height=\"338\" title=\"&#8222;Yurt genelinde bug\u00fcn hava nas\u0131l olacak?&#8220; &#8211; Av. Deniz Can K\u0131z\u0131l\" data-secret=\"Ego3kbFSHk\" frameborder=\"0\" marginwidth=\"0\" marginheight=\"0\" scrolling=\"no\" class=\"wp-embedded-content\"><\/iframe><script>\n\/*! This file is auto-generated *\/\n!function(d,l){\"use strict\";l.querySelector&&d.addEventListener&&\"undefined\"!=typeof URL&&(d.wp=d.wp||{},d.wp.receiveEmbedMessage||(d.wp.receiveEmbedMessage=function(e){var t=e.data;if((t||t.secret||t.message||t.value)&&!\/[^a-zA-Z0-9]\/.test(t.secret)){for(var s,r,n,a=l.querySelectorAll('iframe[data-secret=\"'+t.secret+'\"]'),o=l.querySelectorAll('blockquote[data-secret=\"'+t.secret+'\"]'),c=new RegExp(\"^https?:$\",\"i\"),i=0;i<o.length;i++)o[i].style.display=\"none\";for(i=0;i<a.length;i++)s=a[i],e.source===s.contentWindow&&(s.removeAttribute(\"style\"),\"height\"===t.message?(1e3<(r=parseInt(t.value,10))?r=1e3:~~r<200&&(r=200),s.height=r):\"link\"===t.message&&(r=new URL(s.getAttribute(\"src\")),n=new URL(t.value),c.test(n.protocol))&&n.host===r.host&&l.activeElement===s&&(d.top.location.href=t.value))}},d.addEventListener(\"message\",d.wp.receiveEmbedMessage,!1),l.addEventListener(\"DOMContentLoaded\",function(){for(var e,t,s=l.querySelectorAll(\"iframe.wp-embedded-content\"),r=0;r<s.length;r++)(t=(e=s[r]).getAttribute(\"data-secret\"))||(t=Math.random().toString(36).substring(2,12),e.src+=\"#?secret=\"+t,e.setAttribute(\"data-secret\",t)),e.contentWindow.postMessage({message:\"ready\",secret:t},\"*\")},!1)))}(window,document);\n\/\/# sourceURL=https:\/\/denizcankizil.tr\/wp-includes\/js\/wp-embed.min.js\n<\/script>","description":"Meteoroloji 19 Aral\u0131k Per\u015fembe g\u00fcn\u00fc raporunu yay\u0131mlad\u0131. Hava s\u0131cakl\u0131klar\u0131n\u0131n i\u00e7 ve bat\u0131 kesimlerde mevsim normallerinin 3 ila 5 derece \u00fczerinde, di\u011fer yerlerde mevsim normalleri civar\u0131nda seyretmesi bekleniyor. Bug\u00fcnk\u00fc raporda Do\u011fu kesimler i\u00e7in buzlanma, don ve \u00e7\u0131\u011f tehlikesi uyar\u0131lar\u0131 yine var.ANKARA (\u0130GFA) &#8211; Meteoroloji Genel M\u00fcd\u00fcrl\u00fc\u011f\u00fc taraf\u0131ndan yap\u0131lan son tahminlere g\u00f6re T\u00fcrkiye genelinin par\u00e7al\u0131 bulutlu, sabah saatlerinde Artvin \u00e7evrelerinin ya\u011fmurlu, Ardahan \u00e7evrelerinin kar ya\u011f\u0131\u015fl\u0131 ge\u00e7ece\u011fi tahmin ediliyor. Sabah ve gece saatlerinde Marmara ile i\u00e7 ve do\u011fu kesimlerde pus ve yer yer sis bekleniyor. R\u00fczgar\u0131n genellikle g\u00fcneyli, kuzeydo\u011fu kesimlerde bat\u0131 ve kuzeybat\u0131l\u0131 y\u00f6nlerden hafif, ara s\u0131ra orta kuvvette esmesi beklenirken, uyar\u0131lar ise \u00f6zellikle do\u011fu kesimler i\u00e7in geldi. Meteoroloji&#8217;nin g\u00fcnl\u00fck hava tahmin raporunda sabah ve gece saatlerinde do\u011fu kesimlerde buzlanma ve don olay\u0131 beklendi\u011finden ya\u015fanabilecek olumsuz \u015fartlara kar\u015f\u0131 dikkatli ve tedbirli olunmas\u0131 istendi. Raporda ayr\u0131ca, Do\u011fu Karadeniz\u2019in i\u00e7 kesimlerinin y\u00fcksekleri ile Do\u011fu Anadolu&#8217;nun do\u011fusunun dik ve e\u011fimli yama\u00e7lar\u0131nda \u00e7\u0131\u011f tehlikesi bulundu\u011fundan ya\u015fanabilecek olumsuz \u015fartlara kar\u015f\u0131 dikkatli ve tedbirli olunmas\u0131 konusunda vatanda\u015flar uyar\u0131ld\u0131. \u200bMeteoroloji 19 Aral\u0131k Per\u015fembe g\u00fcn\u00fc raporunu yay\u0131mlad\u0131. Hava s\u0131cakl\u0131klar\u0131n\u0131n i\u00e7 ve bat\u0131 kesimlerde mevsim normallerinin 3 ila 5 derece \u00fczerinde, di\u011fer yerlerde mevsim normalleri civar\u0131nda seyretmesi bekleniyor. Bug\u00fcnk\u00fc raporda Do\u011fu kesimler i\u00e7in buzlanma, don ve \u00e7\u0131\u011f tehlikesi uyar\u0131lar\u0131 yine var.ANKARA (\u0130GFA) &hellip;"}