{"version":"1.0","provider_name":"Av. Deniz Can K\u0131z\u0131l","provider_url":"https:\/\/denizcankizil.tr\/de","author_name":"admin","author_url":"https:\/\/denizcankizil.tr\/de\/author\/admin\/","title":"Y\u00f6nder\u2019de 23 Nisan Co\u015fkusu","type":"rich","width":600,"height":338,"html":"<blockquote class=\"wp-embedded-content\" data-secret=\"tLm9S8nBqj\"><a href=\"https:\/\/denizcankizil.tr\/de\/haberler\/gundem\/yonderde-23-nisan-coskusu\/\">Y\u00f6nder\u2019de 23 Nisan Co\u015fkusu<\/a><\/blockquote><iframe sandbox=\"allow-scripts\" security=\"restricted\" src=\"https:\/\/denizcankizil.tr\/de\/haberler\/gundem\/yonderde-23-nisan-coskusu\/embed\/#?secret=tLm9S8nBqj\" width=\"600\" height=\"338\" title=\"&#8222;Y\u00f6nder\u2019de 23 Nisan Co\u015fkusu&#8220; &#8211; Av. Deniz Can K\u0131z\u0131l\" data-secret=\"tLm9S8nBqj\" frameborder=\"0\" marginwidth=\"0\" marginheight=\"0\" scrolling=\"no\" class=\"wp-embedded-content\"><\/iframe><script>\n\/*! This file is auto-generated *\/\n!function(d,l){\"use strict\";l.querySelector&&d.addEventListener&&\"undefined\"!=typeof URL&&(d.wp=d.wp||{},d.wp.receiveEmbedMessage||(d.wp.receiveEmbedMessage=function(e){var t=e.data;if((t||t.secret||t.message||t.value)&&!\/[^a-zA-Z0-9]\/.test(t.secret)){for(var s,r,n,a=l.querySelectorAll('iframe[data-secret=\"'+t.secret+'\"]'),o=l.querySelectorAll('blockquote[data-secret=\"'+t.secret+'\"]'),c=new RegExp(\"^https?:$\",\"i\"),i=0;i<o.length;i++)o[i].style.display=\"none\";for(i=0;i<a.length;i++)s=a[i],e.source===s.contentWindow&&(s.removeAttribute(\"style\"),\"height\"===t.message?(1e3<(r=parseInt(t.value,10))?r=1e3:~~r<200&&(r=200),s.height=r):\"link\"===t.message&&(r=new URL(s.getAttribute(\"src\")),n=new URL(t.value),c.test(n.protocol))&&n.host===r.host&&l.activeElement===s&&(d.top.location.href=t.value))}},d.addEventListener(\"message\",d.wp.receiveEmbedMessage,!1),l.addEventListener(\"DOMContentLoaded\",function(){for(var e,t,s=l.querySelectorAll(\"iframe.wp-embedded-content\"),r=0;r<s.length;r++)(t=(e=s[r]).getAttribute(\"data-secret\"))||(t=Math.random().toString(36).substring(2,12),e.src+=\"#?secret=\"+t,e.setAttribute(\"data-secret\",t)),e.contentWindow.postMessage({message:\"ready\",secret:t},\"*\")},!1)))}(window,document);\n\/\/# sourceURL=https:\/\/denizcankizil.tr\/wp-includes\/js\/wp-embed.min.js\n<\/script>","description":"Arsuz Y\u00f6nder Okullar\u0131\u2019ndaki 23 Nisan Bayram\u0131 kutlamas\u0131, okul bah\u00e7esinde sayg\u0131 duru\u015fu ve \u0130stiklal Mar\u015f\u0131\u2019n\u0131n okunmas\u0131yla ba\u015flad\u0131. A\u00e7\u0131l\u0131\u015f konu\u015fmas\u0131n\u0131, E\u011fitim Lideri Selva \u015eanl\u0131\u2019n\u0131n ad\u0131na birinci s\u0131n\u0131f \u00f6\u011frencisi Yi\u011fit Kurt yapt\u0131. Yi\u011fit konu\u015fmas\u0131nda, ulusun kendini y\u00f6netme yetkisini ald\u0131\u011f\u0131 105. Y\u0131l\u0131n\u0131n kutland\u0131\u011f\u0131n\u0131 belirterek \u201cBug\u00fcn, 23 Nisan 1920 tarihinde a\u00e7\u0131lan ilk B\u00fcy\u00fck Millet Meclis\u2019imizin kurulu\u015funun 105. y\u0131l d\u00f6n\u00fcm\u00fcd\u00fcr. 23 Nisan, ulusun y\u00f6netme yetkisini kullanmaya ba\u015flad\u0131\u011f\u0131 g\u00fcnd\u00fcr. O tarihten sonra, bu meclis taraf\u0131ndan \u00fclkenin y\u00f6netimi ile ilgili kararlar al\u0131nm\u0131\u015f, ulusal Kurtulu\u015f Sava\u015f\u0131\u2019m\u0131z bu meclis taraf\u0131ndan ba\u015far\u0131yla y\u00f6netilmi\u015f ve T\u00fcrkiye Cumhuriyeti\u2019nin temelleri at\u0131lm\u0131\u015ft\u0131r\u201d dedi Yi\u011fit Kurt, bu \u00f6nemli g\u00fcn\u00fcn Mustafa Kemal Atat\u00fcrk taraf\u0131ndan, milletimizin ve aziz vatan\u0131m\u0131z\u0131n gelece\u011fi olan, \u00e7ok sevdi\u011fi ve \u00e7ok \u00f6nem verdi\u011fi \u00e7ocuklara arma\u011fan etti\u011fini hat\u0131rlatarak \u015f\u00f6yle devam etti: \u201c\u00c7\u00fcnk\u00fc sizler bu vatan\u0131n, bu milletin ayd\u0131nl\u0131k gelece\u011fini in\u015fa edecek olan, yar\u0131n\u0131n b\u00fcy\u00fcklerisiniz ve Atat\u00fcrk bu d\u00fc\u015f\u00fcncesini \u015fu s\u00f6zlerle dile getirmi\u015ftir: \u2018K\u00fc\u00e7\u00fck Han\u0131mlar, k\u00fc\u00e7\u00fck Beyler! Sizler hepiniz gelece\u011fin bir g\u00fcl\u00fc, y\u0131ld\u0131z\u0131, bir mutluluk par\u0131lt\u0131s\u0131s\u0131n\u0131z! Memleketi as\u0131l ayd\u0131nl\u0131\u011fa bo\u011facak olan sizsiniz. Kendinizin ne kadar m\u00fchim, k\u0131ymetli oldu\u011funuzu d\u00fc\u015f\u00fcnerek ona g\u00f6re \u00e7al\u0131\u015f\u0131n\u0131z.\u2019 Unutmay\u0131n! Bug\u00fcn biz b\u00fcy\u00fcklerin bulundu\u011fu makam ve mevkilerde gelecekte sizler yer alacaks\u0131n\u0131z. Bug\u00fcn burada co\u015fkunuzu payla\u015fan b\u00fcy\u00fckleriniz sizden; ara\u015ft\u0131ran, d\u00fc\u015f\u00fcnen, \u00fcreten, ahlaki ve insani de\u011ferlere sahip insanlar olarak yeti\u015ftirmenizi beklemektedirler. Sizler de bu bilince &hellip;"}