{"version":"1.0","provider_name":"Av. Deniz Can K\u0131z\u0131l","provider_url":"https:\/\/denizcankizil.tr\/de","author_name":"admin","author_url":"https:\/\/denizcankizil.tr\/de\/author\/admin\/","title":"Yolbulan \u0130\u015f\u00e7ilerinin Grevi 230. G\u00fcn\u00fcnde \u00f6nemli ad\u0131m...","type":"rich","width":600,"height":338,"html":"<blockquote class=\"wp-embedded-content\" data-secret=\"rwMPW4Vwwd\"><a href=\"https:\/\/denizcankizil.tr\/de\/haberler\/gundem\/yolbulan-iscilerinin-grevi-230-gununde-onemli-adim\/\">Yolbulan \u0130\u015f\u00e7ilerinin Grevi 230. G\u00fcn\u00fcnde \u00f6nemli ad\u0131m&#8230;<\/a><\/blockquote><iframe sandbox=\"allow-scripts\" security=\"restricted\" src=\"https:\/\/denizcankizil.tr\/de\/haberler\/gundem\/yolbulan-iscilerinin-grevi-230-gununde-onemli-adim\/embed\/#?secret=rwMPW4Vwwd\" width=\"600\" height=\"338\" title=\"&#8222;Yolbulan \u0130\u015f\u00e7ilerinin Grevi 230. G\u00fcn\u00fcnde \u00f6nemli ad\u0131m&#8230;&#8220; &#8211; Av. Deniz Can K\u0131z\u0131l\" data-secret=\"rwMPW4Vwwd\" frameborder=\"0\" marginwidth=\"0\" marginheight=\"0\" scrolling=\"no\" class=\"wp-embedded-content\"><\/iframe><script>\n\/*! This file is auto-generated *\/\n!function(d,l){\"use strict\";l.querySelector&&d.addEventListener&&\"undefined\"!=typeof URL&&(d.wp=d.wp||{},d.wp.receiveEmbedMessage||(d.wp.receiveEmbedMessage=function(e){var t=e.data;if((t||t.secret||t.message||t.value)&&!\/[^a-zA-Z0-9]\/.test(t.secret)){for(var s,r,n,a=l.querySelectorAll('iframe[data-secret=\"'+t.secret+'\"]'),o=l.querySelectorAll('blockquote[data-secret=\"'+t.secret+'\"]'),c=new RegExp(\"^https?:$\",\"i\"),i=0;i<o.length;i++)o[i].style.display=\"none\";for(i=0;i<a.length;i++)s=a[i],e.source===s.contentWindow&&(s.removeAttribute(\"style\"),\"height\"===t.message?(1e3<(r=parseInt(t.value,10))?r=1e3:~~r<200&&(r=200),s.height=r):\"link\"===t.message&&(r=new URL(s.getAttribute(\"src\")),n=new URL(t.value),c.test(n.protocol))&&n.host===r.host&&l.activeElement===s&&(d.top.location.href=t.value))}},d.addEventListener(\"message\",d.wp.receiveEmbedMessage,!1),l.addEventListener(\"DOMContentLoaded\",function(){for(var e,t,s=l.querySelectorAll(\"iframe.wp-embedded-content\"),r=0;r<s.length;r++)(t=(e=s[r]).getAttribute(\"data-secret\"))||(t=Math.random().toString(36).substring(2,12),e.src+=\"#?secret=\"+t,e.setAttribute(\"data-secret\",t)),e.contentWindow.postMessage({message:\"ready\",secret:t},\"*\")},!1)))}(window,document);\n\/\/# sourceURL=https:\/\/denizcankizil.tr\/wp-includes\/js\/wp-embed.min.js\n<\/script>","description":"\u0130\u015f\u00e7i temsilcileri ve sendika yetkilileri toplant\u0131ya kat\u0131l\u0131m sa\u011flarken, i\u015fveren temsilcilerinin toplant\u0131ya i\u015ftirak etmemesi dikkat \u00e7ekti. BELED\u0130YELERDEN \u00c7\u00d6Z\u00dcM \u0130\u00c7\u0130N D\u0130YALOG \u00c7A\u011eRISI D\u00f6rtyol Belediye Ba\u015fkan\u0131 Dr. Bahad\u0131r Ama\u00e7 ve Payas Belediye Ba\u015fkan\u0131 Bekir Altan, emek\u00e7ilerin hak m\u00fccadelesini yak\u0131ndan takip ettiklerini belirterek, \u00e7\u00f6z\u00fcm odakl\u0131 bir yakla\u015f\u0131m sergilenmesi gerekti\u011fini vurgulad\u0131. Yetkililer, adil ve s\u00fcrd\u00fcr\u00fclebilir bir \u00e7\u00f6z\u00fcm i\u00e7in i\u015f\u00e7i ve i\u015fveren taraflar\u0131n\u0131n m\u00fczakere masas\u0131na oturmas\u0131n\u0131n zorunlu oldu\u011funa dikkat \u00e7ekti. S\u0130YAS\u0130 PART\u0130LERDEN DESTEK Grev s\u00fcrecinde, AK Parti, Cumhuriyet Halk Partisi ve Milliyet\u00e7i Hareket Partisi b\u00f6lge milletvekillerinin de i\u015f\u00e7ilerin hakl\u0131 taleplerine destek verdi\u011fi belirtildi. Belediye ba\u015fkanlar\u0131, bu s\u00fcrecin uzla\u015fmayla sonu\u00e7lanmas\u0131n\u0131n, hem \u00e7al\u0131\u015fanlar\u0131n eme\u011finin kar\u015f\u0131l\u0131\u011f\u0131n\u0131 almas\u0131 hem de b\u00f6lge ekonomisinin olumsuz etkilenmemesi a\u00e7\u0131s\u0131ndan b\u00fcy\u00fck \u00f6nem ta\u015f\u0131d\u0131\u011f\u0131n\u0131 ifade etti. \u0130\u015eVEREN TEMS\u0130LC\u0130LER\u0130NE M\u00dcZAKERE \u00c7A\u011eRISI Belediye ba\u015fkanlar\u0131, i\u015fveren temsilcilerini en k\u0131sa s\u00fcrede m\u00fczakere s\u00fcrecine kat\u0131lmaya davet ederek, emek\u00e7ilerin hakl\u0131 taleplerine duyarl\u0131l\u0131k g\u00f6sterilmesi gerekti\u011fini belirtilen a\u00e7\u0131klamada, \u201cHer zaman eme\u011fin ve al\u0131n terinin yan\u0131nda olaca\u011f\u0131z. S\u00fcrecin i\u015f bar\u0131\u015f\u0131 \u00e7er\u00e7evesinde \u00e7\u00f6z\u00fcme kavu\u015fmas\u0131n\u0131 temenni ediyoruz\u201d ifadelerine yer verildi. Grev s\u00fcrecinin nas\u0131l sonu\u00e7lanaca\u011f\u0131 merakla beklenirken, taraflar\u0131n bir an \u00f6nce uzla\u015fma sa\u011flamas\u0131 i\u00e7in m\u00fczakerelerin yeniden ba\u015flamas\u0131 umut ediliyor. \u200bHatay\u2019\u0131n D\u00f6rtyol ve Payas Belediyeleri, 230 g\u00fcnd\u00fcr grevde olan Yolbulan i\u015f\u00e7ilerinin toplu i\u015f s\u00f6zle\u015fmesi s\u00fcrecine katk\u0131 sa\u011flamak amac\u0131yla taraflar\u0131 bir araya getirmek i\u00e7in toplant\u0131 d\u00fczenledi.\u00a0 \u200bHaberin Al\u0131nt\u0131land\u0131\u011f\u0131 Kaynak: www.iskenderun.org"}