{"version":"1.0","provider_name":"Av. Deniz Can K\u0131z\u0131l","provider_url":"https:\/\/denizcankizil.tr\/de","author_name":"Av. Deniz Can K\u0131z\u0131l","author_url":"https:\/\/denizcankizil.tr\/de","title":"Y\u0131ld\u0131r\u0131m Belediyesi'ne 2 Alt\u0131n Kar\u0131nca","type":"rich","width":600,"height":338,"html":"<blockquote class=\"wp-embedded-content\" data-secret=\"SmaGJiYhzg\"><a href=\"https:\/\/denizcankizil.tr\/de\/haberler\/gundem\/yildirim-belediyesine-2-altin-karinca\/\">Y\u0131ld\u0131r\u0131m Belediyesi&#8217;ne 2 Alt\u0131n Kar\u0131nca<\/a><\/blockquote><iframe sandbox=\"allow-scripts\" security=\"restricted\" src=\"https:\/\/denizcankizil.tr\/de\/haberler\/gundem\/yildirim-belediyesine-2-altin-karinca\/embed\/#?secret=SmaGJiYhzg\" width=\"600\" height=\"338\" title=\"&#8222;Y\u0131ld\u0131r\u0131m Belediyesi&#8217;ne 2 Alt\u0131n Kar\u0131nca&#8220; &#8211; Av. Deniz Can K\u0131z\u0131l\" data-secret=\"SmaGJiYhzg\" frameborder=\"0\" marginwidth=\"0\" marginheight=\"0\" scrolling=\"no\" class=\"wp-embedded-content\"><\/iframe><script>\n\/*! This file is auto-generated *\/\n!function(d,l){\"use strict\";l.querySelector&&d.addEventListener&&\"undefined\"!=typeof URL&&(d.wp=d.wp||{},d.wp.receiveEmbedMessage||(d.wp.receiveEmbedMessage=function(e){var t=e.data;if((t||t.secret||t.message||t.value)&&!\/[^a-zA-Z0-9]\/.test(t.secret)){for(var s,r,n,a=l.querySelectorAll('iframe[data-secret=\"'+t.secret+'\"]'),o=l.querySelectorAll('blockquote[data-secret=\"'+t.secret+'\"]'),c=new RegExp(\"^https?:$\",\"i\"),i=0;i<o.length;i++)o[i].style.display=\"none\";for(i=0;i<a.length;i++)s=a[i],e.source===s.contentWindow&&(s.removeAttribute(\"style\"),\"height\"===t.message?(1e3<(r=parseInt(t.value,10))?r=1e3:~~r<200&&(r=200),s.height=r):\"link\"===t.message&&(r=new URL(s.getAttribute(\"src\")),n=new URL(t.value),c.test(n.protocol))&&n.host===r.host&&l.activeElement===s&&(d.top.location.href=t.value))}},d.addEventListener(\"message\",d.wp.receiveEmbedMessage,!1),l.addEventListener(\"DOMContentLoaded\",function(){for(var e,t,s=l.querySelectorAll(\"iframe.wp-embedded-content\"),r=0;r<s.length;r++)(t=(e=s[r]).getAttribute(\"data-secret\"))||(t=Math.random().toString(36).substring(2,12),e.src+=\"#?secret=\"+t,e.setAttribute(\"data-secret\",t)),e.contentWindow.postMessage({message:\"ready\",secret:t},\"*\")},!1)))}(window,document);\n\/\/# sourceURL=https:\/\/denizcankizil.tr\/wp-includes\/js\/wp-embed.min.js\n<\/script>","description":"Marmara Belediyeler Birli\u011fi\u2019nin d\u00fczenledi\u011fi ve yerel y\u00f6netimlerin \u00f6rnek projelerinin \u00f6d\u00fcllendirildi\u011fi Alt\u0131n Kar\u0131nca \u00d6d\u00fclleri Yar\u0131\u015fmas\u0131\u2019nda Y\u0131ld\u0131r\u0131m Belediyesi\u2019nin 2 projesi \u00f6d\u00fcle lay\u0131k g\u00f6r\u00fcld\u00fc.BURSA (\u0130GFA) &#8211;\u00a0Bu y\u0131l 10 farkl\u0131 kategoride 310 projenin ba\u015fvurusuyla ger\u00e7ekle\u015ftirilen Alt\u0131n Kar\u0131nca \u00d6d\u00fclleri, s\u00fcrd\u00fcr\u00fclebilir, dayan\u0131kl\u0131 ve kapsay\u0131c\u0131 kentle\u015fme pratiklerini te\u015fvik eden projeleri \u00f6d\u00fcllendirdi. Bursa Y\u0131ld\u0131r\u0131m Belediyesi\u2019nin \u2018Sosyal \u0130novasyon ve Giri\u015fimcilik Merkezi\u2019 Yerel Kalk\u0131nma Kategorisi\u2019nde, \u2018\u00c7evre M\u00fcfetti\u015fleri Projesi\u2019 ise Y\u00f6neti\u015fim ve Kat\u0131l\u0131mc\u0131l\u0131k Kategorisi\u2019nde \u00f6d\u00fcl ald\u0131. Ger\u00e7ekle\u015ftirdikleri i\u015flerin takdir edilmesinin kendileri i\u00e7in \u00f6nemli bir motivasyon kayna\u011f\u0131 oldu\u011funu belirten Belediye Ba\u015fkan\u0131 Oktay Y\u0131lmaz, Marmara Belediyeler Birli\u011fi\u2019ne ve se\u00e7ici kurul \u00fcyelerine te\u015fekk\u00fcr etti. Ayr\u0131ca projede eme\u011fi ge\u00e7en t\u00fcm ekip arkada\u015flar\u0131n\u0131n \u00f6zverili \u00e7al\u0131\u015fmalar\u0131n\u0131n bu ba\u015far\u0131da \u00f6nemli bir pay\u0131 oldu\u011funu vurgulad\u0131. YILDIRIM\u2019IN GER\u00c7EK SAH\u0130B\u0130 \u00c7OCUKLAR Y\u0131ld\u0131r\u0131m Belediyesi, do\u011fay\u0131 korumak ve \u00e7evre konusunda fark\u0131ndal\u0131k olu\u015fturmak i\u00e7in hayata ge\u00e7irdi\u011fi Y\u0131ld\u0131r\u0131m \u00c7evre M\u00fcfetti\u015fleri Projesi kapsam\u0131nda verilen \u00e7evre ve at\u0131k y\u00f6netimi e\u011fitiminin ard\u0131ndan 50 g\u00f6n\u00fcll\u00fc \u00e7ocu\u011fu \u00e7evre m\u00fcfetti\u015fi olarak tan\u0131mland\u0131. Gerekli k\u0131yafet ve ekipman\u0131n yan\u0131 s\u0131ra tablet de verilen minik \u00e7evre m\u00fcfetti\u015fleri, etraflar\u0131nda g\u00f6rd\u00fckleri olumsuzluklar\u0131 ve \u00e7evre \u00f6nerilerini bu tablette bulunan uygulama \u00fczerinden belediyeye iletiyorlar. Y\u0131ld\u0131r\u0131m \u00c7evre M\u00fcfetti\u015fleri Projesi ile\u00a0\u00e7evresinde geli\u015fen olaylara duyarl\u0131 ve bilin\u00e7li yakla\u015fan gelece\u011fin y\u00f6neticisi \u00e7ocuklara, bug\u00fcnden; \u00e7evreyi koruma ve geli\u015ftirmeye y\u00f6nelik sorumluluk y\u00fckleyerek onlar\u0131n \u00e7\u00f6z\u00fcme kat\u0131l\u0131mlar\u0131n\u0131 sa\u011flad\u0131klar\u0131n\u0131 ifade eden Ba\u015fkan Oktay Y\u0131lmaz, \u201cBu do\u011frultuda kurdu\u011fumuz &hellip;"}