{"version":"1.0","provider_name":"Av. Deniz Can K\u0131z\u0131l","provider_url":"https:\/\/denizcankizil.tr\/de","author_name":"admin","author_url":"https:\/\/denizcankizil.tr\/de\/author\/admin\/","title":"Yapay Resifler \u0130skenderun K\u00f6rfezini canland\u0131rd\u0131\u2026","type":"rich","width":600,"height":338,"html":"<blockquote class=\"wp-embedded-content\" data-secret=\"bHEcpDoYEG\"><a href=\"https:\/\/denizcankizil.tr\/de\/haberler\/gundem\/yapay-resifler-iskenderun-korfezini-canlandirdi\/\">Yapay Resifler \u0130skenderun K\u00f6rfezini canland\u0131rd\u0131\u2026<\/a><\/blockquote><iframe sandbox=\"allow-scripts\" security=\"restricted\" src=\"https:\/\/denizcankizil.tr\/de\/haberler\/gundem\/yapay-resifler-iskenderun-korfezini-canlandirdi\/embed\/#?secret=bHEcpDoYEG\" width=\"600\" height=\"338\" title=\"&#8222;Yapay Resifler \u0130skenderun K\u00f6rfezini canland\u0131rd\u0131\u2026&#8220; &#8211; Av. Deniz Can K\u0131z\u0131l\" data-secret=\"bHEcpDoYEG\" frameborder=\"0\" marginwidth=\"0\" marginheight=\"0\" scrolling=\"no\" class=\"wp-embedded-content\"><\/iframe><script>\n\/*! This file is auto-generated *\/\n!function(d,l){\"use strict\";l.querySelector&&d.addEventListener&&\"undefined\"!=typeof URL&&(d.wp=d.wp||{},d.wp.receiveEmbedMessage||(d.wp.receiveEmbedMessage=function(e){var t=e.data;if((t||t.secret||t.message||t.value)&&!\/[^a-zA-Z0-9]\/.test(t.secret)){for(var s,r,n,a=l.querySelectorAll('iframe[data-secret=\"'+t.secret+'\"]'),o=l.querySelectorAll('blockquote[data-secret=\"'+t.secret+'\"]'),c=new RegExp(\"^https?:$\",\"i\"),i=0;i<o.length;i++)o[i].style.display=\"none\";for(i=0;i<a.length;i++)s=a[i],e.source===s.contentWindow&&(s.removeAttribute(\"style\"),\"height\"===t.message?(1e3<(r=parseInt(t.value,10))?r=1e3:~~r<200&&(r=200),s.height=r):\"link\"===t.message&&(r=new URL(s.getAttribute(\"src\")),n=new URL(t.value),c.test(n.protocol))&&n.host===r.host&&l.activeElement===s&&(d.top.location.href=t.value))}},d.addEventListener(\"message\",d.wp.receiveEmbedMessage,!1),l.addEventListener(\"DOMContentLoaded\",function(){for(var e,t,s=l.querySelectorAll(\"iframe.wp-embedded-content\"),r=0;r<s.length;r++)(t=(e=s[r]).getAttribute(\"data-secret\"))||(t=Math.random().toString(36).substring(2,12),e.src+=\"#?secret=\"+t,e.setAttribute(\"data-secret\",t)),e.contentWindow.postMessage({message:\"ready\",secret:t},\"*\")},!1)))}(window,document);\n\/\/# sourceURL=https:\/\/denizcankizil.tr\/wp-includes\/js\/wp-embed.min.js\n<\/script>","description":"T\u00fcrkiye&#8217;de ilk, Avrupa\u2019da ise ikinci kez uygulanan bu proje kapsam\u0131nda \u0130skenderun K\u00f6rfezi\u2019nde \u00e7e\u015fitli noktalarda denize b\u0131rak\u0131lan \u201cresif toplar\u0131\u201d zaman i\u00e7inde bir\u00e7ok deniz canl\u0131s\u0131na yuva oldu. Daha \u00f6nce \u00e7\u00f6l g\u00f6r\u00fcn\u00fcm\u00fcnde ve canl\u0131 ya\u015fam\u0131n\u0131n yok denecek kadar az oldu\u011fu b\u00f6lgede, \u015fimdi biyo\u00e7e\u015fitlilik b\u00fcy\u00fck oranda art\u0131\u015f g\u00f6sterdi\u011fi g\u00f6zlendi. &#8220;Biyo\u00e7e\u015fitlilik G\u00f6zle G\u00f6r\u00fcl\u00fcr \u015eekilde Artt\u0131&#8221; 16 Kas\u0131m 2022\u2019de \u0130skenderun K\u00f6rfezi\u2019ne yerle\u015ftirilen \u201cB\u00fcy\u00fck \u0130skender Biyoaktif Yapay Resif Projesi\u201d, b\u00f6lgede deniz ya\u015fam\u0131n\u0131 \u00f6nemli \u00f6l\u00e7\u00fcde canland\u0131rd\u0131\u011f\u0131n\u0131 ifade eden Projenin y\u00fcr\u00fct\u00fcc\u00fcs\u00fc \u0130skenderun Teknik \u00dcniversitesi\u2019nden Prof. Dr. Cemal Turan, resiflerin \u00e7evresinde yap\u0131lan g\u00f6zlemler sonucunda \u00e7ok say\u0131da t\u00fcr\u00fcn bu yap\u0131larda bar\u0131nd\u0131\u011f\u0131n\u0131 payla\u015ft\u0131. Prof. Dr. Turan, b\u00f6lgedeki deniz canl\u0131lar\u0131n\u0131n art\u0131\u015f\u0131yla birlikte ka\u00e7ak ve a\u015f\u0131r\u0131 avc\u0131l\u0131\u011f\u0131n da artt\u0131\u011f\u0131na dikkat \u00e7ekti. &#8220;Orfozlar Yok Oldu, Z\u0131pk\u0131nc\u0131lar ve Yasak Avc\u0131l\u0131k Artt\u0131&#8221; B\u00f6lgede faaliyet g\u00f6steren bir dal\u0131\u015f kul\u00fcb\u00fc sahibi Altan Uzar ile yap\u0131lan g\u00f6r\u00fc\u015fmelerde, resiflerde eskiden s\u0131kl\u0131kla g\u00f6r\u00fclen orfoz t\u00fcrlerinin art\u0131k g\u00f6zlemlenmedi\u011fi, bunun da s\u0131kla\u015fan z\u0131pk\u0131nla avc\u0131l\u0131k ve yasak sepet avlar\u0131yla ili\u015fkilendirildi\u011fi ifade edildi. G\u00f6r\u00fcnt\u00fclerle de belgelenen bu yasa d\u0131\u015f\u0131 av faaliyetlerinin, projenin uzun vadeli ba\u015far\u0131s\u0131n\u0131 tehdit etti\u011fi vurguland\u0131. \u201cResif B\u00f6lgeleri Resmi Olarak Koruma Alt\u0131na Al\u0131nmal\u0131\u201d Prof. Dr. Turan, bu resiflerin korunmas\u0131n\u0131n, sadece belli gruplar\u0131n de\u011fil t\u00fcm k\u00f6rfezin faydalanabilece\u011fi s\u00fcrd\u00fcr\u00fclebilir bir ekosistem i\u00e7in \u015fart oldu\u011funu belirterek \u201cZaten biz resifleri att\u0131ktan sonra bir\u00e7ok kurum bizi arayarak bu konuda &hellip;"}