{"version":"1.0","provider_name":"Av. Deniz Can K\u0131z\u0131l","provider_url":"https:\/\/denizcankizil.tr\/de","author_name":"admin","author_url":"https:\/\/denizcankizil.tr\/de\/author\/admin\/","title":"Yabani sak\u0131z a\u011fa\u00e7lar\u0131 Ankara f\u0131st\u0131\u011f\u0131 olacak!","type":"rich","width":600,"height":338,"html":"<blockquote class=\"wp-embedded-content\" data-secret=\"GuBCOERs6S\"><a href=\"https:\/\/denizcankizil.tr\/de\/haberler\/gundem\/yabani-sakiz-agaclari-ankara-fistigi-olacak\/\">Yabani sak\u0131z a\u011fa\u00e7lar\u0131 Ankara f\u0131st\u0131\u011f\u0131 olacak!<\/a><\/blockquote><iframe sandbox=\"allow-scripts\" security=\"restricted\" src=\"https:\/\/denizcankizil.tr\/de\/haberler\/gundem\/yabani-sakiz-agaclari-ankara-fistigi-olacak\/embed\/#?secret=GuBCOERs6S\" width=\"600\" height=\"338\" title=\"&#8222;Yabani sak\u0131z a\u011fa\u00e7lar\u0131 Ankara f\u0131st\u0131\u011f\u0131 olacak!&#8220; &#8211; Av. Deniz Can K\u0131z\u0131l\" data-secret=\"GuBCOERs6S\" frameborder=\"0\" marginwidth=\"0\" marginheight=\"0\" scrolling=\"no\" class=\"wp-embedded-content\"><\/iframe><script>\n\/*! This file is auto-generated *\/\n!function(d,l){\"use strict\";l.querySelector&&d.addEventListener&&\"undefined\"!=typeof URL&&(d.wp=d.wp||{},d.wp.receiveEmbedMessage||(d.wp.receiveEmbedMessage=function(e){var t=e.data;if((t||t.secret||t.message||t.value)&&!\/[^a-zA-Z0-9]\/.test(t.secret)){for(var s,r,n,a=l.querySelectorAll('iframe[data-secret=\"'+t.secret+'\"]'),o=l.querySelectorAll('blockquote[data-secret=\"'+t.secret+'\"]'),c=new RegExp(\"^https?:$\",\"i\"),i=0;i<o.length;i++)o[i].style.display=\"none\";for(i=0;i<a.length;i++)s=a[i],e.source===s.contentWindow&&(s.removeAttribute(\"style\"),\"height\"===t.message?(1e3<(r=parseInt(t.value,10))?r=1e3:~~r<200&&(r=200),s.height=r):\"link\"===t.message&&(r=new URL(s.getAttribute(\"src\")),n=new URL(t.value),c.test(n.protocol))&&n.host===r.host&&l.activeElement===s&&(d.top.location.href=t.value))}},d.addEventListener(\"message\",d.wp.receiveEmbedMessage,!1),l.addEventListener(\"DOMContentLoaded\",function(){for(var e,t,s=l.querySelectorAll(\"iframe.wp-embedded-content\"),r=0;r<s.length;r++)(t=(e=s[r]).getAttribute(\"data-secret\"))||(t=Math.random().toString(36).substring(2,12),e.src+=\"#?secret=\"+t,e.setAttribute(\"data-secret\",t)),e.contentWindow.postMessage({message:\"ready\",secret:t},\"*\")},!1)))}(window,document);\n\/\/# sourceURL=https:\/\/denizcankizil.tr\/wp-includes\/js\/wp-embed.min.js\n<\/script>","description":"Ankara B\u00fcy\u00fck\u015fehir Belediyesi, yabani sak\u0131z a\u011fa\u00e7lar\u0131n\u0131n antep f\u0131st\u0131\u011f\u0131na d\u00f6n\u00fc\u015f\u00fcm\u00fc i\u00e7in harekete ge\u00e7ti.ANKARA (\u0130GFA) &#8211; Ankara B\u00fcy\u00fck\u015fehir Belediyesi, Ba\u015fkentli \u00fcreticileri \u00fcretime te\u015fvik edecek projeleri hayata ge\u00e7irmeye devam ediyor. K\u0131rsal Hizmetler Daire Ba\u015fkanl\u0131\u011f\u0131 yabani sak\u0131z a\u011fa\u00e7lar\u0131n\u0131n antep f\u0131st\u0131\u011f\u0131na d\u00f6n\u00fc\u015ft\u00fcr\u00fclmesi amac\u0131yla yeni bir proje ba\u015flatt\u0131. Ankaral\u0131 \u00fcreticiye yeni bir kazan\u00e7 kap\u0131s\u0131 olacak proje kapsam\u0131nda; Beypazar\u0131 ve G\u00fcd\u00fcl il\u00e7elerindeki \u00e7ift\u00e7ilere y\u00f6nelik \u00f6n bilgilendirme toplant\u0131s\u0131 ve a\u011fa\u00e7lar\u0131n nas\u0131l budan\u0131p a\u015f\u0131lanaca\u011f\u0131na dair uygulamal\u0131 e\u011fitimler verildi. B\u00fcy\u00fck\u015fehir Belediyesi&#8217;nin proje finansman\u0131 oldu\u011fu projede; a\u015f\u0131lama, budama ve bak\u0131ma y\u00f6nelik teorik ve uygulamal\u0131 e\u011fitimler il\u00e7e belediyeleri taraf\u0131ndan veriliyor. G\u00fcd\u00fcl\u2019de ger\u00e7ekle\u015ftirilen e\u011fitime kat\u0131lan Belediye Ba\u015fkan\u0131 Mehmet Do\u011fanay, \u201cB\u00f6lgemizdeki f\u0131st\u0131k \u00fcreticisini desteklemek ve f\u0131st\u0131k \u00fcretimini art\u0131rmak i\u00e7in Ankara B\u00fcy\u00fck\u015fehir Belediyesi ile birlikte projeye ba\u015flad\u0131k. Yakla\u015f\u0131k 1000 f\u0131st\u0131k a\u011fac\u0131n\u0131n budalama i\u015flemlerine ba\u015flayaca\u011f\u0131z. Hava \u015fartlar\u0131na g\u00f6re de haziran ya da temmuz gibi a\u015f\u0131lamalar\u0131n\u0131 yapaca\u011f\u0131z. Amac\u0131m\u0131z; atalar\u0131m\u0131zdan emanet kalan f\u0131st\u0131k a\u011fa\u00e7lar\u0131na sahip \u00e7\u0131kmak sak\u0131z a\u011fa\u00e7lar\u0131m\u0131z\u0131 da f\u0131st\u0131k a\u015f\u0131s\u0131yla katma de\u011feri y\u00fcksek \u00fcr\u00fcne d\u00f6n\u00fc\u015ft\u00fcrmek\u201d dedi. \u00dcretim, \u00dcretim, \u00dcretim&#8230; \u2618\ufe0fK\u0131rsal Hizmetler Daire Ba\u015fkanl\u0131\u011f\u0131 ekiplerimiz, yerli \u00fcreticilerimize yeni destek projeleri i\u00e7in harekete ge\u00e7ti.\u27a1\ufe0f Beypazar\u0131 ve G\u00fcd\u00fcl il\u00e7elerindeki \u00e7ift\u00e7ilerimize \u00f6nce bilgilendirme toplant\u0131s\u0131 d\u00fczenledik, ard\u0131ndan a\u011fa\u00e7lar\u0131n nas\u0131l budan\u0131p\u2026 pic.twitter.com\/uKimkIdXhc\u2014 Ankara B\u00fcy\u00fck\u015fehir (@ankarabbld) March 24, 2025 \u200bAnkara B\u00fcy\u00fck\u015fehir Belediyesi, yabani sak\u0131z a\u011fa\u00e7lar\u0131n\u0131n antep f\u0131st\u0131\u011f\u0131na d\u00f6n\u00fc\u015f\u00fcm\u00fc i\u00e7in harekete ge\u00e7ti.ANKARA (\u0130GFA) &#8211; Ankara &hellip;"}